{"id":2088,"date":"2023-08-13T17:53:00","date_gmt":"2023-08-13T15:53:00","guid":{"rendered":"https:\/\/osapam.fr\/?page_id=2088"},"modified":"2025-09-30T15:58:04","modified_gmt":"2025-09-30T13:58:04","slug":"associations-participantes-forum-2024","status":"publish","type":"page","link":"https:\/\/osapam.fr\/pt\/associations-participantes-forum-2024\/","title":{"rendered":"Pr\u00e9sentation des Associations participantes au Forum 2025"},"content":{"rendered":"\n<h1 class=\"wp-block-heading has-text-align-center has-luminous-vivid-orange-color has-text-color has-x-large-font-size\"><strong> Pr\u00e9sentation et contact des Associations<\/strong><\/h1>\n\n\n\n<h2 class=\"wp-block-heading has-text-align-center has-luminous-vivid-orange-color has-text-color has-x-large-font-size\"><strong> Forum 2025<\/strong><\/h2>\n\n\n\n<p><\/p>\n\n\n\n<div style=\"height:15px\" aria-hidden=\"true\" class=\"wp-block-spacer\"><\/div>\n\n\n\n<div class=\"wp-block-columns alignwide is-layout-flex wp-container-core-columns-is-layout-1 wp-block-columns-is-layout-flex\">\n<div class=\"wp-block-column is-layout-flow wp-block-column-is-layout-flow\"><\/div>\n\n\n\n<div class=\"wp-block-column is-layout-flow wp-block-column-is-layout-flow\"><\/div>\n<\/div>\n\n\n\n<div class=\"wp-block-columns alignwide is-layout-flex wp-container-core-columns-is-layout-2 wp-block-columns-is-layout-flex\">\n<div class=\"wp-block-column is-layout-flow wp-block-column-is-layout-flow\">\n<div class=\"wp-block-media-text alignwide is-stacked-on-mobile\" style=\"grid-template-columns:45% auto\"><figure class=\"wp-block-media-text__media\"><img fetchpriority=\"high\" decoding=\"async\" width=\"834\" height=\"826\" src=\"https:\/\/osapam.fr\/wp-content\/uploads\/2024\/09\/sans-logo.jpg\" alt=\"\" class=\"wp-image-4635 size-full\" srcset=\"https:\/\/osapam.fr\/wp-content\/uploads\/2024\/09\/sans-logo.jpg 834w, https:\/\/osapam.fr\/wp-content\/uploads\/2024\/09\/sans-logo-300x297.jpg 300w, https:\/\/osapam.fr\/wp-content\/uploads\/2024\/09\/sans-logo-150x150.jpg 150w, https:\/\/osapam.fr\/wp-content\/uploads\/2024\/09\/sans-logo-768x761.jpg 768w\" sizes=\"(max-width: 834px) 100vw, 834px\" \/><\/figure><div class=\"wp-block-media-text__content\">\n<p class=\"has-medium-font-size\"><strong>2 MCS <\/strong><\/p>\n\n\n\n<p class=\"has-text-align-left\">association proposant des cours de country et de yoga, ainsi que des animations en lien avec ces activit\u00e9s (salon, rencontres, etc.)<\/p>\n\n\n\n<p class=\"has-text-align-left\">contact: accueil <\/p>\n\n\n\n<p class=\"has-text-align-left\">0610439930<\/p>\n\n\n\n<p>courriel: 2mcs79370@gmail.com<\/p>\n\n\n\n<p>site: <\/p>\n\n\n\n<p>facebook : <\/p>\n<\/div><\/div>\n\n\n\n<div class=\"wp-block-media-text alignwide is-stacked-on-mobile\" style=\"grid-template-columns:45% auto\"><figure class=\"wp-block-media-text__media\"><img decoding=\"async\" width=\"834\" height=\"826\" src=\"https:\/\/osapam.fr\/wp-content\/uploads\/2025\/09\/logo-ADMR.jpg\" alt=\"\" class=\"wp-image-4972 size-full\" srcset=\"https:\/\/osapam.fr\/wp-content\/uploads\/2025\/09\/logo-ADMR.jpg 834w, https:\/\/osapam.fr\/wp-content\/uploads\/2025\/09\/logo-ADMR-300x297.jpg 300w, https:\/\/osapam.fr\/wp-content\/uploads\/2025\/09\/logo-ADMR-150x150.jpg 150w, https:\/\/osapam.fr\/wp-content\/uploads\/2025\/09\/logo-ADMR-768x761.jpg 768w\" sizes=\"(max-width: 834px) 100vw, 834px\" \/><\/figure><div class=\"wp-block-media-text__content\">\n<p class=\"has-medium-font-size\"><strong>ADMR Celles-Melle<\/strong><\/p>\n\n\n\n<p class=\"has-medium-font-size\"><strong> <\/strong><\/p>\n\n\n\n<p class=\"has-text-align-left\">association d&#8217;aide au maintien \u00e0 domicile pour tous et pour toute la vie.<\/p>\n\n\n\n<p class=\"has-text-align-left\">contact: accueil <\/p>\n\n\n\n<p class=\"has-text-align-left\">0549350600<\/p>\n\n\n\n<p>courriel: admr.cellesmelle@fede79.admr.org<\/p>\n\n\n\n<p>site: <\/p>\n\n\n\n<p>facebook: <a href=\"https:\/\/www.facebook.com\/search\/top?q=admr%20des%20deux-s%C3%A8vres\" target=\"_blank\" rel=\"noopener\" title=\"\">https:\/\/www.facebook.com\/search\/top?q=admr%20des%20deux-s%C3%A8vres<\/a><\/p>\n<\/div><\/div>\n\n\n\n<div class=\"wp-block-media-text is-stacked-on-mobile is-vertically-aligned-center\" style=\"grid-template-columns:45% auto\"><figure class=\"wp-block-media-text__media\"><img decoding=\"async\" width=\"834\" height=\"826\" src=\"https:\/\/osapam.fr\/wp-content\/uploads\/2022\/08\/sans-logo.jpg\" alt=\"\" class=\"wp-image-2388 size-full\" srcset=\"https:\/\/osapam.fr\/wp-content\/uploads\/2022\/08\/sans-logo.jpg 834w, https:\/\/osapam.fr\/wp-content\/uploads\/2022\/08\/sans-logo-300x297.jpg 300w, https:\/\/osapam.fr\/wp-content\/uploads\/2022\/08\/sans-logo-150x150.jpg 150w, https:\/\/osapam.fr\/wp-content\/uploads\/2022\/08\/sans-logo-768x761.jpg 768w\" sizes=\"(max-width: 834px) 100vw, 834px\" \/><\/figure><div class=\"wp-block-media-text__content\">\n<p class=\"has-medium-font-size\"><strong>A\u00efkido Club Mellois<\/strong><\/p>\n\n\n\n<p>association sportive proposant des cours d&#8217;A\u00efkido \u00e0 parti de 14 ans<\/p>\n\n\n\n<p>contact: accueil<\/p>\n\n\n\n<p>0628720382<\/p>\n\n\n\n<p><\/p>\n\n\n\n<p>courriel: aikidomellois@outlook.com<\/p>\n\n\n\n<p>site: <\/p>\n\n\n\n<p>facebook : <a href=\"https:\/\/fr-fr.facebook.com\/aikidoclubmellois\/\" target=\"_blank\" rel=\"noreferrer noopener\">https:\/\/fr-fr.facebook.com\/aikidoclubmellois\/<\/a><\/p>\n<\/div><\/div>\n<\/div>\n\n\n\n<div class=\"wp-block-column is-layout-flow wp-block-column-is-layout-flow\"><\/div>\n<\/div>\n\n\n\n<div class=\"wp-block-columns alignwide is-layout-flex wp-container-core-columns-is-layout-3 wp-block-columns-is-layout-flex\">\n<div class=\"wp-block-column is-layout-flow wp-block-column-is-layout-flow\">\n<div class=\"wp-block-media-text alignwide is-stacked-on-mobile\" style=\"grid-template-columns:45% auto\"><figure class=\"wp-block-media-text__media\"><img loading=\"lazy\" decoding=\"async\" width=\"834\" height=\"826\" src=\"https:\/\/osapam.fr\/wp-content\/uploads\/2024\/09\/amicale-sapeurs-pompiers-melle.jpg\" alt=\"\" class=\"wp-image-4709 size-full\" srcset=\"https:\/\/osapam.fr\/wp-content\/uploads\/2024\/09\/amicale-sapeurs-pompiers-melle.jpg 834w, https:\/\/osapam.fr\/wp-content\/uploads\/2024\/09\/amicale-sapeurs-pompiers-melle-300x297.jpg 300w, https:\/\/osapam.fr\/wp-content\/uploads\/2024\/09\/amicale-sapeurs-pompiers-melle-150x150.jpg 150w, https:\/\/osapam.fr\/wp-content\/uploads\/2024\/09\/amicale-sapeurs-pompiers-melle-768x761.jpg 768w\" sizes=\"(max-width: 834px) 100vw, 834px\" \/><\/figure><div class=\"wp-block-media-text__content\">\n<p class=\"has-medium-font-size\"><strong>Amicale des<\/strong> <strong>Sapeurs-Pompiers de Melle<\/strong><\/p>\n\n\n\n<p class=\"has-text-align-left\">association de soutien et coh\u00e9sion des pompiers de Melle, secours \u00e0 personnes.<\/p>\n\n\n\n<p>contact: accueil <\/p>\n\n\n\n<p>0549086050<\/p>\n\n\n\n<p>courriel: amicale.spmelle@gmail.com<\/p>\n\n\n\n<p>site: facebook : <a href=\"https:\/\/www.facebook.com\/PompiersMelle\/\" target=\"_blank\" rel=\"noreferrer noopener\">https:\/\/www.facebook.com\/PompiersMelle\/<\/a><\/p>\n<\/div><\/div>\n\n\n\n<div class=\"wp-block-media-text alignwide is-stacked-on-mobile\" style=\"grid-template-columns:45% auto\"><figure class=\"wp-block-media-text__media\"><img loading=\"lazy\" decoding=\"async\" width=\"503\" height=\"503\" src=\"https:\/\/osapam.fr\/wp-content\/uploads\/2024\/09\/amusform.jpg\" alt=\"\" class=\"wp-image-4638 size-full\" srcset=\"https:\/\/osapam.fr\/wp-content\/uploads\/2024\/09\/amusform.jpg 503w, https:\/\/osapam.fr\/wp-content\/uploads\/2024\/09\/amusform-300x300.jpg 300w, https:\/\/osapam.fr\/wp-content\/uploads\/2024\/09\/amusform-150x150.jpg 150w\" sizes=\"(max-width: 503px) 100vw, 503px\" \/><\/figure><div class=\"wp-block-media-text__content\">\n<p class=\"has-medium-font-size\"><strong>Amus&#8217;Form    <\/strong><\/p>\n\n\n\n<p class=\"has-text-align-left\">association proposant des activit\u00e9s de remises en forme (Bodyzen, Pilates, Tonic Fit, Cardiotraining) sur Pouffonds et St Vincent la Ch\u00e2tre<\/p>\n\n\n\n<p class=\"has-text-align-left\">contact: accueil <\/p>\n\n\n\n<p class=\"has-text-align-left\">0618188291<\/p>\n\n\n\n<p>courriel: audreyberland1@gmail.com<\/p>\n\n\n\n<p>site: <\/p>\n\n\n\n<p>facebook : <a href=\"https:\/\/fr-fr.facebook.com\/amusform\/\" target=\"_blank\" rel=\"noreferrer noopener\">https:\/\/fr-fr.facebook.com\/amusform\/<\/a><\/p>\n<\/div><\/div>\n\n\n\n<div class=\"wp-block-media-text alignwide is-stacked-on-mobile\" style=\"grid-template-columns:45% auto\"><figure class=\"wp-block-media-text__media\"><img loading=\"lazy\" decoding=\"async\" width=\"834\" height=\"826\" src=\"https:\/\/osapam.fr\/wp-content\/uploads\/2025\/01\/sans-logo-5.jpg\" alt=\"\" class=\"wp-image-4794 size-full\" srcset=\"https:\/\/osapam.fr\/wp-content\/uploads\/2025\/01\/sans-logo-5.jpg 834w, https:\/\/osapam.fr\/wp-content\/uploads\/2025\/01\/sans-logo-5-300x297.jpg 300w, https:\/\/osapam.fr\/wp-content\/uploads\/2025\/01\/sans-logo-5-150x150.jpg 150w, https:\/\/osapam.fr\/wp-content\/uploads\/2025\/01\/sans-logo-5-768x761.jpg 768w\" sizes=\"(max-width: 834px) 100vw, 834px\" \/><\/figure><div class=\"wp-block-media-text__content\">\n<p class=\"has-medium-font-size\"><strong>Ampere    <\/strong><\/p>\n\n\n\n<p class=\"has-text-align-left\">contact: accueil <\/p>\n\n\n\n<p class=\"has-text-align-left\">0613017206<\/p>\n\n\n\n<p>courriel: <a href=\"mailto:contact@energie-citoyenne-en-mellois.org\">contact@energie-citoyenne-en-mellois.org<\/a><\/p>\n\n\n\n<p>site: <\/p>\n<\/div><\/div>\n\n\n\n<div class=\"wp-block-media-text alignwide is-stacked-on-mobile\" style=\"grid-template-columns:45% auto\"><figure class=\"wp-block-media-text__media\"><img loading=\"lazy\" decoding=\"async\" width=\"834\" height=\"826\" src=\"https:\/\/osapam.fr\/wp-content\/uploads\/2024\/09\/logo-garance.jpg\" alt=\"\" class=\"wp-image-4695 size-full\" srcset=\"https:\/\/osapam.fr\/wp-content\/uploads\/2024\/09\/logo-garance.jpg 834w, https:\/\/osapam.fr\/wp-content\/uploads\/2024\/09\/logo-garance-300x297.jpg 300w, https:\/\/osapam.fr\/wp-content\/uploads\/2024\/09\/logo-garance-150x150.jpg 150w, https:\/\/osapam.fr\/wp-content\/uploads\/2024\/09\/logo-garance-768x761.jpg 768w\" sizes=\"(max-width: 834px) 100vw, 834px\" \/><\/figure><div class=\"wp-block-media-text__content\">\n<p class=\"has-medium-font-size\"><strong>Association Garance<\/strong><\/p>\n\n\n\n<p>association pour le d\u00e9veloppement de arts plastiques et loisirs cr\u00e9atifs par le biais d&#8217;ateliers d&#8217;expressions cr\u00e9atives, de cours de dessin et peinture, pour adultes, adolescents et enfants \u00e0 partir de 8 ans<\/p>\n\n\n\n<p>contact: Mme PORET<\/p>\n\n\n\n<p><\/p>\n\n\n\n<p>courriel: association.garance@hotmail.fr<\/p>\n\n\n\n<p>site: <\/p>\n<\/div><\/div>\n\n\n\n<div class=\"wp-block-media-text alignwide is-stacked-on-mobile\" style=\"grid-template-columns:45% auto\"><figure class=\"wp-block-media-text__media\"><img loading=\"lazy\" decoding=\"async\" width=\"834\" height=\"826\" src=\"https:\/\/osapam.fr\/wp-content\/uploads\/2024\/09\/logo-AIPM-site.jpg\" alt=\"\" class=\"wp-image-4690 size-full\" srcset=\"https:\/\/osapam.fr\/wp-content\/uploads\/2024\/09\/logo-AIPM-site.jpg 834w, https:\/\/osapam.fr\/wp-content\/uploads\/2024\/09\/logo-AIPM-site-300x297.jpg 300w, https:\/\/osapam.fr\/wp-content\/uploads\/2024\/09\/logo-AIPM-site-150x150.jpg 150w, https:\/\/osapam.fr\/wp-content\/uploads\/2024\/09\/logo-AIPM-site-768x761.jpg 768w\" sizes=\"(max-width: 834px) 100vw, 834px\" \/><\/figure><div class=\"wp-block-media-text__content\">\n<p class=\"has-medium-font-size\"><strong>AIPM    <\/strong><\/p>\n\n\n\n<p class=\"has-text-align-left\">association d&#8217;insertion par l&#8217;activit\u00e9 \u00e9conomique: service \u00e0 la personne, chantier d&#8217;insertion, etc.<\/p>\n\n\n\n<p class=\"has-text-align-left\">contact: accueil <\/p>\n\n\n\n<p class=\"has-text-align-left\">0549290372<\/p>\n\n\n\n<p>courriel: contact@aipm.fr<\/p>\n\n\n\n<p>site: <a href=\"https:\/\/association-insertion-sociaux-professionnelle-79.fr\/\" target=\"_blank\" rel=\"noopener\" title=\"\">https:\/\/association-insertion-sociaux-professionnelle-79.fr\/<\/a><\/p>\n\n\n\n<p>facebook : <a href=\"https:\/\/www.facebook.com\/p\/AIPM-100066833769494\/\" target=\"_blank\" rel=\"noopener\" title=\"\">https:\/\/www.facebook.com\/p\/AIPM-100066833769494\/<\/a><\/p>\n\n\n\n<p><\/p>\n\n\n\n<p><\/p>\n<\/div><\/div>\n\n\n\n<div class=\"wp-block-media-text alignwide is-stacked-on-mobile\" style=\"grid-template-columns:45% auto\"><figure class=\"wp-block-media-text__media\"><img loading=\"lazy\" decoding=\"async\" width=\"834\" height=\"826\" src=\"https:\/\/osapam.fr\/wp-content\/uploads\/2025\/09\/Gladiators.jpg\" alt=\"\" class=\"wp-image-4994 size-full\" srcset=\"https:\/\/osapam.fr\/wp-content\/uploads\/2025\/09\/Gladiators.jpg 834w, https:\/\/osapam.fr\/wp-content\/uploads\/2025\/09\/Gladiators-300x297.jpg 300w, https:\/\/osapam.fr\/wp-content\/uploads\/2025\/09\/Gladiators-150x150.jpg 150w, https:\/\/osapam.fr\/wp-content\/uploads\/2025\/09\/Gladiators-768x761.jpg 768w\" sizes=\"(max-width: 834px) 100vw, 834px\" \/><\/figure><div class=\"wp-block-media-text__content\">\n<p class=\"has-medium-font-size\"><strong>Association Football US Niort Gadiators , A.F.U.N.G   <\/strong><\/p>\n\n\n\n<p class=\"has-text-align-left\">Club sportif de football Am\u00e9ricain depuis 2017<\/p>\n\n\n\n<p class=\"has-text-align-left\">contact: accueil <\/p>\n\n\n\n<p class=\"has-text-align-left\">0664558762<\/p>\n\n\n\n<p>courriel: president@gladiators.fr<\/p>\n\n\n\n<p>site: <a href=\"https:\/\/www.gladiators.fr\/\" target=\"_blank\" rel=\"noopener\" title=\"\">https:\/\/www.gladiators.fr\/<\/a><\/p>\n\n\n\n<p>facebook : <a href=\"https:\/\/www.facebook.com\/football.us.niort\/\" target=\"_blank\" rel=\"noopener\" title=\"\">https:\/\/www.facebook.com\/football.us.niort\/<\/a><\/p>\n<\/div><\/div>\n\n\n\n<div class=\"wp-block-media-text alignwide is-stacked-on-mobile\" style=\"grid-template-columns:45% auto\"><figure class=\"wp-block-media-text__media\"><img loading=\"lazy\" decoding=\"async\" width=\"834\" height=\"826\" src=\"https:\/\/osapam.fr\/wp-content\/uploads\/2022\/08\/aspm-1.jpg\" alt=\"\" class=\"wp-image-2332 size-full\" srcset=\"https:\/\/osapam.fr\/wp-content\/uploads\/2022\/08\/aspm-1.jpg 834w, https:\/\/osapam.fr\/wp-content\/uploads\/2022\/08\/aspm-1-300x297.jpg 300w, https:\/\/osapam.fr\/wp-content\/uploads\/2022\/08\/aspm-1-150x150.jpg 150w, https:\/\/osapam.fr\/wp-content\/uploads\/2022\/08\/aspm-1-768x761.jpg 768w\" sizes=\"(max-width: 834px) 100vw, 834px\" \/><\/figure><div class=\"wp-block-media-text__content\">\n<p class=\"has-medium-font-size\"><strong>Association Sportive Pays Mellois (ASPM)<\/strong><\/p>\n\n\n\n<p>association sportive pour le d\u00e9veloppement de la pratique du Football pour les jeunes, seniors et f\u00e9minines.<\/p>\n\n\n\n<p>contact: accueil <\/p>\n\n\n\n<p>courriel:contact.aspm79@gmail.com<\/p>\n\n\n\n<p>site: <\/p>\n\n\n\n<p>facebook : <a href=\"https:\/\/fr-fr.facebook.com\/aspmfoot\/\" target=\"_blank\" rel=\"noreferrer noopener\">https:\/\/fr-fr.facebook.com\/aspmfoot\/<\/a><\/p>\n<\/div><\/div>\n\n\n\n<div class=\"wp-block-media-text alignwide is-stacked-on-mobile\" style=\"grid-template-columns:45% auto\"><figure class=\"wp-block-media-text__media\"><img loading=\"lazy\" decoding=\"async\" width=\"834\" height=\"826\" src=\"https:\/\/osapam.fr\/wp-content\/uploads\/2025\/01\/sans-logo-5.jpg\" alt=\"\" class=\"wp-image-4794 size-full\" srcset=\"https:\/\/osapam.fr\/wp-content\/uploads\/2025\/01\/sans-logo-5.jpg 834w, https:\/\/osapam.fr\/wp-content\/uploads\/2025\/01\/sans-logo-5-300x297.jpg 300w, https:\/\/osapam.fr\/wp-content\/uploads\/2025\/01\/sans-logo-5-150x150.jpg 150w, https:\/\/osapam.fr\/wp-content\/uploads\/2025\/01\/sans-logo-5-768x761.jpg 768w\" sizes=\"(max-width: 834px) 100vw, 834px\" \/><\/figure><div class=\"wp-block-media-text__content\">\n<p class=\"has-medium-font-size\"><strong>Atelier de Reliure d&#8217;Art<\/strong><\/p>\n\n\n\n<p>L&#8217;art de conserver et d&#8217;embellir les livres.<\/p>\n\n\n\n<p>contact: accueil <\/p>\n\n\n\n<p>courriel:<\/p>\n\n\n\n<p>site: <\/p>\n\n\n\n<p>facebook : <\/p>\n<\/div><\/div>\n\n\n\n<div class=\"wp-block-media-text alignwide is-stacked-on-mobile\" style=\"grid-template-columns:45% auto\"><figure class=\"wp-block-media-text__media\"><img fetchpriority=\"high\" decoding=\"async\" width=\"834\" height=\"826\" src=\"https:\/\/osapam.fr\/wp-content\/uploads\/2024\/09\/sans-logo.jpg\" alt=\"\" class=\"wp-image-4635 size-full\" srcset=\"https:\/\/osapam.fr\/wp-content\/uploads\/2024\/09\/sans-logo.jpg 834w, https:\/\/osapam.fr\/wp-content\/uploads\/2024\/09\/sans-logo-300x297.jpg 300w, https:\/\/osapam.fr\/wp-content\/uploads\/2024\/09\/sans-logo-150x150.jpg 150w, https:\/\/osapam.fr\/wp-content\/uploads\/2024\/09\/sans-logo-768x761.jpg 768w\" sizes=\"(max-width: 834px) 100vw, 834px\" \/><\/figure><div class=\"wp-block-media-text__content\">\n<p class=\"has-medium-font-size\"><strong>Aux grands coeurs<\/strong><\/p>\n\n\n\n<p>association d\u00e9di\u00e9e aux aidants et aid\u00e9s atteints de maladies neurod\u00e9g\u00e9n\u00e9ratives<\/p>\n\n\n\n<p>contact: accueil<\/p>\n\n\n\n<p>0647140035<\/p>\n\n\n\n<p>courriel: auxgrandscoeurs@gmail.com <\/p>\n\n\n\n<p>site: <\/p>\n\n\n\n<p>facebook : <\/p>\n<\/div><\/div>\n\n\n\n<div class=\"wp-block-media-text alignwide is-stacked-on-mobile\" style=\"grid-template-columns:45% auto\"><figure class=\"wp-block-media-text__media\"><img loading=\"lazy\" decoding=\"async\" width=\"834\" height=\"826\" src=\"https:\/\/osapam.fr\/wp-content\/uploads\/2024\/09\/Avenir-HBC-Brioux.jpg\" alt=\"\" class=\"wp-image-4689 size-full\" srcset=\"https:\/\/osapam.fr\/wp-content\/uploads\/2024\/09\/Avenir-HBC-Brioux.jpg 834w, https:\/\/osapam.fr\/wp-content\/uploads\/2024\/09\/Avenir-HBC-Brioux-300x297.jpg 300w, https:\/\/osapam.fr\/wp-content\/uploads\/2024\/09\/Avenir-HBC-Brioux-150x150.jpg 150w, https:\/\/osapam.fr\/wp-content\/uploads\/2024\/09\/Avenir-HBC-Brioux-768x761.jpg 768w\" sizes=\"(max-width: 834px) 100vw, 834px\" \/><\/figure><div class=\"wp-block-media-text__content\">\n<p class=\"has-medium-font-size\"><strong>Avenir HBC Brioux<\/strong><\/p>\n\n\n\n<p>Club de Handball avec ambiance familiale et dynamique avec pour objectifs d&#8217;apprendre et de prendre du plaisir en jouant ensemble <\/p>\n\n\n\n<p>contact: accueil<\/p>\n\n\n\n<p>0683541300<\/p>\n\n\n\n<p>courriel: avenir.hbcbrioux@gmail.com<\/p>\n\n\n\n<p>site: <a href=\"https:\/\/avenir-handball-club-de-brioux.clubeo.com\/\" target=\"_blank\" rel=\"noreferrer noopener\">https:\/\/avenir-handball-club-de-brioux.clubeo.com\/<\/a><\/p>\n\n\n\n<p>facebook : <a href=\"https:\/\/www.facebook.com\/AvenirBRIOUX\" target=\"_blank\" rel=\"noopener\" title=\"\">https:\/\/www.facebook.com\/AvenirBRIOUX<\/a><\/p>\n<\/div><\/div>\n\n\n\n<div class=\"wp-block-media-text alignwide is-stacked-on-mobile\" style=\"grid-template-columns:45% auto\"><figure class=\"wp-block-media-text__media\"><img loading=\"lazy\" decoding=\"async\" width=\"834\" height=\"826\" src=\"https:\/\/osapam.fr\/wp-content\/uploads\/2023\/08\/basket-ball-mellois-v1.jpg\" alt=\"\" class=\"wp-image-2880 size-full\" srcset=\"https:\/\/osapam.fr\/wp-content\/uploads\/2023\/08\/basket-ball-mellois-v1.jpg 834w, https:\/\/osapam.fr\/wp-content\/uploads\/2023\/08\/basket-ball-mellois-v1-300x297.jpg 300w, https:\/\/osapam.fr\/wp-content\/uploads\/2023\/08\/basket-ball-mellois-v1-150x150.jpg 150w, https:\/\/osapam.fr\/wp-content\/uploads\/2023\/08\/basket-ball-mellois-v1-768x761.jpg 768w\" sizes=\"(max-width: 834px) 100vw, 834px\" \/><\/figure><div class=\"wp-block-media-text__content\">\n<p class=\"has-medium-font-size\"><strong>Basket-Ball Mellois<\/strong><\/p>\n\n\n\n<p>association visant \u00e0 promouvoir et d\u00e9velopper la pratique du basket<\/p>\n\n\n\n<p>contact: accueil<\/p>\n\n\n\n<p><\/p>\n\n\n\n<p>courriel:naq0079026@ffbb365.com<\/p>\n\n\n\n<p>site: <\/p>\n\n\n\n<p>facebook : <a href=\"https:\/\/www.facebook.com\/BasketballMellois\/\" target=\"_blank\" rel=\"noreferrer noopener\">https:\/\/facebook.com\/BasketballMellois\/<\/a><\/p>\n<\/div><\/div>\n\n\n\n<div class=\"wp-block-media-text alignwide is-stacked-on-mobile\" style=\"grid-template-columns:45% auto\"><figure class=\"wp-block-media-text__media\"><img loading=\"lazy\" decoding=\"async\" width=\"834\" height=\"826\" src=\"https:\/\/osapam.fr\/wp-content\/uploads\/2023\/08\/BADAFOU.jpg\" alt=\"\" class=\"wp-image-2881 size-full\" srcset=\"https:\/\/osapam.fr\/wp-content\/uploads\/2023\/08\/BADAFOU.jpg 834w, https:\/\/osapam.fr\/wp-content\/uploads\/2023\/08\/BADAFOU-300x297.jpg 300w, https:\/\/osapam.fr\/wp-content\/uploads\/2023\/08\/BADAFOU-150x150.jpg 150w, https:\/\/osapam.fr\/wp-content\/uploads\/2023\/08\/BADAFOU-768x761.jpg 768w\" sizes=\"(max-width: 834px) 100vw, 834px\" \/><\/figure><div class=\"wp-block-media-text__content\">\n<p class=\"has-medium-font-size\"><strong>Badafou<\/strong><\/p>\n\n\n\n<p>association visant \u00e0 promouvoir et d\u00e9velopper la pratique du badminton, des jeux de volants et de raquettes. Badminton Loisirs \u00e0 Melle<\/p>\n\n\n\n<p>contact: accueil<\/p>\n\n\n\n<p>courriel: badafou79500@gmail.com<\/p>\n\n\n\n<p>site: <\/p>\n\n\n\n<p>facebook : <a href=\"https:\/\/www.facebook.com\/profile.php?id=100014179513756\" target=\"_blank\" rel=\"noopener\" title=\"\">https:\/\/www.facebook.com\/profile.php?id=100014179513756<\/a><\/p>\n<\/div><\/div>\n\n\n\n<div class=\"wp-block-media-text alignwide is-stacked-on-mobile\" style=\"grid-template-columns:45% auto\"><figure class=\"wp-block-media-text__media\"><img loading=\"lazy\" decoding=\"async\" width=\"834\" height=\"826\" src=\"https:\/\/osapam.fr\/wp-content\/uploads\/2025\/09\/bidouille-et-informatique2024.jpg\" alt=\"\" class=\"wp-image-5002 size-full\" srcset=\"https:\/\/osapam.fr\/wp-content\/uploads\/2025\/09\/bidouille-et-informatique2024.jpg 834w, https:\/\/osapam.fr\/wp-content\/uploads\/2025\/09\/bidouille-et-informatique2024-300x297.jpg 300w, https:\/\/osapam.fr\/wp-content\/uploads\/2025\/09\/bidouille-et-informatique2024-150x150.jpg 150w, https:\/\/osapam.fr\/wp-content\/uploads\/2025\/09\/bidouille-et-informatique2024-768x761.jpg 768w\" sizes=\"(max-width: 834px) 100vw, 834px\" \/><\/figure><div class=\"wp-block-media-text__content\">\n<p class=\"has-medium-font-size\"><strong>B<\/strong>idouilles et informatique<\/p>\n\n\n\n<p>D\u00e9pannage et r\u00e9paration informatique et t\u00e9l\u00e9phonie- Recyclerie \u00e9lectronique.<\/p>\n\n\n\n<p>contact: accueil<\/p>\n\n\n\n<p>0549291870<\/p>\n\n\n\n<p>courriel: asso@bidouillesetinformatique.fr<\/p>\n\n\n\n<p>site:<a href=\"https:\/\/bidouillesetinformatique.fr\/\" target=\"_blank\" rel=\"noopener\" title=\"\">https:\/\/bidouillesetinformatique.fr\/<\/a><\/p>\n\n\n\n<p>facebook : <a href=\"https:\/\/www.facebook.com\/profile.php?id=100014179513756\" target=\"_blank\" rel=\"noopener\" title=\"\">https:\/\/www.facebook.com\/bidouillesetinformatique\/<\/a><\/p>\n<\/div><\/div>\n\n\n\n<div class=\"wp-block-media-text alignwide is-stacked-on-mobile\" style=\"grid-template-columns:45% auto\"><figure class=\"wp-block-media-text__media\"><img loading=\"lazy\" decoding=\"async\" width=\"834\" height=\"826\" src=\"https:\/\/osapam.fr\/wp-content\/uploads\/2024\/09\/logo-bouillonnantes-site.jpg\" alt=\"\" class=\"wp-image-4691 size-full\" srcset=\"https:\/\/osapam.fr\/wp-content\/uploads\/2024\/09\/logo-bouillonnantes-site.jpg 834w, https:\/\/osapam.fr\/wp-content\/uploads\/2024\/09\/logo-bouillonnantes-site-300x297.jpg 300w, https:\/\/osapam.fr\/wp-content\/uploads\/2024\/09\/logo-bouillonnantes-site-150x150.jpg 150w, https:\/\/osapam.fr\/wp-content\/uploads\/2024\/09\/logo-bouillonnantes-site-768x761.jpg 768w\" sizes=\"(max-width: 834px) 100vw, 834px\" \/><\/figure><div class=\"wp-block-media-text__content\">\n<p class=\"has-medium-font-size\"><strong>Bouillonnant.e.s<\/strong><\/p>\n\n\n\n<p>Association de lutte contre les st\u00e9r\u00e9otypes de genre et toute formes de discrimination.<\/p>\n\n\n\n<p>contact: accueil<\/p>\n\n\n\n<p>0744744418<\/p>\n\n\n\n<p>courriel: bouillonnantes@mailo.com<\/p>\n\n\n\n<p>site:<\/p>\n\n\n\n<p>facebook<a href=\"https:\/\/www.facebook.com\/www.boxedeschamps.fr\" target=\"_blank\" rel=\"noreferrer noopener\"> : <\/a><a href=\"https:\/\/www.facebook.com\/profile.php\/?id=61553971264926\">https:\/\/www.facebook.com\/profile.php\/?id=61553971264926<\/a><\/p>\n<\/div><\/div>\n\n\n\n<div class=\"wp-block-media-text alignwide is-stacked-on-mobile\" style=\"grid-template-columns:45% auto\"><figure class=\"wp-block-media-text__media\"><img loading=\"lazy\" decoding=\"async\" width=\"834\" height=\"826\" src=\"https:\/\/osapam.fr\/wp-content\/uploads\/2022\/08\/Boxe.jpg\" alt=\"\" class=\"wp-image-2315 size-full\" srcset=\"https:\/\/osapam.fr\/wp-content\/uploads\/2022\/08\/Boxe.jpg 834w, https:\/\/osapam.fr\/wp-content\/uploads\/2022\/08\/Boxe-300x297.jpg 300w, https:\/\/osapam.fr\/wp-content\/uploads\/2022\/08\/Boxe-150x150.jpg 150w, https:\/\/osapam.fr\/wp-content\/uploads\/2022\/08\/Boxe-768x761.jpg 768w\" sizes=\"(max-width: 834px) 100vw, 834px\" \/><\/figure><div class=\"wp-block-media-text__content\">\n<p class=\"has-medium-font-size\"><strong>Boxe des champs<\/strong><\/p>\n\n\n\n<p>association ayant pour but de d\u00e9velopper la pratique de la boxe Fran\u00e7aise en milieu rural.<\/p>\n\n\n\n<p>contact: M.DUBOIS <\/p>\n\n\n\n<p>courriel: boxedeschamps@gmail.com<\/p>\n\n\n\n<p>site:<\/p>\n\n\n\n<p>facebook<a href=\"https:\/\/www.facebook.com\/www.boxedeschamps.fr\" target=\"_blank\" rel=\"noreferrer noopener\"> : https:\/\/www.facebook.com\/www.boxedeschamps.fr<\/a><\/p>\n<\/div><\/div>\n\n\n\n<div class=\"wp-block-media-text alignwide is-stacked-on-mobile\" style=\"grid-template-columns:45% auto\"><figure class=\"wp-block-media-text__media\"><img loading=\"lazy\" decoding=\"async\" width=\"834\" height=\"826\" src=\"https:\/\/osapam.fr\/wp-content\/uploads\/2022\/08\/cabri-mellois.jpg\" alt=\"\" class=\"wp-image-2107 size-full\" srcset=\"https:\/\/osapam.fr\/wp-content\/uploads\/2022\/08\/cabri-mellois.jpg 834w, https:\/\/osapam.fr\/wp-content\/uploads\/2022\/08\/cabri-mellois-300x297.jpg 300w, https:\/\/osapam.fr\/wp-content\/uploads\/2022\/08\/cabri-mellois-150x150.jpg 150w, https:\/\/osapam.fr\/wp-content\/uploads\/2022\/08\/cabri-mellois-768x761.jpg 768w\" sizes=\"(max-width: 834px) 100vw, 834px\" \/><\/figure><div class=\"wp-block-media-text__content\">\n<p class=\"has-medium-font-size\"><strong>Cabri Mellois<\/strong><\/p>\n\n\n\n<p>Club de gymnastique pour baby, loisirs, comp\u00e9tition et parkour<\/p>\n\n\n\n<p>contact: accueil<\/p>\n\n\n\n<p>0682940045<\/p>\n\n\n\n<p>courriel: cabrimellois@orange.fr<\/p>\n\n\n\n<p>site: https:\/\/cabrimellois.wixsite.com\/gymnastique79<\/p>\n\n\n\n<p>facebook :<a href=\"https:\/\/www.facebook.com\/Cabrimellois\" target=\"_blank\" rel=\"noopener\" title=\"\"> https:\/\/www.facebook.com\/Cabrimellois<\/a><\/p>\n<\/div><\/div>\n\n\n\n<div class=\"wp-block-media-text alignwide is-stacked-on-mobile\" style=\"grid-template-columns:45% auto\"><figure class=\"wp-block-media-text__media\"><img loading=\"lazy\" decoding=\"async\" width=\"834\" height=\"826\" src=\"https:\/\/osapam.fr\/wp-content\/uploads\/2025\/09\/Ca-pass-par-toi.jpg\" alt=\"\" class=\"wp-image-5016 size-full\" srcset=\"https:\/\/osapam.fr\/wp-content\/uploads\/2025\/09\/Ca-pass-par-toi.jpg 834w, https:\/\/osapam.fr\/wp-content\/uploads\/2025\/09\/Ca-pass-par-toi-300x297.jpg 300w, https:\/\/osapam.fr\/wp-content\/uploads\/2025\/09\/Ca-pass-par-toi-150x150.jpg 150w, https:\/\/osapam.fr\/wp-content\/uploads\/2025\/09\/Ca-pass-par-toi-768x761.jpg 768w\" sizes=\"(max-width: 834px) 100vw, 834px\" \/><\/figure><div class=\"wp-block-media-text__content\">\n<p class=\"has-medium-font-size\"><strong>\u00e7a passe par toi<\/strong><\/p>\n\n\n\n<p>contact: accueil <\/p>\n\n\n\n<p>courriel: capassepartoi@gmail.com<\/p>\n\n\n\n<p>site: <\/p>\n\n\n\n<p>facebook :<a href=\"https:\/\/www.facebook.com\/Cabrimellois\" target=\"_blank\" rel=\"noopener\" title=\"\"> <\/a><\/p>\n<\/div><\/div>\n\n\n\n<div class=\"wp-block-media-text alignwide is-stacked-on-mobile\" style=\"grid-template-columns:45% auto\"><figure class=\"wp-block-media-text__media\"><img loading=\"lazy\" decoding=\"async\" width=\"834\" height=\"826\" src=\"https:\/\/osapam.fr\/wp-content\/uploads\/2022\/08\/CSC-1.jpg\" alt=\"\" class=\"wp-image-2336 size-full\" srcset=\"https:\/\/osapam.fr\/wp-content\/uploads\/2022\/08\/CSC-1.jpg 834w, https:\/\/osapam.fr\/wp-content\/uploads\/2022\/08\/CSC-1-300x297.jpg 300w, https:\/\/osapam.fr\/wp-content\/uploads\/2022\/08\/CSC-1-150x150.jpg 150w, https:\/\/osapam.fr\/wp-content\/uploads\/2022\/08\/CSC-1-768x761.jpg 768w\" sizes=\"(max-width: 834px) 100vw, 834px\" \/><\/figure><div class=\"wp-block-media-text__content\">\n<p class=\"has-medium-font-size\"><strong>Centre Socio-Culturel du mellois<\/strong><\/p>\n\n\n\n<p>association d&#8217;animation globale de proximit\u00e9 \u00e0 vocation familiale et interg\u00e9n\u00e9rationnelle. Lieu de rencontres et \u00e9changes qui favorise la mise en oeuvre d&#8217;initiatives d&#8217;habitants et propose des activit\u00e9s et services \u00e0 finalit\u00e9 sociale, \u00e9ducative, culturelle ou de loisirs. <\/p>\n\n\n\n<p>contact: accueil<\/p>\n\n\n\n<p>0549290405<\/p>\n\n\n\n<p>courriel: contact.melle@csc79.org<\/p>\n\n\n\n<p>site: https:\/\/melle.csc79.org\/<\/p>\n\n\n\n<p>facebook : <a href=\"https:\/\/www.facebook.com\/cscdumellois\" target=\"_blank\" rel=\"noopener\" title=\"\">https:\/\/www.facebook.com\/cscdumellois<\/a><\/p>\n<\/div><\/div>\n\n\n\n<div class=\"wp-block-media-text alignwide is-stacked-on-mobile\"><figure class=\"wp-block-media-text__media\"><img loading=\"lazy\" decoding=\"async\" width=\"834\" height=\"826\" src=\"https:\/\/osapam.fr\/wp-content\/uploads\/2022\/08\/cepy-1.jpg\" alt=\"\" class=\"wp-image-2334 size-full\" srcset=\"https:\/\/osapam.fr\/wp-content\/uploads\/2022\/08\/cepy-1.jpg 834w, https:\/\/osapam.fr\/wp-content\/uploads\/2022\/08\/cepy-1-300x297.jpg 300w, https:\/\/osapam.fr\/wp-content\/uploads\/2022\/08\/cepy-1-150x150.jpg 150w, https:\/\/osapam.fr\/wp-content\/uploads\/2022\/08\/cepy-1-768x761.jpg 768w\" sizes=\"(max-width: 834px) 100vw, 834px\" \/><\/figure><div class=\"wp-block-media-text__content\">\n<p class=\"has-medium-font-size\"><strong>CEPY YOGA<\/strong><\/p>\n\n\n\n<p>association ayant pour but l&#8217;Etude et la pratique du Hatha Yoga <\/p>\n\n\n\n<p>contact: accueil <\/p>\n\n\n\n<p>courriel: cepy.yogamelle@yahoo.com<\/p>\n\n\n\n<p>site:<a href=\"http:\/\/cepy-yoga-melle.mozello.fr\/\" target=\"_blank\" rel=\"noreferrer noopener\">http:\/\/cepy-yoga-melle.mozello.fr\/ <\/a><\/p>\n<\/div><\/div>\n\n\n\n<div class=\"wp-block-media-text alignwide is-stacked-on-mobile\" style=\"grid-template-columns:45% auto\"><figure class=\"wp-block-media-text__media\"><img loading=\"lazy\" decoding=\"async\" width=\"225\" height=\"225\" src=\"https:\/\/osapam.fr\/wp-content\/uploads\/2022\/08\/logo-CIF-SP.png\" alt=\"\" class=\"wp-image-2348 size-full\" srcset=\"https:\/\/osapam.fr\/wp-content\/uploads\/2022\/08\/logo-CIF-SP.png 225w, https:\/\/osapam.fr\/wp-content\/uploads\/2022\/08\/logo-CIF-SP-150x150.png 150w\" sizes=\"(max-width: 225px) 100vw, 225px\" \/><\/figure><div class=\"wp-block-media-text__content\">\n<p class=\"has-medium-font-size\"><strong>CIF-SP , Solidaires entre les \u00e2ges<\/strong><\/p>\n\n\n\n<p>association ayant pour but la lutte contre l&#8217;isolement, le d\u00e9veloppement du lien social interg\u00e9n\u00e9rationnel, par le biais de la mise en place d&#8217;une plateforme de lien social (ex: ateliers collectifs, visites conviviales \u00e0 domicile), de transport solidaire, conseill\u00e8re mobilit\u00e9<\/p>\n\n\n\n<p>contact: accueil<\/p>\n\n\n\n<p>0624406312<\/p>\n\n\n\n<p>courriel: monalisa-79@cif-sp.org<\/p>\n\n\n\n<p>site: <a href=\"https:\/\/cif-sp.org\/\" target=\"_blank\" rel=\"noreferrer noopener\">https:\/\/cif-sp.org\/<\/a><\/p>\n\n\n\n<p>facebook : <a href=\"https:\/\/www.facebook.com\/cifsp\" target=\"_blank\" rel=\"noopener\" title=\"\">https:\/\/www.facebook.com\/cifsp<\/a><\/p>\n<\/div><\/div>\n\n\n\n<div class=\"wp-block-media-text alignwide is-stacked-on-mobile\" style=\"grid-template-columns:45% auto\"><figure class=\"wp-block-media-text__media\"><img loading=\"lazy\" decoding=\"async\" width=\"834\" height=\"826\" src=\"https:\/\/osapam.fr\/wp-content\/uploads\/2022\/05\/club-plongee.jpg\" alt=\"\" class=\"wp-image-1462 size-full\" srcset=\"https:\/\/osapam.fr\/wp-content\/uploads\/2022\/05\/club-plongee.jpg 834w, https:\/\/osapam.fr\/wp-content\/uploads\/2022\/05\/club-plongee-300x297.jpg 300w, https:\/\/osapam.fr\/wp-content\/uploads\/2022\/05\/club-plongee-150x150.jpg 150w, https:\/\/osapam.fr\/wp-content\/uploads\/2022\/05\/club-plongee-768x761.jpg 768w\" sizes=\"(max-width: 834px) 100vw, 834px\" \/><\/figure><div class=\"wp-block-media-text__content\">\n<p class=\"has-medium-font-size\"><strong>Club de Plong\u00e9e Mellois<\/strong><\/p>\n\n\n\n<p>Plong\u00e9e bouteille et apn\u00e9e avec une section enfant, sorties mer et carri\u00e8re<\/p>\n\n\n\n<p>contact:accueil<\/p>\n\n\n\n<p>0621354134<\/p>\n\n\n\n<p>courriel: club@plongeemellois.fr<\/p>\n\n\n\n<p>site: <a href=\"https:\/\/plongeemellois.fr\/\" target=\"_blank\" rel=\"noreferrer noopener\">https:\/\/plongeemellois.fr\/<\/a><\/p>\n\n\n\n<p>facebook : <a href=\"https:\/\/www.facebook.com\/plongeemellois\" target=\"_blank\" rel=\"noopener\" title=\"\">https:\/\/www.facebook.com\/plongeemellois<\/a><\/p>\n<\/div><\/div>\n\n\n\n<div class=\"wp-block-media-text alignwide is-stacked-on-mobile\" style=\"grid-template-columns:45% auto\"><figure class=\"wp-block-media-text__media\"><img loading=\"lazy\" decoding=\"async\" width=\"834\" height=\"826\" src=\"https:\/\/osapam.fr\/wp-content\/uploads\/2022\/05\/club-sportif-Mellois-natation.jpg\" alt=\"\" class=\"wp-image-1461 size-full\" srcset=\"https:\/\/osapam.fr\/wp-content\/uploads\/2022\/05\/club-sportif-Mellois-natation.jpg 834w, https:\/\/osapam.fr\/wp-content\/uploads\/2022\/05\/club-sportif-Mellois-natation-300x297.jpg 300w, https:\/\/osapam.fr\/wp-content\/uploads\/2022\/05\/club-sportif-Mellois-natation-150x150.jpg 150w, https:\/\/osapam.fr\/wp-content\/uploads\/2022\/05\/club-sportif-Mellois-natation-768x761.jpg 768w\" sizes=\"(max-width: 834px) 100vw, 834px\" \/><\/figure><div class=\"wp-block-media-text__content\">\n<p class=\"has-medium-font-size\"><strong>Club Sportif Mellois Natation<\/strong><\/p>\n\n\n\n<p>contact: Mme MINAULT<\/p>\n\n\n\n<p>courriel: <\/p>\n\n\n\n<p>site: <a href=\"https:\/\/club-sportif-mellois.jimdofree.com\" target=\"_blank\" rel=\"noreferrer noopener\">https:\/\/club-sportif-mellois.jimdofree.com<\/a><\/p>\n\n\n\n<p>facebook : <a href=\"https:\/\/www.facebook.com\/ClubSportifMelloisNatation79\" target=\"_blank\" rel=\"noopener\" title=\"\">https:\/\/www.facebook.com\/ClubSportifMelloisNatation79<\/a><\/p>\n<\/div><\/div>\n\n\n\n<div class=\"wp-block-media-text alignwide is-stacked-on-mobile\" style=\"grid-template-columns:45% auto\"><figure class=\"wp-block-media-text__media\"><img loading=\"lazy\" decoding=\"async\" width=\"834\" height=\"826\" src=\"https:\/\/osapam.fr\/wp-content\/uploads\/2024\/09\/logo-croix-rouge-francaise-site.jpg\" alt=\"\" class=\"wp-image-4700 size-full\" srcset=\"https:\/\/osapam.fr\/wp-content\/uploads\/2024\/09\/logo-croix-rouge-francaise-site.jpg 834w, https:\/\/osapam.fr\/wp-content\/uploads\/2024\/09\/logo-croix-rouge-francaise-site-300x297.jpg 300w, https:\/\/osapam.fr\/wp-content\/uploads\/2024\/09\/logo-croix-rouge-francaise-site-150x150.jpg 150w, https:\/\/osapam.fr\/wp-content\/uploads\/2024\/09\/logo-croix-rouge-francaise-site-768x761.jpg 768w\" sizes=\"(max-width: 834px) 100vw, 834px\" \/><\/figure><div class=\"wp-block-media-text__content\">\n<p class=\"has-medium-font-size\"><strong>Croix rouge fran\u00e7aise &#8211; antenne de Melle<\/strong><\/p>\n\n\n\n<p>contact: accueil<\/p>\n\n\n\n<p>0549270289<\/p>\n\n\n\n<p>courriel: al.mellois@croix-rouge.fr<\/p>\n\n\n\n<p>site: <\/p>\n\n\n\n<p>facebook : <\/p>\n<\/div><\/div>\n\n\n\n<div class=\"wp-block-media-text alignwide is-stacked-on-mobile\" style=\"grid-template-columns:45% auto\"><figure class=\"wp-block-media-text__media\"><img loading=\"lazy\" decoding=\"async\" width=\"225\" height=\"225\" src=\"https:\/\/osapam.fr\/wp-content\/uploads\/2022\/08\/logo-D4B.png\" alt=\"\" class=\"wp-image-2349 size-full\" srcset=\"https:\/\/osapam.fr\/wp-content\/uploads\/2022\/08\/logo-D4B.png 225w, https:\/\/osapam.fr\/wp-content\/uploads\/2022\/08\/logo-D4B-150x150.png 150w\" sizes=\"(max-width: 225px) 100vw, 225px\" \/><\/figure><div class=\"wp-block-media-text__content\">\n<p class=\"has-medium-font-size\"><strong>D4B<\/strong><\/p>\n\n\n\n<p>contact: accueil<\/p>\n\n\n\n<p>0549290818<\/p>\n\n\n\n<p>courriel: infos@radiod4b.asso.fr<\/p>\n\n\n\n<p>site: <a href=\"https:\/\/www.radiod4b.asso.fr\" target=\"_blank\" rel=\"noreferrer noopener\">https:\/\/www.radiod4b.asso.fr<\/a><\/p>\n\n\n\n<p>facebook : <a href=\"https:\/\/www.facebook.com\/d4blaradio\" target=\"_blank\" rel=\"noopener\" title=\"\">https:\/\/www.facebook.com\/d4blaradio<\/a><\/p>\n<\/div><\/div>\n\n\n\n<div class=\"wp-block-media-text alignwide is-stacked-on-mobile\" style=\"grid-template-columns:45% auto\"><figure class=\"wp-block-media-text__media\"><img loading=\"lazy\" decoding=\"async\" width=\"834\" height=\"826\" src=\"https:\/\/osapam.fr\/wp-content\/uploads\/2024\/09\/logo-eclaireurs-unioniste-de-france-site.jpg\" alt=\"\" class=\"wp-image-4698 size-full\" srcset=\"https:\/\/osapam.fr\/wp-content\/uploads\/2024\/09\/logo-eclaireurs-unioniste-de-france-site.jpg 834w, https:\/\/osapam.fr\/wp-content\/uploads\/2024\/09\/logo-eclaireurs-unioniste-de-france-site-300x297.jpg 300w, https:\/\/osapam.fr\/wp-content\/uploads\/2024\/09\/logo-eclaireurs-unioniste-de-france-site-150x150.jpg 150w, https:\/\/osapam.fr\/wp-content\/uploads\/2024\/09\/logo-eclaireurs-unioniste-de-france-site-768x761.jpg 768w\" sizes=\"(max-width: 834px) 100vw, 834px\" \/><\/figure><div class=\"wp-block-media-text__content\">\n<p class=\"has-medium-font-size\"><strong>Eclaireurs et \u00e9claireuses Unionistes de France<\/strong><\/p>\n\n\n\n<p>contact: Mme DELAGARDE<\/p>\n\n\n\n<p>0699016812<\/p>\n\n\n\n<p>courriel:eeudfmelle79@gmail.com<\/p>\n\n\n\n<p>site: <a href=\"https:\/\/www.eeudfmelle.com\/\" target=\"_blank\" rel=\"noreferrer noopener\">https:\/\/www.eeudfmelle.com\/<\/a><\/p>\n\n\n\n<p>facebook : <a href=\"https:\/\/www.facebook.com\/EEUdF\" target=\"_blank\" rel=\"noopener\" title=\"\">https:\/\/www.facebook.com\/EEUdF<\/a><\/p>\n<\/div><\/div>\n\n\n\n<div class=\"wp-block-media-text alignwide is-stacked-on-mobile\" style=\"grid-template-columns:45% auto\"><figure class=\"wp-block-media-text__media\"><img loading=\"lazy\" decoding=\"async\" width=\"834\" height=\"826\" src=\"https:\/\/osapam.fr\/wp-content\/uploads\/2022\/08\/empm.jpg\" alt=\"\" class=\"wp-image-2337 size-full\" srcset=\"https:\/\/osapam.fr\/wp-content\/uploads\/2022\/08\/empm.jpg 834w, https:\/\/osapam.fr\/wp-content\/uploads\/2022\/08\/empm-300x297.jpg 300w, https:\/\/osapam.fr\/wp-content\/uploads\/2022\/08\/empm-150x150.jpg 150w, https:\/\/osapam.fr\/wp-content\/uploads\/2022\/08\/empm-768x761.jpg 768w\" sizes=\"(max-width: 834px) 100vw, 834px\" \/><\/figure><div class=\"wp-block-media-text__content\">\n<p class=\"has-medium-font-size\"><strong>Ecole de Musique du Pays Mellois (EMPM)<\/strong><\/p>\n\n\n\n<p>\u00e9cole associative depuis bient\u00f4t 40 ans pour enfants, ados et adultes avec plus de 20 instruments enseign\u00e9s et des ateliers de pratique collective(jazz, musiques actuelles, chansons, djemb\u00e9s, orchestre \u00e0 cordes, trad&#8230;)<\/p>\n\n\n\n<p>contact: accueil <\/p>\n\n\n\n<p>0516799096<\/p>\n\n\n\n<p>courriel: ecoledemusiquedupaysmellois@gmail.com <\/p>\n\n\n\n<p>site: <a href=\"http:\/\/empm.org\" target=\"_blank\" rel=\"noreferrer noopener\">http:\/\/empm.org<\/a><\/p>\n\n\n\n<p>facebook : <a href=\"https:\/\/www.facebook.com\/ecoledemusiquedupaysmellois\" target=\"_blank\" rel=\"noopener\" title=\"\">https:\/\/www.facebook.com\/ecoledemusiquedupaysmellois<\/a><\/p>\n<\/div><\/div>\n\n\n\n<div class=\"wp-block-media-text alignwide is-stacked-on-mobile\" style=\"grid-template-columns:45% auto\"><figure class=\"wp-block-media-text__media\"><img loading=\"lazy\" decoding=\"async\" width=\"834\" height=\"826\" src=\"https:\/\/osapam.fr\/wp-content\/uploads\/2022\/08\/et-vie-danse.jpg\" alt=\"\" class=\"wp-image-2321 size-full\" srcset=\"https:\/\/osapam.fr\/wp-content\/uploads\/2022\/08\/et-vie-danse.jpg 834w, https:\/\/osapam.fr\/wp-content\/uploads\/2022\/08\/et-vie-danse-300x297.jpg 300w, https:\/\/osapam.fr\/wp-content\/uploads\/2022\/08\/et-vie-danse-150x150.jpg 150w, https:\/\/osapam.fr\/wp-content\/uploads\/2022\/08\/et-vie-danse-768x761.jpg 768w\" sizes=\"(max-width: 834px) 100vw, 834px\" \/><\/figure><div class=\"wp-block-media-text__content\">\n<p class=\"has-medium-font-size\"><strong>Et Vie Danse<\/strong><\/p>\n\n\n\n<p>contact: Mme BRANDET-CHARTIER<\/p>\n\n\n\n<p>0613642616<\/p>\n\n\n\n<p>courriel: vpoirault@orange.fr<\/p>\n\n\n\n<p>site: <\/p>\n\n\n\n<p>facebook : <a href=\"https:\/\/www.facebook.com\/associationetviedanse\" target=\"_blank\" rel=\"noopener\" title=\"\">https:\/\/www.facebook.com\/associationetviedanse<\/a><\/p>\n<\/div><\/div>\n\n\n\n<div class=\"wp-block-media-text alignwide is-stacked-on-mobile\" style=\"grid-template-columns:45% auto\"><figure class=\"wp-block-media-text__media\"><img loading=\"lazy\" decoding=\"async\" width=\"834\" height=\"826\" src=\"https:\/\/osapam.fr\/wp-content\/uploads\/2022\/09\/foyer-rural-st-leger-de-la-martiniere.jpg\" alt=\"\" class=\"wp-image-2410 size-full\" srcset=\"https:\/\/osapam.fr\/wp-content\/uploads\/2022\/09\/foyer-rural-st-leger-de-la-martiniere.jpg 834w, https:\/\/osapam.fr\/wp-content\/uploads\/2022\/09\/foyer-rural-st-leger-de-la-martiniere-300x297.jpg 300w, https:\/\/osapam.fr\/wp-content\/uploads\/2022\/09\/foyer-rural-st-leger-de-la-martiniere-150x150.jpg 150w, https:\/\/osapam.fr\/wp-content\/uploads\/2022\/09\/foyer-rural-st-leger-de-la-martiniere-768x761.jpg 768w\" sizes=\"(max-width: 834px) 100vw, 834px\" \/><\/figure><div class=\"wp-block-media-text__content\">\n<p class=\"has-medium-font-size\"><strong>Foyer rural St-L\u00e9ger de la Martini\u00e8re<\/strong><\/p>\n\n\n\n<p>contact: Mme BARATON <\/p>\n\n\n\n<p>0549271548<\/p>\n\n\n\n<p>courriel: marylene.baraton@free.fr<\/p>\n\n\n\n<p>site: <\/p>\n<\/div><\/div>\n\n\n\n<div class=\"wp-block-media-text alignwide is-stacked-on-mobile\" style=\"grid-template-columns:45% auto\"><figure class=\"wp-block-media-text__media\"><img loading=\"lazy\" decoding=\"async\" width=\"834\" height=\"826\" src=\"https:\/\/osapam.fr\/wp-content\/uploads\/2024\/09\/logo-au-gre-du-vent.jpg\" alt=\"\" class=\"wp-image-4696 size-full\" srcset=\"https:\/\/osapam.fr\/wp-content\/uploads\/2024\/09\/logo-au-gre-du-vent.jpg 834w, https:\/\/osapam.fr\/wp-content\/uploads\/2024\/09\/logo-au-gre-du-vent-300x297.jpg 300w, https:\/\/osapam.fr\/wp-content\/uploads\/2024\/09\/logo-au-gre-du-vent-150x150.jpg 150w, https:\/\/osapam.fr\/wp-content\/uploads\/2024\/09\/logo-au-gre-du-vent-768x761.jpg 768w\" sizes=\"(max-width: 834px) 100vw, 834px\" \/><\/figure><div class=\"wp-block-media-text__content\">\n<p class=\"has-medium-font-size\"><strong>Groupe d&#8217;entraide mutuel<\/strong> &#8220;<strong>Au gr\u00e9 du vent<\/strong>&#8220;<\/p>\n\n\n\n<p class=\"has-medium-font-size\">espace d&#8217;accueilger\u00e9 par et pour ses adherents souhaitant rompre l&#8217;isolement et retrouv\u00e9 du lien social<\/p>\n\n\n\n<p>contact: accueil<\/p>\n\n\n\n<p>0664189946<\/p>\n\n\n\n<p>courriel: gemaugreduvent@laposte.net<\/p>\n\n\n\n<p>site: <\/p>\n\n\n\n<p>facebook : <\/p>\n<\/div><\/div>\n\n\n\n<div class=\"wp-block-media-text alignwide is-stacked-on-mobile\" style=\"grid-template-columns:45% auto\"><figure class=\"wp-block-media-text__media\"><img loading=\"lazy\" decoding=\"async\" width=\"834\" height=\"826\" src=\"https:\/\/osapam.fr\/wp-content\/uploads\/2025\/09\/Handball-Lezay.jpg\" alt=\"\" class=\"wp-image-5025 size-full\" srcset=\"https:\/\/osapam.fr\/wp-content\/uploads\/2025\/09\/Handball-Lezay.jpg 834w, https:\/\/osapam.fr\/wp-content\/uploads\/2025\/09\/Handball-Lezay-300x297.jpg 300w, https:\/\/osapam.fr\/wp-content\/uploads\/2025\/09\/Handball-Lezay-150x150.jpg 150w, https:\/\/osapam.fr\/wp-content\/uploads\/2025\/09\/Handball-Lezay-768x761.jpg 768w\" sizes=\"(max-width: 834px) 100vw, 834px\" \/><\/figure><div class=\"wp-block-media-text__content\">\n<p class=\"has-medium-font-size\">Handball club Lezay<\/p>\n\n\n\n<p class=\"has-medium-font-size\">Club de Handball de Lezay<\/p>\n\n\n\n<p>contact: accueil<\/p>\n\n\n\n<p>0684602070<\/p>\n\n\n\n<p>courriel: 6079014@ffhandball.net<\/p>\n\n\n\n<p>site: <a href=\"https:\/\/hbc-lezay.clubeo.com\/\" target=\"_blank\" rel=\"noopener\" title=\"\">https:\/\/hbc-lezay.clubeo.com\/<\/a><\/p>\n\n\n\n<p>facebook : <a href=\"https:\/\/www.facebook.com\/p\/Handball-Club-Lezay-100063703626057\/?locale=fr_FR\" target=\"_blank\" rel=\"noopener\" title=\"\">https:\/\/www.facebook.com\/p\/Handball-Club-Lezay-100063703626057\/?locale=fr_FR<\/a><\/p>\n<\/div><\/div>\n\n\n\n<div class=\"wp-block-media-text alignwide is-stacked-on-mobile\" style=\"grid-template-columns:45% auto\"><figure class=\"wp-block-media-text__media\"><img loading=\"lazy\" decoding=\"async\" width=\"834\" height=\"826\" src=\"https:\/\/osapam.fr\/wp-content\/uploads\/2024\/09\/logo-HOPE79-site.jpg\" alt=\"\" class=\"wp-image-4699 size-full\" srcset=\"https:\/\/osapam.fr\/wp-content\/uploads\/2024\/09\/logo-HOPE79-site.jpg 834w, https:\/\/osapam.fr\/wp-content\/uploads\/2024\/09\/logo-HOPE79-site-300x297.jpg 300w, https:\/\/osapam.fr\/wp-content\/uploads\/2024\/09\/logo-HOPE79-site-150x150.jpg 150w, https:\/\/osapam.fr\/wp-content\/uploads\/2024\/09\/logo-HOPE79-site-768x761.jpg 768w\" sizes=\"(max-width: 834px) 100vw, 834px\" \/><\/figure><div class=\"wp-block-media-text__content\">\n<p class=\"has-medium-font-size\"><strong>HOPE 79 pour les animaux<\/strong><\/p>\n\n\n\n<p>association ayant pour but de r\u00e9aliser des actions pour r\u00e9colter des dons au profit des associations qui s&#8217;occupent des animaux<\/p>\n\n\n\n<p>contact: accueil <\/p>\n\n\n\n<p>0780113739<\/p>\n\n\n\n<p>courriel: info@hope79.org<\/p>\n\n\n\n<p>site: https:\/\/hope79.org\/<\/p>\n<\/div><\/div>\n\n\n\n<div class=\"wp-block-media-text alignwide is-stacked-on-mobile\" style=\"grid-template-columns:45% auto\"><figure class=\"wp-block-media-text__media\"><img loading=\"lazy\" decoding=\"async\" width=\"834\" height=\"826\" src=\"https:\/\/osapam.fr\/wp-content\/uploads\/2023\/08\/JMImagin.jpg\" alt=\"\" class=\"wp-image-2882 size-full\" srcset=\"https:\/\/osapam.fr\/wp-content\/uploads\/2023\/08\/JMImagin.jpg 834w, https:\/\/osapam.fr\/wp-content\/uploads\/2023\/08\/JMImagin-300x297.jpg 300w, https:\/\/osapam.fr\/wp-content\/uploads\/2023\/08\/JMImagin-150x150.jpg 150w, https:\/\/osapam.fr\/wp-content\/uploads\/2023\/08\/JMImagin-768x761.jpg 768w\" sizes=\"(max-width: 834px) 100vw, 834px\" \/><\/figure><div class=\"wp-block-media-text__content\">\n<p class=\"has-medium-font-size\"><strong>JMI&#8217;magine<\/strong><\/p>\n\n\n\n<p>association ayant pour but de mettre en sc\u00e8ne des spectacles par le biais d&#8217;ateliers danses, et d&#8217;y int\u00e9grer plusieurs arts.<\/p>\n\n\n\n<p>contact: accueil <\/p>\n\n\n\n<p>0643266762<\/p>\n\n\n\n<p>courriel: jmimagine.asso@gmail.com<\/p>\n\n\n\n<p>Facebook: <a href=\"https:\/\/www.facebook.com\/p\/JMImagine-100092405654436\/?locale=fr_FR\" target=\"_blank\" rel=\"noopener\" title=\"\">https:\/\/www.facebook.com\/p\/JMImagine-100092405654436\/?locale=fr_FR<\/a><\/p>\n<\/div><\/div>\n\n\n\n<div class=\"wp-block-media-text alignwide is-stacked-on-mobile\" style=\"grid-template-columns:45% auto\"><figure class=\"wp-block-media-text__media\"><img loading=\"lazy\" decoding=\"async\" width=\"834\" height=\"826\" src=\"https:\/\/osapam.fr\/wp-content\/uploads\/2022\/08\/judo-lezay-1.jpg\" alt=\"\" class=\"wp-image-2342 size-full\" srcset=\"https:\/\/osapam.fr\/wp-content\/uploads\/2022\/08\/judo-lezay-1.jpg 834w, https:\/\/osapam.fr\/wp-content\/uploads\/2022\/08\/judo-lezay-1-300x297.jpg 300w, https:\/\/osapam.fr\/wp-content\/uploads\/2022\/08\/judo-lezay-1-150x150.jpg 150w, https:\/\/osapam.fr\/wp-content\/uploads\/2022\/08\/judo-lezay-1-768x761.jpg 768w\" sizes=\"(max-width: 834px) 100vw, 834px\" \/><\/figure><div class=\"wp-block-media-text__content\">\n<p class=\"has-medium-font-size\"><strong>Judo Club Mellois<\/strong><\/p>\n\n\n\n<p>association sportive ayant pour but le d\u00e9veloppement de la pratique du Judo<\/p>\n\n\n\n<p>contact: accueil <\/p>\n\n\n\n<p>0650474215<\/p>\n\n\n\n<p>courriel: judoclubmellois@gmail.com <\/p>\n\n\n\n<p>site: <a href=\"http:\/\/judoclubmellois.e-monsite.com\/\" target=\"_blank\" rel=\"noopener\">http:\/\/judoclubmellois.e-monsite.com\/<\/a><\/p>\n\n\n\n<p>facebook : <a href=\"https:\/\/www.facebook.com\/Judo.Club.Mellois\" target=\"_blank\" rel=\"noopener\" title=\"\">https:\/\/www.facebook.com\/Judo.Club.Mellois<\/a><\/p>\n<\/div><\/div>\n<\/div>\n\n\n\n<div class=\"wp-block-column is-layout-flow wp-block-column-is-layout-flow\">\n<div class=\"wp-block-media-text alignwide is-stacked-on-mobile\" style=\"grid-template-columns:45% auto\"><figure class=\"wp-block-media-text__media\"><img loading=\"lazy\" decoding=\"async\" width=\"834\" height=\"826\" src=\"https:\/\/osapam.fr\/wp-content\/uploads\/2025\/09\/king-poker-club.jpg\" alt=\"\" class=\"wp-image-5031 size-full\" srcset=\"https:\/\/osapam.fr\/wp-content\/uploads\/2025\/09\/king-poker-club.jpg 834w, https:\/\/osapam.fr\/wp-content\/uploads\/2025\/09\/king-poker-club-300x297.jpg 300w, https:\/\/osapam.fr\/wp-content\/uploads\/2025\/09\/king-poker-club-150x150.jpg 150w, https:\/\/osapam.fr\/wp-content\/uploads\/2025\/09\/king-poker-club-768x761.jpg 768w\" sizes=\"(max-width: 834px) 100vw, 834px\" \/><\/figure><div class=\"wp-block-media-text__content\">\n<p class=\"has-medium-font-size\"><strong>Kings Poker Club<\/strong><\/p>\n\n\n\n<p>association ayant pour but de promouvoir la pratique du poker amateur<\/p>\n\n\n\n<p>contact: accueil <\/p>\n\n\n\n<p>0616370831<\/p>\n\n\n\n<p>courriel: <a href=\"mailto:deux-sevres@lacimade.org\" target=\"_blank\" rel=\"noopener\" title=\"\">kingspokerc@gmail.com <\/a><\/p>\n\n\n\n<p>site: <a href=\"https:\/\/www.lacimade.org\/\" target=\"_blank\" rel=\"noopener\" title=\"\">https:\/\/kingspokerclub.e-monsite.com\/<\/a><\/p>\n\n\n\n<p>facebook :<\/p>\n<\/div><\/div>\n\n\n\n<div class=\"wp-block-media-text alignwide is-stacked-on-mobile\" style=\"grid-template-columns:45% auto\"><figure class=\"wp-block-media-text__media\"><img loading=\"lazy\" decoding=\"async\" width=\"834\" height=\"826\" src=\"https:\/\/osapam.fr\/wp-content\/uploads\/2024\/09\/logo-l-asso-beche-a-melle-site.jpg\" alt=\"\" class=\"wp-image-4707 size-full\" srcset=\"https:\/\/osapam.fr\/wp-content\/uploads\/2024\/09\/logo-l-asso-beche-a-melle-site.jpg 834w, https:\/\/osapam.fr\/wp-content\/uploads\/2024\/09\/logo-l-asso-beche-a-melle-site-300x297.jpg 300w, https:\/\/osapam.fr\/wp-content\/uploads\/2024\/09\/logo-l-asso-beche-a-melle-site-150x150.jpg 150w, https:\/\/osapam.fr\/wp-content\/uploads\/2024\/09\/logo-l-asso-beche-a-melle-site-768x761.jpg 768w\" sizes=\"(max-width: 834px) 100vw, 834px\" \/><\/figure><div class=\"wp-block-media-text__content\">\n<p class=\"has-medium-font-size\"><strong>L<\/strong>&#8216;<strong>assos Beche \u00e0 Melle<\/strong><\/p>\n\n\n\n<p class=\"has-medium-font-size\">Association de consom&#8217;acteurs qui promet une alimentation saine produite par des producteurs bio et locaux<\/p>\n\n\n\n<p>contact: accueil <\/p>\n\n\n\n<p>courriel: <a href=\"mailto:deux-sevres@lacimade.org\" target=\"_blank\" rel=\"noopener\" title=\"\">lassosbecheamelle@gmail.com<\/a><\/p>\n\n\n\n<p>site: <\/p>\n\n\n\n<p>facebook :<a href=\"https:\/\/www.facebook.com\/BecheAMelle\/?locale=fr_FR\" target=\"_blank\" rel=\"noopener\" title=\"\">https:\/\/www.facebook.com\/BecheAMelle\/?locale=fr_FR<\/a><\/p>\n<\/div><\/div>\n\n\n\n<div class=\"wp-block-media-text alignwide is-stacked-on-mobile\" style=\"grid-template-columns:45% auto\"><figure class=\"wp-block-media-text__media\"><img loading=\"lazy\" decoding=\"async\" width=\"131\" height=\"124\" src=\"https:\/\/osapam.fr\/wp-content\/uploads\/2022\/08\/logo-la-beta-pi-1.png\" alt=\"\" class=\"wp-image-2363 size-full\"\/><\/figure><div class=\"wp-block-media-text__content\">\n<p class=\"has-medium-font-size\"><strong>La B\u00e9ta-Pi<\/strong><\/p>\n\n\n\n<p>Animation et diffusion de culture scientifique et Technique<\/p>\n\n\n\n<p>contact: accueil<\/p>\n\n\n\n<p>0668328444<\/p>\n\n\n\n<p>courriel: <a href=\"mailto:info@labetapi.fr?subject=%5Bcontact%20via%20site%20internet%5D\">info@labetapi.fr<\/a><\/p>\n\n\n\n<p>site:<a href=\"http:\/\/www.labetapi.fr\/\" target=\"_blank\" rel=\"noreferrer noopener\">http:\/\/www.labetapi.fr\/<\/a><\/p>\n<\/div><\/div>\n\n\n\n<div class=\"wp-block-media-text alignwide is-stacked-on-mobile\" style=\"grid-template-columns:45% auto\"><figure class=\"wp-block-media-text__media\"><img loading=\"lazy\" decoding=\"async\" width=\"834\" height=\"826\" src=\"https:\/\/osapam.fr\/wp-content\/uploads\/2023\/08\/la-cimade.jpg\" alt=\"\" class=\"wp-image-2884 size-full\" srcset=\"https:\/\/osapam.fr\/wp-content\/uploads\/2023\/08\/la-cimade.jpg 834w, https:\/\/osapam.fr\/wp-content\/uploads\/2023\/08\/la-cimade-300x297.jpg 300w, https:\/\/osapam.fr\/wp-content\/uploads\/2023\/08\/la-cimade-150x150.jpg 150w, https:\/\/osapam.fr\/wp-content\/uploads\/2023\/08\/la-cimade-768x761.jpg 768w\" sizes=\"(max-width: 834px) 100vw, 834px\" \/><\/figure><div class=\"wp-block-media-text__content\">\n<p class=\"has-medium-font-size\"><strong>La Cimade <\/strong><\/p>\n\n\n\n<p>association de d\u00e9fense des droits des personnes exil\u00e9es \u00e0 melle et \u00e0 Niort.<\/p>\n\n\n\n<p>contact: accueil <\/p>\n\n\n\n<p>courriel: <a href=\"mailto:deux-sevres@lacimade.org\" target=\"_blank\" rel=\"noopener\" title=\"\">deux-sevres@lacimade.org<\/a><\/p>\n\n\n\n<p>site: <a href=\"https:\/\/www.lacimade.org\/\" target=\"_blank\" rel=\"noopener\" title=\"\">https:\/\/www.lacimade.org\/<\/a><\/p>\n\n\n\n<p>facebook : <a href=\"https:\/\/www.facebook.com\/lacimade\" target=\"_blank\" rel=\"noopener\" title=\"\">https:\/\/www.facebook.com\/lacimade<\/a><\/p>\n<\/div><\/div>\n\n\n\n<div class=\"wp-block-media-text alignwide is-stacked-on-mobile\" style=\"grid-template-columns:45% auto\"><figure class=\"wp-block-media-text__media\"><img loading=\"lazy\" decoding=\"async\" width=\"834\" height=\"826\" src=\"https:\/\/osapam.fr\/wp-content\/uploads\/2022\/08\/zaza-malagasy-logo.jpg\" alt=\"\" class=\"wp-image-2379 size-full\" srcset=\"https:\/\/osapam.fr\/wp-content\/uploads\/2022\/08\/zaza-malagasy-logo.jpg 834w, https:\/\/osapam.fr\/wp-content\/uploads\/2022\/08\/zaza-malagasy-logo-300x297.jpg 300w, https:\/\/osapam.fr\/wp-content\/uploads\/2022\/08\/zaza-malagasy-logo-150x150.jpg 150w, https:\/\/osapam.fr\/wp-content\/uploads\/2022\/08\/zaza-malagasy-logo-768x761.jpg 768w\" sizes=\"(max-width: 834px) 100vw, 834px\" \/><\/figure><div class=\"wp-block-media-text__content\">\n<p class=\"has-medium-font-size\"><strong>La craie de l&#8217;espoir &#8211; Parrainage Zaza Malagasy <\/strong><\/p>\n\n\n\n<p>association ayant pour but le parrainage d&#8217;enfants \u00e0 Madagascar pour favoriser leur scolarit\u00e9 et leur sant\u00e9<\/p>\n\n\n\n<p>contact: 0612376138<\/p>\n\n\n\n<p>courriel: anniearsicaud@gmail.com<\/p>\n\n\n\n<p>site: <a href=\"https:\/\/www.lacraiedelespoir-parrainagezazamalagasy.com\/\" target=\"_blank\" rel=\"noreferrer noopener\">https:\/\/www.lacraiedelespoir-parrainagezazamalagasy.com\/<\/a><\/p>\n<\/div><\/div>\n\n\n\n<div class=\"wp-block-media-text alignwide is-stacked-on-mobile\" style=\"grid-template-columns:45% auto\"><figure class=\"wp-block-media-text__media\"><img loading=\"lazy\" decoding=\"async\" width=\"834\" height=\"826\" src=\"https:\/\/osapam.fr\/wp-content\/uploads\/2022\/08\/la-ronde-des-jurons-logo.jpg\" alt=\"\" class=\"wp-image-2375 size-full\" srcset=\"https:\/\/osapam.fr\/wp-content\/uploads\/2022\/08\/la-ronde-des-jurons-logo.jpg 834w, https:\/\/osapam.fr\/wp-content\/uploads\/2022\/08\/la-ronde-des-jurons-logo-300x297.jpg 300w, https:\/\/osapam.fr\/wp-content\/uploads\/2022\/08\/la-ronde-des-jurons-logo-150x150.jpg 150w, https:\/\/osapam.fr\/wp-content\/uploads\/2022\/08\/la-ronde-des-jurons-logo-768x761.jpg 768w\" sizes=\"(max-width: 834px) 100vw, 834px\" \/><\/figure><div class=\"wp-block-media-text__content\">\n<p class=\"has-medium-font-size\"><strong>La Ronde des Jurons<\/strong><\/p>\n\n\n\n<p>contact: accueil<\/p>\n\n\n\n<p>0964263054<\/p>\n\n\n\n<p>courriel: <a href=\"mailto:contact@larondedesjurons.org\">contact@larondedesjurons.org<\/a><\/p>\n\n\n\n<p>site: <a href=\"http:\/\/www.larondedesjurons.fr\/\" target=\"_blank\" rel=\"noreferrer noopener\">http:\/\/www.larondedesjurons.fr\/<\/a><\/p>\n\n\n\n<p>facebook : <a href=\"https:\/\/www.facebook.com\/larondedesjurons.lrdj\" target=\"_blank\" rel=\"noopener\" title=\"\">https:\/\/www.facebook.com\/larondedesjurons.lrdj<\/a><\/p>\n<\/div><\/div>\n\n\n\n<div class=\"wp-block-media-text alignwide is-stacked-on-mobile\" style=\"grid-template-columns:45% auto\"><figure class=\"wp-block-media-text__media\"><img loading=\"lazy\" decoding=\"async\" width=\"834\" height=\"826\" src=\"https:\/\/osapam.fr\/wp-content\/uploads\/2025\/09\/Loup-garou-cavale.jpg\" alt=\"\" class=\"wp-image-5037 size-full\" srcset=\"https:\/\/osapam.fr\/wp-content\/uploads\/2025\/09\/Loup-garou-cavale.jpg 834w, https:\/\/osapam.fr\/wp-content\/uploads\/2025\/09\/Loup-garou-cavale-300x297.jpg 300w, https:\/\/osapam.fr\/wp-content\/uploads\/2025\/09\/Loup-garou-cavale-150x150.jpg 150w, https:\/\/osapam.fr\/wp-content\/uploads\/2025\/09\/Loup-garou-cavale-768x761.jpg 768w\" sizes=\"(max-width: 834px) 100vw, 834px\" \/><\/figure><div class=\"wp-block-media-text__content\">\n<p class=\"has-medium-font-size\"><strong>L<\/strong>e Loup garou- association Cavale<\/p>\n\n\n\n<p>Centre \u00e9questre au Loup Garou<\/p>\n\n\n\n<p>contact: accueil<\/p>\n\n\n\n<p>0549290404<\/p>\n\n\n\n<p>courriel: infos@loup-garou.fr<\/p>\n\n\n\n<p>site: https:\/\/www.loup-garou.fr\/<\/p>\n\n\n\n<p>facebook : https:\/\/www.facebook.com\/associationcavale\/?locale=fr_FR<\/p>\n<\/div><\/div>\n\n\n\n<div class=\"wp-block-media-text alignwide is-stacked-on-mobile\" style=\"grid-template-columns:45% auto\"><figure class=\"wp-block-media-text__media\"><img loading=\"lazy\" decoding=\"async\" width=\"834\" height=\"826\" src=\"https:\/\/osapam.fr\/wp-content\/uploads\/2025\/01\/sans-logo-4.jpg\" alt=\"\" class=\"wp-image-4793 size-full\" srcset=\"https:\/\/osapam.fr\/wp-content\/uploads\/2025\/01\/sans-logo-4.jpg 834w, https:\/\/osapam.fr\/wp-content\/uploads\/2025\/01\/sans-logo-4-300x297.jpg 300w, https:\/\/osapam.fr\/wp-content\/uploads\/2025\/01\/sans-logo-4-150x150.jpg 150w, https:\/\/osapam.fr\/wp-content\/uploads\/2025\/01\/sans-logo-4-768x761.jpg 768w\" sizes=\"(max-width: 834px) 100vw, 834px\" \/><\/figure><div class=\"wp-block-media-text__content\">\n<p class=\"has-medium-font-size\"><strong>L<\/strong>es Amis de Vac&#8217;Ani<\/p>\n\n\n\n<p>permettre l&#8217;inclusion dans l&#8217;activit\u00e9 \u00e9questre (vis\u00e9e th\u00e9rapeutique, voltige, baby poneys)<\/p>\n\n\n\n<p>contact: accueil<\/p>\n\n\n\n<p>0698131553<\/p>\n\n\n\n<p>courriel: vacani@protonmail.com<\/p>\n\n\n\n<p>site: <a href=\"https:\/\/vacani.ffe.com\/\" target=\"_blank\" rel=\"noopener\" title=\"\">https:\/\/vacani.ffe.com\/<\/a><\/p>\n\n\n\n<p>facebook : <\/p>\n<\/div><\/div>\n\n\n\n<div class=\"wp-block-media-text alignwide is-stacked-on-mobile\" style=\"grid-template-columns:45% auto\"><figure class=\"wp-block-media-text__media\"><img loading=\"lazy\" decoding=\"async\" width=\"834\" height=\"826\" src=\"https:\/\/osapam.fr\/wp-content\/uploads\/2022\/08\/les-ateliers-de-la-simplicite.jpg\" alt=\"\" class=\"wp-image-2108 size-full\" srcset=\"https:\/\/osapam.fr\/wp-content\/uploads\/2022\/08\/les-ateliers-de-la-simplicite.jpg 834w, https:\/\/osapam.fr\/wp-content\/uploads\/2022\/08\/les-ateliers-de-la-simplicite-300x297.jpg 300w, https:\/\/osapam.fr\/wp-content\/uploads\/2022\/08\/les-ateliers-de-la-simplicite-150x150.jpg 150w, https:\/\/osapam.fr\/wp-content\/uploads\/2022\/08\/les-ateliers-de-la-simplicite-768x761.jpg 768w\" sizes=\"(max-width: 834px) 100vw, 834px\" \/><\/figure><div class=\"wp-block-media-text__content\">\n<p class=\"has-medium-font-size\"><strong>Les Ateliers de la simplicit\u00e9<\/strong><\/p>\n\n\n\n<p>Association proposant des pistes pour agir au quotidien en minimisant son impact \u00e9cologique, \u00e0 travers des ateliers pratiques (pour apprendre \u00e0 faire soi-m\u00eame ses produits), des moments et des espaces d\u2019\u00e9changes, d\u2019entraide.<\/p>\n\n\n\n<p>contact: accueil <\/p>\n\n\n\n<p>0517301782<\/p>\n\n\n\n<p>courriel: <a href=\"mailto:annick.simplicite@mailo.com\" target=\"_blank\" rel=\"noopener\" title=\"\">gestion.simplicite<\/a>@gmail.com<\/p>\n\n\n\n<p>site: <a href=\"https:\/\/lesateliersdelasimplicite.com\/\">https:\/\/lesateliersdelasimplicite.com\/<\/a><\/p>\n\n\n\n<p>facebook : <a href=\"https:\/\/www.facebook.com\/profile.php?id=100066757191542\" target=\"_blank\" rel=\"noopener\" title=\"\">https:\/\/www.facebook.com\/profile.php?id=100066757191542<\/a><\/p>\n<\/div><\/div>\n\n\n\n<div class=\"wp-block-media-text alignwide is-stacked-on-mobile\" style=\"grid-template-columns:45% auto\"><figure class=\"wp-block-media-text__media\"><img loading=\"lazy\" decoding=\"async\" width=\"834\" height=\"826\" src=\"https:\/\/osapam.fr\/wp-content\/uploads\/2022\/08\/les-lames-de-fontaine.jpg\" alt=\"\" class=\"wp-image-2328 size-full\" srcset=\"https:\/\/osapam.fr\/wp-content\/uploads\/2022\/08\/les-lames-de-fontaine.jpg 834w, https:\/\/osapam.fr\/wp-content\/uploads\/2022\/08\/les-lames-de-fontaine-300x297.jpg 300w, https:\/\/osapam.fr\/wp-content\/uploads\/2022\/08\/les-lames-de-fontaine-150x150.jpg 150w, https:\/\/osapam.fr\/wp-content\/uploads\/2022\/08\/les-lames-de-fontaine-768x761.jpg 768w\" sizes=\"(max-width: 834px) 100vw, 834px\" \/><\/figure><div class=\"wp-block-media-text__content\">\n<p class=\"has-medium-font-size\"><strong>Les Lames de Fontaine<\/strong><\/p>\n\n\n\n<p>club d&#8217;escrime, familiale, tous niveaux<\/p>\n\n\n\n<p>contact: accueil <\/p>\n\n\n\n<p>0661162344<\/p>\n\n\n\n<p>courriel: <\/p>\n\n\n\n<p>site:<\/p>\n\n\n\n<p>facebook : <a href=\"https:\/\/www.facebook.com\/profile.php?id=100057788344400\" target=\"_blank\" rel=\"noopener\" title=\"\">https:\/\/www.facebook.com\/profile.php?id=100057788344400 <\/a><\/p>\n<\/div><\/div>\n\n\n\n<div class=\"wp-block-media-text alignwide is-stacked-on-mobile\" style=\"grid-template-columns:45% auto\"><figure class=\"wp-block-media-text__media\"><img loading=\"lazy\" decoding=\"async\" width=\"834\" height=\"826\" src=\"https:\/\/osapam.fr\/wp-content\/uploads\/2025\/01\/sans-logo-4.jpg\" alt=\"\" class=\"wp-image-4793 size-full\" srcset=\"https:\/\/osapam.fr\/wp-content\/uploads\/2025\/01\/sans-logo-4.jpg 834w, https:\/\/osapam.fr\/wp-content\/uploads\/2025\/01\/sans-logo-4-300x297.jpg 300w, https:\/\/osapam.fr\/wp-content\/uploads\/2025\/01\/sans-logo-4-150x150.jpg 150w, https:\/\/osapam.fr\/wp-content\/uploads\/2025\/01\/sans-logo-4-768x761.jpg 768w\" sizes=\"(max-width: 834px) 100vw, 834px\" \/><\/figure><div class=\"wp-block-media-text__content\">\n<p class=\"has-medium-font-size\"><strong>Les Maillons Mothais<\/strong><\/p>\n\n\n\n<p>Enseignements des arts martiaux, m\u00e9di\u00e9vaux, europ\u00e9ens, taichichuan, m\u00e9thode Feldenkrais<\/p>\n\n\n\n<p>contact: accueil <\/p>\n\n\n\n<p>courriel: contact@les-maillons-mothai.fr<\/p>\n\n\n\n<p>site: <\/p>\n\n\n\n<p>facebook : <\/p>\n<\/div><\/div>\n\n\n\n<div class=\"wp-block-media-text alignwide is-stacked-on-mobile\" style=\"grid-template-columns:45% auto\"><figure class=\"wp-block-media-text__media\"><img loading=\"lazy\" decoding=\"async\" width=\"834\" height=\"826\" src=\"https:\/\/osapam.fr\/wp-content\/uploads\/2024\/09\/logo-mines-d-argent.jpg\" alt=\"\" class=\"wp-image-4693 size-full\" srcset=\"https:\/\/osapam.fr\/wp-content\/uploads\/2024\/09\/logo-mines-d-argent.jpg 834w, https:\/\/osapam.fr\/wp-content\/uploads\/2024\/09\/logo-mines-d-argent-300x297.jpg 300w, https:\/\/osapam.fr\/wp-content\/uploads\/2024\/09\/logo-mines-d-argent-150x150.jpg 150w, https:\/\/osapam.fr\/wp-content\/uploads\/2024\/09\/logo-mines-d-argent-768x761.jpg 768w\" sizes=\"(max-width: 834px) 100vw, 834px\" \/><\/figure><div class=\"wp-block-media-text__content\">\n<p class=\"has-medium-font-size\"><strong>Les Mines d&#8217;argent des Rois Francs<\/strong><\/p>\n\n\n\n<p>Association proposant la d\u00e9couverte du patrimoine: visite des plus anciennes mines d&#8217;argent au monde<\/p>\n\n\n\n<p>contact: accueil <\/p>\n\n\n\n<p>0549291954<\/p>\n\n\n\n<p>courriel: <a href=\"mailto:annick.simplicite@mailo.com\" target=\"_blank\" rel=\"noopener\" title=\"\">info@mines-argent.com<\/a><a href=\"mailto:annick.simplicite@mailo.com\" title=\"\"> <\/a><\/p>\n\n\n\n<p>site: <a href=\"https:\/\/lesateliersdelasimplicite.com\/\">https:\/\/www.mines-argent.com\/<\/a><\/p>\n\n\n\n<p>facebook : <a href=\"https:\/\/www.facebook.com\/profile.php?id=100067956627076\" target=\"_blank\" rel=\"noopener\" title=\"\">https:\/\/www.facebook.com\/profile.php?id=100067956627076<\/a><\/p>\n<\/div><\/div>\n\n\n\n<div class=\"wp-block-media-text alignwide is-stacked-on-mobile\" style=\"grid-template-columns:45% auto\"><figure class=\"wp-block-media-text__media\"><img loading=\"lazy\" decoding=\"async\" width=\"834\" height=\"826\" src=\"https:\/\/osapam.fr\/wp-content\/uploads\/2025\/01\/sans-logo-4.jpg\" alt=\"\" class=\"wp-image-4793 size-full\" srcset=\"https:\/\/osapam.fr\/wp-content\/uploads\/2025\/01\/sans-logo-4.jpg 834w, https:\/\/osapam.fr\/wp-content\/uploads\/2025\/01\/sans-logo-4-300x297.jpg 300w, https:\/\/osapam.fr\/wp-content\/uploads\/2025\/01\/sans-logo-4-150x150.jpg 150w, https:\/\/osapam.fr\/wp-content\/uploads\/2025\/01\/sans-logo-4-768x761.jpg 768w\" sizes=\"(max-width: 834px) 100vw, 834px\" \/><\/figure><div class=\"wp-block-media-text__content\">\n<p class=\"has-medium-font-size\"><strong>Les visseurs<\/strong> de clous<\/p>\n\n\n\n<p>Compagnie de th\u00e9\u00e2tre et de marionnette contemporaine<\/p>\n\n\n\n<p>contact: accueil <\/p>\n\n\n\n<p>0630048260<\/p>\n\n\n\n<p>courriel: lesvisseursdeclous@gmail.com<\/p>\n\n\n\n<p>site: <a href=\"https:\/\/lesvisseursdeclous.wixsite.com\/compagnie\/visseurs\" target=\"_blank\" rel=\"noopener\" title=\"\">https:\/\/lesvisseursdeclous.wixsite.com\/compagnie\/visseurs<\/a><\/p>\n\n\n\n<p>facebook : <a href=\"https:\/\/www.facebook.com\/profile.php?id=100067956627076\" target=\"_blank\" rel=\"noopener\" title=\"\">https:\/\/www.facebook.com\/visseursdeclous\/?locale=fr_FR<\/a><\/p>\n<\/div><\/div>\n\n\n\n<div class=\"wp-block-media-text alignwide is-stacked-on-mobile\" style=\"grid-template-columns:45% auto\"><figure class=\"wp-block-media-text__media\"><img loading=\"lazy\" decoding=\"async\" width=\"834\" height=\"826\" src=\"https:\/\/osapam.fr\/wp-content\/uploads\/2024\/09\/logo-march-a-melle.jpg\" alt=\"\" class=\"wp-image-4694 size-full\" srcset=\"https:\/\/osapam.fr\/wp-content\/uploads\/2024\/09\/logo-march-a-melle.jpg 834w, https:\/\/osapam.fr\/wp-content\/uploads\/2024\/09\/logo-march-a-melle-300x297.jpg 300w, https:\/\/osapam.fr\/wp-content\/uploads\/2024\/09\/logo-march-a-melle-150x150.jpg 150w, https:\/\/osapam.fr\/wp-content\/uploads\/2024\/09\/logo-march-a-melle-768x761.jpg 768w\" sizes=\"(max-width: 834px) 100vw, 834px\" \/><\/figure><div class=\"wp-block-media-text__content\">\n<p class=\"has-medium-font-size\"><strong>March&#8217;\u00e0 Melle<\/strong><\/p>\n\n\n\n<p>Association proposant la pratique de la randonn\u00e9e<\/p>\n\n\n\n<p>contact: accueil <\/p>\n\n\n\n<p>0688300642<\/p>\n\n\n\n<p>courriel: <a href=\"mailto:annick.simplicite@mailo.com\" title=\"\"> <\/a>mellemarcha@gmail.com<\/p>\n\n\n\n<p>site: <\/p>\n\n\n\n<p>facebook : <\/p>\n<\/div><\/div>\n\n\n\n<div class=\"wp-block-media-text alignwide is-stacked-on-mobile\" style=\"grid-template-columns:45% auto\"><figure class=\"wp-block-media-text__media\"><img decoding=\"async\" width=\"834\" height=\"826\" src=\"https:\/\/osapam.fr\/wp-content\/uploads\/2022\/08\/sans-logo.jpg\" alt=\"\" class=\"wp-image-2388 size-full\" srcset=\"https:\/\/osapam.fr\/wp-content\/uploads\/2022\/08\/sans-logo.jpg 834w, https:\/\/osapam.fr\/wp-content\/uploads\/2022\/08\/sans-logo-300x297.jpg 300w, https:\/\/osapam.fr\/wp-content\/uploads\/2022\/08\/sans-logo-150x150.jpg 150w, https:\/\/osapam.fr\/wp-content\/uploads\/2022\/08\/sans-logo-768x761.jpg 768w\" sizes=\"(max-width: 834px) 100vw, 834px\" \/><\/figure><div class=\"wp-block-media-text__content\">\n<p class=\"has-medium-font-size\"><strong>Mell&#8217;Danses Academy<\/strong><\/p>\n\n\n\n<p>association de danse<\/p>\n\n\n\n<p>contact: accueil <\/p>\n\n\n\n<p>courriel: <\/p>\n\n\n\n<p>site: <a href=\"http:\/\/www.melle-danse-academy.fr\/\" target=\"_blank\" rel=\"noreferrer noopener\">http:\/\/www.melle-danse-academy.fr\/<\/a><\/p>\n\n\n\n<p>facebook: <a href=\"https:\/\/www.facebook.com\/melldansesacademy\" target=\"_blank\" rel=\"noopener\" title=\"\">https:\/\/www.facebook.com\/melldansesacademy<\/a><\/p>\n<\/div><\/div>\n\n\n\n<div class=\"wp-block-media-text alignwide is-stacked-on-mobile\" style=\"grid-template-columns:45% auto\"><figure class=\"wp-block-media-text__media\"><img decoding=\"async\" width=\"834\" height=\"826\" src=\"https:\/\/osapam.fr\/wp-content\/uploads\/2022\/08\/sans-logo.jpg\" alt=\"\" class=\"wp-image-2388 size-full\" srcset=\"https:\/\/osapam.fr\/wp-content\/uploads\/2022\/08\/sans-logo.jpg 834w, https:\/\/osapam.fr\/wp-content\/uploads\/2022\/08\/sans-logo-300x297.jpg 300w, https:\/\/osapam.fr\/wp-content\/uploads\/2022\/08\/sans-logo-150x150.jpg 150w, https:\/\/osapam.fr\/wp-content\/uploads\/2022\/08\/sans-logo-768x761.jpg 768w\" sizes=\"(max-width: 834px) 100vw, 834px\" \/><\/figure><div class=\"wp-block-media-text__content\">\n<p class=\"has-medium-font-size\"><strong>MFR de Brioux Sur Boutonne<\/strong><\/p>\n\n\n\n<p>Etablissement de formation par alternance de la seconde g\u00e9n\u00e9rale au BTS Opticien Lunetier<\/p>\n\n\n\n<p>contact: accueil <\/p>\n\n\n\n<p>courriel:mfr.brioux@mfr.asso.fr<\/p>\n\n\n\n<p>site: https:\/\/www.mfr-brioux.com\/<\/p>\n\n\n\n<p>facebook: <a href=\"https:\/\/www.facebook.com\/melldansesacademy\" target=\"_blank\" rel=\"noopener\" title=\"\">https:\/\/www.facebook.com\/melldansesacademy<\/a><\/p>\n<\/div><\/div>\n\n\n\n<div class=\"wp-block-media-text alignwide is-stacked-on-mobile\" style=\"grid-template-columns:45% auto\"><figure class=\"wp-block-media-text__media\"><img decoding=\"async\" width=\"834\" height=\"826\" src=\"https:\/\/osapam.fr\/wp-content\/uploads\/2022\/08\/sans-logo.jpg\" alt=\"\" class=\"wp-image-2388 size-full\" srcset=\"https:\/\/osapam.fr\/wp-content\/uploads\/2022\/08\/sans-logo.jpg 834w, https:\/\/osapam.fr\/wp-content\/uploads\/2022\/08\/sans-logo-300x297.jpg 300w, https:\/\/osapam.fr\/wp-content\/uploads\/2022\/08\/sans-logo-150x150.jpg 150w, https:\/\/osapam.fr\/wp-content\/uploads\/2022\/08\/sans-logo-768x761.jpg 768w\" sizes=\"(max-width: 834px) 100vw, 834px\" \/><\/figure><div class=\"wp-block-media-text__content\">\n<p class=\"has-medium-font-size\"><strong>Miltouzomb&#8217;<\/strong><\/p>\n\n\n\n<p>Association de zomba et de danse<\/p>\n\n\n\n<p>contact: accueil<\/p>\n\n\n\n<p>0659463136<\/p>\n\n\n\n<p>courriel:miltouzomb1@hotmail.com<\/p>\n\n\n\n<p>site: <\/p>\n\n\n\n<p>facebook: <\/p>\n<\/div><\/div>\n\n\n\n<div class=\"wp-block-media-text alignwide is-stacked-on-mobile\" style=\"grid-template-columns:45% auto\"><figure class=\"wp-block-media-text__media\"><img loading=\"lazy\" decoding=\"async\" width=\"834\" height=\"826\" src=\"https:\/\/osapam.fr\/wp-content\/uploads\/2022\/08\/olympic-volley.jpg\" alt=\"\" class=\"wp-image-2380 size-full\" srcset=\"https:\/\/osapam.fr\/wp-content\/uploads\/2022\/08\/olympic-volley.jpg 834w, https:\/\/osapam.fr\/wp-content\/uploads\/2022\/08\/olympic-volley-300x297.jpg 300w, https:\/\/osapam.fr\/wp-content\/uploads\/2022\/08\/olympic-volley-150x150.jpg 150w, https:\/\/osapam.fr\/wp-content\/uploads\/2022\/08\/olympic-volley-768x761.jpg 768w\" sizes=\"(max-width: 834px) 100vw, 834px\" \/><\/figure><div class=\"wp-block-media-text__content\">\n<p class=\"has-medium-font-size\"><strong>Olympic Mellois Volley-ball<\/strong><\/p>\n\n\n\n<p>contact: accueil<\/p>\n\n\n\n<p>0781295241<\/p>\n\n\n\n<p>courriel: olympicmellois79@gmail.com<\/p>\n\n\n\n<p>site: facebook : <a href=\"https:\/\/m.facebook.com\/omvb79\" target=\"_blank\" rel=\"noreferrer noopener\">https:\/\/m.facebook.com\/omvb79<\/a><\/p>\n<\/div><\/div>\n\n\n\n<div class=\"wp-block-media-text alignwide is-stacked-on-mobile\" style=\"grid-template-columns:45% auto\"><figure class=\"wp-block-media-text__media\"><img loading=\"lazy\" decoding=\"async\" width=\"834\" height=\"826\" src=\"https:\/\/osapam.fr\/wp-content\/uploads\/2022\/09\/osapam-logo.jpg\" alt=\"\" class=\"wp-image-2409 size-full\" srcset=\"https:\/\/osapam.fr\/wp-content\/uploads\/2022\/09\/osapam-logo.jpg 834w, https:\/\/osapam.fr\/wp-content\/uploads\/2022\/09\/osapam-logo-300x297.jpg 300w, https:\/\/osapam.fr\/wp-content\/uploads\/2022\/09\/osapam-logo-150x150.jpg 150w, https:\/\/osapam.fr\/wp-content\/uploads\/2022\/09\/osapam-logo-768x761.jpg 768w\" sizes=\"(max-width: 834px) 100vw, 834px\" \/><\/figure><div class=\"wp-block-media-text__content\">\n<p class=\"has-medium-font-size\"><strong>OSAPAM<\/strong><\/p>\n\n\n\n<p>contact: accueil <\/p>\n\n\n\n<p>05 49 27 92 43<\/p>\n\n\n\n<p>courriel: osapam@orange.fr <\/p>\n\n\n\n<p>site: <a href=\"https:\/\/osapam.fr\/\" target=\"_blank\" rel=\"noreferrer noopener\">https:\/\/osapam.fr\/<\/a><\/p>\n\n\n\n<p>facebook: <a href=\"https:\/\/www.facebook.com\/profile.php?id=100079533751090\" target=\"_blank\" rel=\"noopener\" title=\"\">https:\/\/www.facebook.com\/profile.php?id=100079533751090<\/a><\/p>\n<\/div><\/div>\n\n\n\n<div class=\"wp-block-media-text alignwide is-stacked-on-mobile\" style=\"grid-template-columns:45% auto\"><figure class=\"wp-block-media-text__media\"><img loading=\"lazy\" decoding=\"async\" width=\"834\" height=\"826\" src=\"https:\/\/osapam.fr\/wp-content\/uploads\/2025\/09\/Perigne-tdt.jpg\" alt=\"\" class=\"wp-image-5048 size-full\" srcset=\"https:\/\/osapam.fr\/wp-content\/uploads\/2025\/09\/Perigne-tdt.jpg 834w, https:\/\/osapam.fr\/wp-content\/uploads\/2025\/09\/Perigne-tdt-300x297.jpg 300w, https:\/\/osapam.fr\/wp-content\/uploads\/2025\/09\/Perigne-tdt-150x150.jpg 150w, https:\/\/osapam.fr\/wp-content\/uploads\/2025\/09\/Perigne-tdt-768x761.jpg 768w\" sizes=\"(max-width: 834px) 100vw, 834px\" \/><\/figure><div class=\"wp-block-media-text__content\">\n<p class=\"has-medium-font-size\"><strong>P\u00e9rign\u00e9 Tennis de table<\/strong><\/p>\n\n\n\n<p>association sportive ayant pour but la pratique du tennis de table<\/p>\n\n\n\n<p>contact: accueil <\/p>\n\n\n\n<p>courriel: perignett@gmail.com<\/p>\n\n\n\n<p>site: <a href=\"https:\/\/perignett.assoconnect.com\/page\/1473681-perigne-tennis-de-table\" target=\"_blank\" rel=\"noopener\" title=\"\">https:\/\/perignett.assoconnect.com\/page\/1473681-perigne-tennis-de-table<\/a><\/p>\n\n\n\n<p>facebook: <\/p>\n<\/div><\/div>\n\n\n\n<div class=\"wp-block-media-text alignwide is-stacked-on-mobile\" style=\"grid-template-columns:45% auto\"><figure class=\"wp-block-media-text__media\"><img decoding=\"async\" width=\"834\" height=\"826\" src=\"https:\/\/osapam.fr\/wp-content\/uploads\/2022\/08\/sans-logo.jpg\" alt=\"\" class=\"wp-image-2388 size-full\" srcset=\"https:\/\/osapam.fr\/wp-content\/uploads\/2022\/08\/sans-logo.jpg 834w, https:\/\/osapam.fr\/wp-content\/uploads\/2022\/08\/sans-logo-300x297.jpg 300w, https:\/\/osapam.fr\/wp-content\/uploads\/2022\/08\/sans-logo-150x150.jpg 150w, https:\/\/osapam.fr\/wp-content\/uploads\/2022\/08\/sans-logo-768x761.jpg 768w\" sizes=\"(max-width: 834px) 100vw, 834px\" \/><\/figure><div class=\"wp-block-media-text__content\">\n<p class=\"has-medium-font-size\"><strong>QI-Gong St-L\u00e9ger 79<\/strong><\/p>\n\n\n\n<p>association ayant pour objet la pratique du Qi-Gong<\/p>\n\n\n\n<p>contact: Mme BODIN<\/p>\n\n\n\n<p>0662232535<\/p>\n\n\n\n<p>courriel: ajuin62@gmail.com<\/p>\n\n\n\n<p>site: <a href=\"http:\/\/dhrguinet.wixsite.com\/yogadhe\" target=\"_blank\" rel=\"noreferrer noopener\">http:\/\/dhrguinet.wixsite.com\/yogadhe<\/a><\/p>\n\n\n\n<p><\/p>\n<\/div><\/div>\n\n\n\n<div class=\"wp-block-media-text alignwide is-stacked-on-mobile\" style=\"grid-template-columns:45% auto\"><figure class=\"wp-block-media-text__media\"><img loading=\"lazy\" decoding=\"async\" width=\"834\" height=\"826\" src=\"https:\/\/osapam.fr\/wp-content\/uploads\/2023\/08\/logo-ROC.jpg\" alt=\"\" class=\"wp-image-3086 size-full\" srcset=\"https:\/\/osapam.fr\/wp-content\/uploads\/2023\/08\/logo-ROC.jpg 834w, https:\/\/osapam.fr\/wp-content\/uploads\/2023\/08\/logo-ROC-300x297.jpg 300w, https:\/\/osapam.fr\/wp-content\/uploads\/2023\/08\/logo-ROC-150x150.jpg 150w, https:\/\/osapam.fr\/wp-content\/uploads\/2023\/08\/logo-ROC-768x761.jpg 768w\" sizes=\"(max-width: 834px) 100vw, 834px\" \/><\/figure><div class=\"wp-block-media-text__content\">\n<p class=\"has-medium-font-size\"><strong>ROC (Rugby Olympique Club Mellois<\/strong>)<\/p>\n\n\n\n<p>contact:accueil<\/p>\n\n\n\n<p>courriel: rocmellois79500@gmail.com<\/p>\n\n\n\n<p>site: <\/p>\n\n\n\n<p>facebook: <a href=\"https:\/\/www.facebook.com\/ROCMellois\" target=\"_blank\" rel=\"noopener\" title=\"\">https:\/\/www.facebook.com\/ROCMellois<\/a><\/p>\n\n\n\n<p><\/p>\n<\/div><\/div>\n\n\n\n<div class=\"wp-block-media-text alignwide is-stacked-on-mobile\" style=\"grid-template-columns:45% auto\"><figure class=\"wp-block-media-text__media\"><img fetchpriority=\"high\" decoding=\"async\" width=\"834\" height=\"826\" src=\"https:\/\/osapam.fr\/wp-content\/uploads\/2024\/09\/sans-logo.jpg\" alt=\"\" class=\"wp-image-4635 size-full\" srcset=\"https:\/\/osapam.fr\/wp-content\/uploads\/2024\/09\/sans-logo.jpg 834w, https:\/\/osapam.fr\/wp-content\/uploads\/2024\/09\/sans-logo-300x297.jpg 300w, https:\/\/osapam.fr\/wp-content\/uploads\/2024\/09\/sans-logo-150x150.jpg 150w, https:\/\/osapam.fr\/wp-content\/uploads\/2024\/09\/sans-logo-768x761.jpg 768w\" sizes=\"(max-width: 834px) 100vw, 834px\" \/><\/figure><div class=\"wp-block-media-text__content\">\n<p class=\"has-medium-font-size\"><strong>Secours populaire fran\u00e7ais<\/strong><\/p>\n\n\n\n<p>association humanitaire venant en aide aux plus d\u00e9munis<\/p>\n\n\n\n<p>contact: accueil <\/p>\n\n\n\n<p>06 85 32 20 41<\/p>\n\n\n\n<p>courriel: melle@spf79.org<\/p>\n\n\n\n<p>site: <\/p>\n\n\n\n<p>facebook: <\/p>\n<\/div><\/div>\n\n\n\n<div class=\"wp-block-media-text alignwide is-stacked-on-mobile\" style=\"grid-template-columns:45% auto\"><figure class=\"wp-block-media-text__media\"><img loading=\"lazy\" decoding=\"async\" width=\"834\" height=\"826\" src=\"https:\/\/osapam.fr\/wp-content\/uploads\/2023\/08\/logo-capoeira-sementes-79.jpg\" alt=\"\" class=\"wp-image-2987 size-full\" srcset=\"https:\/\/osapam.fr\/wp-content\/uploads\/2023\/08\/logo-capoeira-sementes-79.jpg 834w, https:\/\/osapam.fr\/wp-content\/uploads\/2023\/08\/logo-capoeira-sementes-79-300x297.jpg 300w, https:\/\/osapam.fr\/wp-content\/uploads\/2023\/08\/logo-capoeira-sementes-79-150x150.jpg 150w, https:\/\/osapam.fr\/wp-content\/uploads\/2023\/08\/logo-capoeira-sementes-79-768x761.jpg 768w\" sizes=\"(max-width: 834px) 100vw, 834px\" \/><\/figure><div class=\"wp-block-media-text__content\">\n<p class=\"has-medium-font-size\"><strong>Sementes Da Capoiera<\/strong><\/p>\n\n\n\n<p>association ayant pour but de divulguer la culture afro-br\u00e9silienne (danse, lutte, musique, histoire, tradition)<\/p>\n\n\n\n<p>contact: <\/p>\n\n\n\n<p>0644855029<\/p>\n\n\n\n<p>courriel: sementesdacapoeira79@gmail.com<\/p>\n\n\n\n<p>site: <\/p>\n\n\n\n<p>facebook: <a href=\"https:\/\/www.facebook.com\/sementesdacapoeira79\/\" target=\"_blank\" rel=\"noopener\" title=\"\">https:\/\/www.facebook.com\/sementesdacapoeira79\/<\/a><\/p>\n\n\n\n<p><\/p>\n<\/div><\/div>\n\n\n\n<div class=\"wp-block-media-text alignwide is-stacked-on-mobile\" style=\"grid-template-columns:45% auto\"><figure class=\"wp-block-media-text__media\"><img loading=\"lazy\" decoding=\"async\" width=\"834\" height=\"826\" src=\"https:\/\/osapam.fr\/wp-content\/uploads\/2023\/08\/logo-societe-archeo-speleo-melle.jpg\" alt=\"\" class=\"wp-image-3085 size-full\" srcset=\"https:\/\/osapam.fr\/wp-content\/uploads\/2023\/08\/logo-societe-archeo-speleo-melle.jpg 834w, https:\/\/osapam.fr\/wp-content\/uploads\/2023\/08\/logo-societe-archeo-speleo-melle-300x297.jpg 300w, https:\/\/osapam.fr\/wp-content\/uploads\/2023\/08\/logo-societe-archeo-speleo-melle-150x150.jpg 150w, https:\/\/osapam.fr\/wp-content\/uploads\/2023\/08\/logo-societe-archeo-speleo-melle-768x761.jpg 768w\" sizes=\"(max-width: 834px) 100vw, 834px\" \/><\/figure><div class=\"wp-block-media-text__content\">\n<p class=\"has-medium-font-size\"><strong>Soci\u00e9t\u00e9 arch\u00e9ologique et sp\u00e9ologique du Mellois<\/strong><\/p>\n\n\n\n<p>association travaillant sur l&#8217;histoire et le patrimoine du Mellois<\/p>\n\n\n\n<p>contact: Jean-Paul Bailleul<\/p>\n\n\n\n<p>0668024465<\/p>\n\n\n\n<p>courriel: sasm.ab@orange.fr<\/p>\n\n\n\n<p>site: <a href=\"https:\/\/www.cds79-speleo.fr\/sasm-melle\/\" target=\"_blank\" rel=\"noopener\" title=\"\">https:\/\/www.cds79-speleo.fr\/sasm-melle\/ <\/a><\/p>\n\n\n\n<p><\/p>\n<\/div><\/div>\n\n\n\n<div class=\"wp-block-media-text alignwide is-stacked-on-mobile\" style=\"grid-template-columns:45% auto\"><figure class=\"wp-block-media-text__media\"><img loading=\"lazy\" decoding=\"async\" width=\"834\" height=\"826\" src=\"https:\/\/osapam.fr\/wp-content\/uploads\/2025\/01\/sans-logo-4.jpg\" alt=\"\" class=\"wp-image-4793 size-full\" srcset=\"https:\/\/osapam.fr\/wp-content\/uploads\/2025\/01\/sans-logo-4.jpg 834w, https:\/\/osapam.fr\/wp-content\/uploads\/2025\/01\/sans-logo-4-300x297.jpg 300w, https:\/\/osapam.fr\/wp-content\/uploads\/2025\/01\/sans-logo-4-150x150.jpg 150w, https:\/\/osapam.fr\/wp-content\/uploads\/2025\/01\/sans-logo-4-768x761.jpg 768w\" sizes=\"(max-width: 834px) 100vw, 834px\" \/><\/figure><div class=\"wp-block-media-text__content\">\n<p class=\"has-medium-font-size\"><strong>Sos chat Mellois<\/strong><\/p>\n\n\n\n<p>association de protection animale qui a pour objectifs de prendre en charge des chats de la rue du Pays Mellois<\/p>\n\n\n\n<p>contact: accueil<\/p>\n\n\n\n<p>courriel: soschatmellois@gmail.com<\/p>\n\n\n\n<p>site:<\/p>\n<\/div><\/div>\n\n\n\n<div class=\"wp-block-media-text alignwide is-stacked-on-mobile\" style=\"grid-template-columns:45% auto\"><figure class=\"wp-block-media-text__media\"><img loading=\"lazy\" decoding=\"async\" width=\"834\" height=\"826\" src=\"https:\/\/osapam.fr\/wp-content\/uploads\/2023\/08\/soignethique-vers2.jpg\" alt=\"\" class=\"wp-image-2885 size-full\" srcset=\"https:\/\/osapam.fr\/wp-content\/uploads\/2023\/08\/soignethique-vers2.jpg 834w, https:\/\/osapam.fr\/wp-content\/uploads\/2023\/08\/soignethique-vers2-300x297.jpg 300w, https:\/\/osapam.fr\/wp-content\/uploads\/2023\/08\/soignethique-vers2-150x150.jpg 150w, https:\/\/osapam.fr\/wp-content\/uploads\/2023\/08\/soignethique-vers2-768x761.jpg 768w\" sizes=\"(max-width: 834px) 100vw, 834px\" \/><\/figure><div class=\"wp-block-media-text__content\">\n<p class=\"has-medium-font-size\"><strong>Soign\u00e9thique Melle<\/strong><\/p>\n\n\n\n<p>association<\/p>\n\n\n\n<p>contact: accueil<\/p>\n\n\n\n<p>0608807747<\/p>\n\n\n\n<p>courriel: soignethiquemelle@proton.me<\/p>\n\n\n\n<p>site: <\/p>\n\n\n\n<p><\/p>\n<\/div><\/div>\n\n\n\n<div class=\"wp-block-media-text alignwide is-stacked-on-mobile\" style=\"grid-template-columns:45% auto\"><figure class=\"wp-block-media-text__media\"><img loading=\"lazy\" decoding=\"async\" width=\"834\" height=\"826\" src=\"https:\/\/osapam.fr\/wp-content\/uploads\/2022\/08\/spiridon-logo.jpg\" alt=\"\" class=\"wp-image-2390 size-full\" srcset=\"https:\/\/osapam.fr\/wp-content\/uploads\/2022\/08\/spiridon-logo.jpg 834w, https:\/\/osapam.fr\/wp-content\/uploads\/2022\/08\/spiridon-logo-300x297.jpg 300w, https:\/\/osapam.fr\/wp-content\/uploads\/2022\/08\/spiridon-logo-150x150.jpg 150w, https:\/\/osapam.fr\/wp-content\/uploads\/2022\/08\/spiridon-logo-768x761.jpg 768w\" sizes=\"(max-width: 834px) 100vw, 834px\" \/><\/figure><div class=\"wp-block-media-text__content\">\n<p class=\"has-medium-font-size\"><strong>Spiridon Mellois<\/strong><\/p>\n\n\n\n<p>association sportive ayant pour but le d\u00e9veloppement de la course \u00e0 pied<\/p>\n\n\n\n<p>contact: accueil<\/p>\n\n\n\n<p>courriel: <\/p>\n\n\n\n<p>site: <a href=\"https:\/\/spiridonmellois.wixsite.com\/spiridonmellois\" target=\"_blank\" rel=\"noreferrer noopener\">https:\/\/spiridonmellois.wixsite.com\/spiridonmellois<\/a><\/p>\n\n\n\n<p>facebook: <a href=\"https:\/\/www.facebook.com\/spiridon.mellois\" target=\"_blank\" rel=\"noopener\" title=\"\">https:\/\/www.facebook.com\/spiridon.mellois<\/a><\/p>\n<\/div><\/div>\n\n\n\n<div class=\"wp-block-media-text alignwide is-stacked-on-mobile\" style=\"grid-template-columns:45% auto\"><figure class=\"wp-block-media-text__media\"><img loading=\"lazy\" decoding=\"async\" width=\"834\" height=\"826\" src=\"https:\/\/osapam.fr\/wp-content\/uploads\/2024\/09\/logo-sl-bmx-site.jpg\" alt=\"\" class=\"wp-image-4704 size-full\" srcset=\"https:\/\/osapam.fr\/wp-content\/uploads\/2024\/09\/logo-sl-bmx-site.jpg 834w, https:\/\/osapam.fr\/wp-content\/uploads\/2024\/09\/logo-sl-bmx-site-300x297.jpg 300w, https:\/\/osapam.fr\/wp-content\/uploads\/2024\/09\/logo-sl-bmx-site-150x150.jpg 150w, https:\/\/osapam.fr\/wp-content\/uploads\/2024\/09\/logo-sl-bmx-site-768x761.jpg 768w\" sizes=\"(max-width: 834px) 100vw, 834px\" \/><\/figure><div class=\"wp-block-media-text__content\">\n<p class=\"has-medium-font-size\"><strong>SL-BMX<\/strong><\/p>\n\n\n\n<p>contact: accueil<\/p>\n\n\n\n<p>0673860138<\/p>\n\n\n\n<p>courriel: saintlegerbmx@gmail.com<\/p>\n\n\n\n<p>site: <\/p>\n\n\n\n<p>facebook: <a href=\"https:\/\/www.facebook.com\/SaintLegerBMX79\" target=\"_blank\" rel=\"noopener\" title=\"\">https:\/\/www.facebook.com\/SaintLegerBMX79<\/a><\/p>\n<\/div><\/div>\n\n\n\n<div class=\"wp-block-media-text alignwide is-stacked-on-mobile\" style=\"grid-template-columns:45% auto\"><figure class=\"wp-block-media-text__media\"><img loading=\"lazy\" decoding=\"async\" width=\"834\" height=\"826\" src=\"https:\/\/osapam.fr\/wp-content\/uploads\/2022\/08\/taifali.jpg\" alt=\"\" class=\"wp-image-2377 size-full\" srcset=\"https:\/\/osapam.fr\/wp-content\/uploads\/2022\/08\/taifali.jpg 834w, https:\/\/osapam.fr\/wp-content\/uploads\/2022\/08\/taifali-300x297.jpg 300w, https:\/\/osapam.fr\/wp-content\/uploads\/2022\/08\/taifali-150x150.jpg 150w, https:\/\/osapam.fr\/wp-content\/uploads\/2022\/08\/taifali-768x761.jpg 768w\" sizes=\"(max-width: 834px) 100vw, 834px\" \/><\/figure><div class=\"wp-block-media-text__content\">\n<p class=\"has-medium-font-size\"><strong>Taifali<\/strong><\/p>\n\n\n\n<p>association ayant pour but la reconstitution historique du IV-VI si\u00e8cles<\/p>\n\n\n\n<p>contact: accueil <\/p>\n\n\n\n<p>0629381512\/0681298231<\/p>\n\n\n\n<p>courriel: les.taifali@gmail.com <\/p>\n\n\n\n<p>site: <a href=\"https:\/\/www.taifali.org\/site\/\" target=\"_blank\" rel=\"noreferrer noopener\">https:\/\/www.taifali.org\/site\/<\/a><\/p>\n\n\n\n<p>facebook: <a href=\"https:\/\/www.facebook.com\/lestaifali\" target=\"_blank\" rel=\"noopener\" title=\"\">https:\/\/www.facebook.com\/lestaifali<\/a><\/p>\n<\/div><\/div>\n\n\n\n<div class=\"wp-block-media-text alignwide is-stacked-on-mobile\" style=\"grid-template-columns:45% auto\"><figure class=\"wp-block-media-text__media\"><img loading=\"lazy\" decoding=\"async\" width=\"834\" height=\"826\" src=\"https:\/\/osapam.fr\/wp-content\/uploads\/2022\/08\/tchoukball.jpg\" alt=\"\" class=\"wp-image-2365 size-full\" srcset=\"https:\/\/osapam.fr\/wp-content\/uploads\/2022\/08\/tchoukball.jpg 834w, https:\/\/osapam.fr\/wp-content\/uploads\/2022\/08\/tchoukball-300x297.jpg 300w, https:\/\/osapam.fr\/wp-content\/uploads\/2022\/08\/tchoukball-150x150.jpg 150w, https:\/\/osapam.fr\/wp-content\/uploads\/2022\/08\/tchoukball-768x761.jpg 768w\" sizes=\"(max-width: 834px) 100vw, 834px\" \/><\/figure><div class=\"wp-block-media-text__content\">\n<p class=\"has-medium-font-size\"><strong>Tchoukball Club du Mellois<\/strong><\/p>\n\n\n\n<p>contact: accueil <\/p>\n\n\n\n<p>0673929350<\/p>\n\n\n\n<p>courriel: <a href=\"mailto:tchoukball.mellois@hotmail.com\" target=\"_blank\" rel=\"noreferrer noopener\">tchoukball.mellois@hotmail.com<\/a><\/p>\n\n\n\n<p>site: <a href=\"https:\/\/fr-fr.facebook.com\/tchoukballdeMelle\/\" target=\"_blank\" rel=\"noreferrer noopener\">https:\/\/fr-fr.facebook.com\/tchoukballdeMelle\/<\/a><\/p>\n<\/div><\/div>\n\n\n\n<div class=\"wp-block-media-text alignwide is-stacked-on-mobile\" style=\"grid-template-columns:45% auto\"><figure class=\"wp-block-media-text__media\"><img loading=\"lazy\" decoding=\"async\" width=\"834\" height=\"826\" src=\"https:\/\/osapam.fr\/wp-content\/uploads\/2025\/01\/sans-logo-4.jpg\" alt=\"\" class=\"wp-image-4793 size-full\" srcset=\"https:\/\/osapam.fr\/wp-content\/uploads\/2025\/01\/sans-logo-4.jpg 834w, https:\/\/osapam.fr\/wp-content\/uploads\/2025\/01\/sans-logo-4-300x297.jpg 300w, https:\/\/osapam.fr\/wp-content\/uploads\/2025\/01\/sans-logo-4-150x150.jpg 150w, https:\/\/osapam.fr\/wp-content\/uploads\/2025\/01\/sans-logo-4-768x761.jpg 768w\" sizes=\"(max-width: 834px) 100vw, 834px\" \/><\/figure><div class=\"wp-block-media-text__content\">\n<p class=\"has-medium-font-size\"><strong>TCA 79<\/strong><\/p>\n\n\n\n<p>Association qui sensibilise sur les troubles du comportement alimentaire<\/p>\n\n\n\n<p>contact: accueil<\/p>\n\n\n\n<p><\/p>\n\n\n\n<p>courriel: <a href=\"mailto:tchoukball.mellois@hotmail.com\" target=\"_blank\" rel=\"noreferrer noopener\">associationtca79@gmail.com<\/a><\/p>\n\n\n\n<p>Facebook: <a href=\"https:\/\/www.facebook.com\/p\/TCA-79-Troubles-du-comportement-alimentaire-79-61564282139636\/\" target=\"_blank\" rel=\"noopener\" title=\"\">https:\/\/www.facebook.com\/p\/TCA-79-Troubles-du-comportement-alimentaire-79-61564282139636\/<\/a><\/p>\n<\/div><\/div>\n\n\n\n<div class=\"wp-block-media-text alignwide is-stacked-on-mobile\" style=\"grid-template-columns:45% auto\"><figure class=\"wp-block-media-text__media\"><img loading=\"lazy\" decoding=\"async\" width=\"834\" height=\"826\" src=\"https:\/\/osapam.fr\/wp-content\/uploads\/2025\/01\/sans-logo-4.jpg\" alt=\"\" class=\"wp-image-4793 size-full\" srcset=\"https:\/\/osapam.fr\/wp-content\/uploads\/2025\/01\/sans-logo-4.jpg 834w, https:\/\/osapam.fr\/wp-content\/uploads\/2025\/01\/sans-logo-4-300x297.jpg 300w, https:\/\/osapam.fr\/wp-content\/uploads\/2025\/01\/sans-logo-4-150x150.jpg 150w, https:\/\/osapam.fr\/wp-content\/uploads\/2025\/01\/sans-logo-4-768x761.jpg 768w\" sizes=\"(max-width: 834px) 100vw, 834px\" \/><\/figure><div class=\"wp-block-media-text__content\">\n<p class=\"has-medium-font-size\">TDM-Train du Mellois<\/p>\n\n\n\n<p>Balade touristique en petit train<\/p>\n\n\n\n<p>contact: accueil<\/p>\n\n\n\n<p>0608678365<\/p>\n\n\n\n<p>courriel: <\/p>\n\n\n\n<p>Facebook: <a href=\"https:\/\/www.facebook.com\/AssociationTDM\/\" target=\"_blank\" rel=\"noopener\" title=\"\">https:\/\/www.facebook.com\/AssociationTDM\/<\/a><\/p>\n<\/div><\/div>\n\n\n\n<div class=\"wp-block-media-text alignwide is-stacked-on-mobile\" style=\"grid-template-columns:45% auto\"><figure class=\"wp-block-media-text__media\"><img fetchpriority=\"high\" decoding=\"async\" width=\"834\" height=\"826\" src=\"https:\/\/osapam.fr\/wp-content\/uploads\/2024\/09\/sans-logo.jpg\" alt=\"\" class=\"wp-image-4635 size-full\" srcset=\"https:\/\/osapam.fr\/wp-content\/uploads\/2024\/09\/sans-logo.jpg 834w, https:\/\/osapam.fr\/wp-content\/uploads\/2024\/09\/sans-logo-300x297.jpg 300w, https:\/\/osapam.fr\/wp-content\/uploads\/2024\/09\/sans-logo-150x150.jpg 150w, https:\/\/osapam.fr\/wp-content\/uploads\/2024\/09\/sans-logo-768x761.jpg 768w\" sizes=\"(max-width: 834px) 100vw, 834px\" \/><\/figure><div class=\"wp-block-media-text__content\">\n<p class=\"has-medium-font-size\"><strong>Team Evasion Nature<\/strong><\/p>\n\n\n\n<p>Club de VTT<\/p>\n\n\n\n<p>contact: accueil<\/p>\n\n\n\n<p>0623158428<\/p>\n\n\n\n<p>courriel:tidji.bergeron@sfr.fr<\/p>\n\n\n\n<p>site: <\/p>\n\n\n\n<p>facebook: <a href=\"https:\/\/www.facebook.com\/groups\/439019429522659\" target=\"_blank\" rel=\"noopener\" title=\"\">https:\/\/www.facebook.com\/groups\/439019429522659<\/a><\/p>\n<\/div><\/div>\n\n\n\n<div class=\"wp-block-media-text alignwide is-stacked-on-mobile\" style=\"grid-template-columns:45% auto\"><figure class=\"wp-block-media-text__media\"><img loading=\"lazy\" decoding=\"async\" width=\"255\" height=\"258\" src=\"https:\/\/osapam.fr\/wp-content\/uploads\/2024\/09\/tennis-club-de-melle.jpg\" alt=\"\" class=\"wp-image-4688 size-full\"\/><\/figure><div class=\"wp-block-media-text__content\">\n<p class=\"has-medium-font-size\"><strong>Tennis Club de Melle<\/strong><\/p>\n\n\n\n<p>contact: accueil<\/p>\n\n\n\n<p>0608617265<\/p>\n\n\n\n<p>courriel: <a href=\"mailto:tennisclubdemelle@bbox.fr\">tennisclubdemelle@bbox.fr<\/a><\/p>\n\n\n\n<p>site: <a href=\"https:\/\/sites.google.com\/site\/tennisclubdemelle\" target=\"_blank\" rel=\"noreferrer noopener\">https:\/\/www.tennisclubdemelle.com\/<\/a><\/p>\n\n\n\n<p>facebook: <a href=\"https:\/\/www.facebook.com\/profile.php?id=100086199800287\" target=\"_blank\" rel=\"noopener\" title=\"\">https:\/\/www.facebook.com\/profile.php?id=100086199800287<\/a><\/p>\n<\/div><\/div>\n\n\n\n<div class=\"wp-block-media-text alignwide is-stacked-on-mobile\" style=\"grid-template-columns:45% auto\"><figure class=\"wp-block-media-text__media\"><img loading=\"lazy\" decoding=\"async\" width=\"834\" height=\"826\" src=\"https:\/\/osapam.fr\/wp-content\/uploads\/2022\/08\/troll-mellois.jpg\" alt=\"\" class=\"wp-image-2369 size-full\" srcset=\"https:\/\/osapam.fr\/wp-content\/uploads\/2022\/08\/troll-mellois.jpg 834w, https:\/\/osapam.fr\/wp-content\/uploads\/2022\/08\/troll-mellois-300x297.jpg 300w, https:\/\/osapam.fr\/wp-content\/uploads\/2022\/08\/troll-mellois-150x150.jpg 150w, https:\/\/osapam.fr\/wp-content\/uploads\/2022\/08\/troll-mellois-768x761.jpg 768w\" sizes=\"(max-width: 834px) 100vw, 834px\" \/><\/figure><div class=\"wp-block-media-text__content\">\n<p class=\"has-medium-font-size\"><strong>Troupe Roller Melloise<\/strong><\/p>\n\n\n\n<p>association sportive ayant \u00e0 coeur de pouvoir r\u00e9unir et offrir la possibilit\u00e9 au plus grand nombre de pratiquer un sport, un loisir. D\u00e9couverte du roller, ses sensations et toutes les possibilit\u00e9s et potentialit\u00e9s que cette pratique a, \u00e0 offrir, \u00e0 tout \u00e2ge.<\/p>\n\n\n\n<p>contact: accueil <\/p>\n\n\n\n<p>0633027338<\/p>\n\n\n\n<p>courriel: trollmelloise@gmail.com <\/p>\n\n\n\n<p>site: <\/p>\n\n\n\n<p>facebook: <a href=\"https:\/\/fr-fr.facebook.com\/TroupeRollerMelloise\" target=\"_blank\" rel=\"noreferrer noopener\">https:\/\/fr-fr.facebook.com\/TroupeRollerMelloise<\/a><\/p>\n<\/div><\/div>\n\n\n\n<div class=\"wp-block-media-text alignwide is-stacked-on-mobile\" style=\"grid-template-columns:45% auto\"><figure class=\"wp-block-media-text__media\"><img loading=\"lazy\" decoding=\"async\" width=\"225\" height=\"225\" src=\"https:\/\/osapam.fr\/wp-content\/uploads\/2022\/08\/udaf-79.png\" alt=\"\" class=\"wp-image-2355 size-full\" srcset=\"https:\/\/osapam.fr\/wp-content\/uploads\/2022\/08\/udaf-79.png 225w, https:\/\/osapam.fr\/wp-content\/uploads\/2022\/08\/udaf-79-150x150.png 150w\" sizes=\"(max-width: 225px) 100vw, 225px\" \/><\/figure><div class=\"wp-block-media-text__content\">\n<p class=\"has-medium-font-size\"><strong>UDAF 79<\/strong><\/p>\n\n\n\n<p>association <\/p>\n\n\n\n<p>contact: accueil <\/p>\n\n\n\n<p><\/p>\n\n\n\n<p>courriel: udaf@udaf79.asso.fr<\/p>\n\n\n\n<p>site: <a href=\"http:\/\/www.udaf79.fr\/\">http:\/\/www.udaf79.fr\/<\/a><\/p>\n\n\n\n<p>facebook: <a href=\"https:\/\/www.facebook.com\/udaf.deuxsevres.3\" target=\"_blank\" rel=\"noopener\" title=\"\">https:\/\/www.facebook.com\/udaf.deuxsevres.3<\/a><\/p>\n<\/div><\/div>\n\n\n\n<div class=\"wp-block-media-text alignwide is-stacked-on-mobile\" style=\"grid-template-columns:45% auto\"><figure class=\"wp-block-media-text__media\"><img fetchpriority=\"high\" decoding=\"async\" width=\"834\" height=\"826\" src=\"https:\/\/osapam.fr\/wp-content\/uploads\/2024\/09\/sans-logo.jpg\" alt=\"\" class=\"wp-image-4635 size-full\" srcset=\"https:\/\/osapam.fr\/wp-content\/uploads\/2024\/09\/sans-logo.jpg 834w, https:\/\/osapam.fr\/wp-content\/uploads\/2024\/09\/sans-logo-300x297.jpg 300w, https:\/\/osapam.fr\/wp-content\/uploads\/2024\/09\/sans-logo-150x150.jpg 150w, https:\/\/osapam.fr\/wp-content\/uploads\/2024\/09\/sans-logo-768x761.jpg 768w\" sizes=\"(max-width: 834px) 100vw, 834px\" \/><\/figure><div class=\"wp-block-media-text__content\">\n<p class=\"has-medium-font-size\"><strong>UFC Que choisir des Deux S\u00e8vres<\/strong><\/p>\n\n\n\n<p>association pour la d\u00e9fense des consommateurs<\/p>\n\n\n\n<p>contact: accueil<\/p>\n\n\n\n<p>0549090440<\/p>\n\n\n\n<p>courriel: contact@deuxsevres.ufcquechoisir.fr<\/p>\n\n\n\n<p>site: <\/p>\n\n\n\n<p>facebook: <\/p>\n\n\n\n<p><\/p>\n<\/div><\/div>\n\n\n\n<div class=\"wp-block-media-text alignwide is-stacked-on-mobile\" style=\"grid-template-columns:45% auto\"><figure class=\"wp-block-media-text__media\"><img loading=\"lazy\" decoding=\"async\" width=\"834\" height=\"826\" src=\"https:\/\/osapam.fr\/wp-content\/uploads\/2025\/09\/UNAFAM.jpg\" alt=\"\" class=\"wp-image-5059 size-full\" srcset=\"https:\/\/osapam.fr\/wp-content\/uploads\/2025\/09\/UNAFAM.jpg 834w, https:\/\/osapam.fr\/wp-content\/uploads\/2025\/09\/UNAFAM-300x297.jpg 300w, https:\/\/osapam.fr\/wp-content\/uploads\/2025\/09\/UNAFAM-150x150.jpg 150w, https:\/\/osapam.fr\/wp-content\/uploads\/2025\/09\/UNAFAM-768x761.jpg 768w\" sizes=\"(max-width: 834px) 100vw, 834px\" \/><\/figure><div class=\"wp-block-media-text__content\">\n<p class=\"has-medium-font-size\"><strong>UNAFAM<\/strong><\/p>\n\n\n\n<p>association de familles pour le soutien d&#8217;autre familles impact\u00e9es par un procheen difficult\u00e9 psychique<\/p>\n\n\n\n<p>contact: accueil<\/p>\n\n\n\n<p>0780506597<\/p>\n\n\n\n<p>courriel:79@unafam.org<\/p>\n\n\n\n<p>site:https:\/\/www.unafam.org\/<\/p>\n\n\n\n<p>facebook: <\/p>\n<\/div><\/div>\n\n\n\n<div class=\"wp-block-media-text alignwide is-stacked-on-mobile\" style=\"grid-template-columns:45% auto\"><figure class=\"wp-block-media-text__media\"><img loading=\"lazy\" decoding=\"async\" width=\"834\" height=\"826\" src=\"https:\/\/osapam.fr\/wp-content\/uploads\/2024\/09\/logo-US-LEZAY.jpg\" alt=\"\" class=\"wp-image-4703 size-full\" srcset=\"https:\/\/osapam.fr\/wp-content\/uploads\/2024\/09\/logo-US-LEZAY.jpg 834w, https:\/\/osapam.fr\/wp-content\/uploads\/2024\/09\/logo-US-LEZAY-300x297.jpg 300w, https:\/\/osapam.fr\/wp-content\/uploads\/2024\/09\/logo-US-LEZAY-150x150.jpg 150w, https:\/\/osapam.fr\/wp-content\/uploads\/2024\/09\/logo-US-LEZAY-768x761.jpg 768w\" sizes=\"(max-width: 834px) 100vw, 834px\" \/><\/figure><div class=\"wp-block-media-text__content\">\n<p class=\"has-medium-font-size\"><strong>Union Sportive Lezay<\/strong><\/p>\n\n\n\n<p>association visant \u00e0 d\u00e9velopper la pratique du football sur Lezay et ses environs<\/p>\n\n\n\n<p>contact: accueil<\/p>\n\n\n\n<p>courriel: <\/p>\n\n\n\n<p>site: <\/p>\n\n\n\n<p>facebook: <a href=\"https:\/\/www.facebook.com\/profile.php?id=100086030031575\" target=\"_blank\" rel=\"noopener\" title=\"\">https:\/\/www.facebook.com\/profile.php?id=100086030031575<\/a><\/p>\n\n\n\n<p><\/p>\n<\/div><\/div>\n\n\n\n<div class=\"wp-block-media-text alignwide is-stacked-on-mobile\" style=\"grid-template-columns:45% auto\"><figure class=\"wp-block-media-text__media\"><img loading=\"lazy\" decoding=\"async\" width=\"834\" height=\"826\" src=\"https:\/\/osapam.fr\/wp-content\/uploads\/2022\/08\/yoga-dhe-1.jpg\" alt=\"\" class=\"wp-image-2371 size-full\" srcset=\"https:\/\/osapam.fr\/wp-content\/uploads\/2022\/08\/yoga-dhe-1.jpg 834w, https:\/\/osapam.fr\/wp-content\/uploads\/2022\/08\/yoga-dhe-1-300x297.jpg 300w, https:\/\/osapam.fr\/wp-content\/uploads\/2022\/08\/yoga-dhe-1-150x150.jpg 150w, https:\/\/osapam.fr\/wp-content\/uploads\/2022\/08\/yoga-dhe-1-768x761.jpg 768w\" sizes=\"(max-width: 834px) 100vw, 834px\" \/><\/figure><div class=\"wp-block-media-text__content\">\n<p class=\"has-medium-font-size\"><strong>Yoga Dh\u00e9<\/strong><\/p>\n\n\n\n<p>association <\/p>\n\n\n\n<p>contact: Mme DUDAN 0682174459<\/p>\n\n\n\n<p>courriel: caroline.dudan@sfr.fr<\/p>\n\n\n\n<p>site: <a href=\"https:\/\/dhrguinet.wixsite.com\/yogadhe\">https:\/\/dhrguinet.wixsite.com\/yogadhe<\/a><\/p>\n<\/div><\/div>\n<\/div>\n<\/div>\n","protected":false},"excerpt":{"rendered":"<p>Pr\u00e9sentation et contact des Associations Forum 2025 2 MCS association proposant des cours de country et de yoga, ainsi que des animations en lien avec&hellip;<\/p>\n","protected":false},"author":1,"featured_media":0,"parent":0,"menu_order":0,"comment_status":"closed","ping_status":"closed","template":"","meta":{"_uag_custom_page_level_css":"","_monsterinsights_skip_tracking":false,"_monsterinsights_sitenote_active":false,"_monsterinsights_sitenote_note":"","_monsterinsights_sitenote_category":0,"footnotes":""},"aioseo_notices":[],"uagb_featured_image_src":{"full":false,"thumbnail":false,"medium":false,"medium_large":false,"large":false,"1536x1536":false,"2048x2048":false},"uagb_author_info":{"display_name":"Administrateur","author_link":"https:\/\/osapam.fr\/pt\/author\/admin4376\/"},"uagb_comment_info":0,"uagb_excerpt":"Pr\u00e9sentation et contact des Associations Forum 2025 2 MCS association proposant des cours de country et de yoga, ainsi que des animations en lien avec&hellip;","_links":{"self":[{"href":"https:\/\/osapam.fr\/pt\/wp-json\/wp\/v2\/pages\/2088"}],"collection":[{"href":"https:\/\/osapam.fr\/pt\/wp-json\/wp\/v2\/pages"}],"about":[{"href":"https:\/\/osapam.fr\/pt\/wp-json\/wp\/v2\/types\/page"}],"author":[{"embeddable":true,"href":"https:\/\/osapam.fr\/pt\/wp-json\/wp\/v2\/users\/1"}],"replies":[{"embeddable":true,"href":"https:\/\/osapam.fr\/pt\/wp-json\/wp\/v2\/comments?post=2088"}],"version-history":[{"count":104,"href":"https:\/\/osapam.fr\/pt\/wp-json\/wp\/v2\/pages\/2088\/revisions"}],"predecessor-version":[{"id":5062,"href":"https:\/\/osapam.fr\/pt\/wp-json\/wp\/v2\/pages\/2088\/revisions\/5062"}],"wp:attachment":[{"href":"https:\/\/osapam.fr\/pt\/wp-json\/wp\/v2\/media?parent=2088"}],"curies":[{"name":"wp","href":"https:\/\/api.w.org\/{rel}","templated":true}]}}