{"id":2088,"date":"2023-08-13T17:53:00","date_gmt":"2023-08-13T15:53:00","guid":{"rendered":"https:\/\/osapam.fr\/?page_id=2088"},"modified":"2026-09-03T09:57:33","modified_gmt":"2026-09-03T07:57:33","slug":"associations-participantes-forum-2024","status":"publish","type":"page","link":"https:\/\/osapam.fr\/nl\/associations-participantes-forum-2024\/","title":{"rendered":"Pr\u00e9sentation des Associations participantes au Forum 2026"},"content":{"rendered":"\n<h1 class=\"wp-block-heading has-text-align-center has-luminous-vivid-orange-color has-text-color has-x-large-font-size\"><strong>Pr\u00e9sentation et contacts des Associations<\/strong><\/h1>\n\n\n\n<h2 class=\"wp-block-heading has-text-align-center has-luminous-vivid-orange-color has-text-color has-x-large-font-size\"><strong>Forum 2026<\/strong><\/h2>\n\n\n\n<p class=\"wp-block-paragraph\">Listes des associations par cat\u00e9gories:<\/p>\n\n\n\n<ul class=\"wp-block-list\">\n<li>-Sports- activit\u00e9s physiques et sportives : <a href=\"https:\/\/osapam.fr\/wp-content\/uploads\/2026\/09\/SPORTS-ACTIV-PHYS-emplacement-tivoli-stand-2026.pdf\" target=\"_blank\" rel=\"noopener\" title=\"\">https:\/\/osapam.fr\/wp-content\/uploads\/2026\/09\/SPORTS-ACTIV-PHYS-emplacement-tivoli-stand-2026.pdf<\/a><\/li>\n\n\n\n<li>-Entraide, social, sant\u00e9, environnement : <a href=\"https:\/\/osapam.fr\/wp-content\/uploads\/2026\/09\/ENTRAIDE-SOCIAL-SANTE-ENVIRONM-emplacement-tivoli-stand-2026.pdf\" target=\"_blank\" rel=\"noopener\" title=\"\">https:\/\/osapam.fr\/wp-content\/uploads\/2026\/09\/ENTRAIDE-SOCIAL-SANTE-ENVIRONM-emplacement-tivoli-stand-2026.pdf<\/a><\/li>\n\n\n\n<li>-Activit\u00e9s de loisirs,artistiques,culturelles :<a href=\"https:\/\/osapam.fr\/wp-content\/uploads\/2026\/09\/ACTIVITES-DE-LOISIRS-ARTISTIQUES-CULTURELLES.pdf\" target=\"_blank\" rel=\"noopener\" title=\"\"> <\/a><a href=\"https:\/\/osapam.fr\/wp-content\/uploads\/2026\/09\/LOISIRS-CULTURELLE-ARTISTIQUE-emplacement-tivoli-stand-2026.pdf\" target=\"_blank\" rel=\"noopener\" title=\"\">https:\/\/osapam.fr\/wp-content\/uploads\/2026\/09\/LOISIRS-CULTURELLE-ARTISTIQUE-emplacement-tivoli-stand-2026.pdf<\/a><\/li>\n<\/ul>\n\n\n\n<div class=\"wp-block-columns alignwide is-layout-flex wp-container-core-columns-is-layout-8f761849 wp-block-columns-is-layout-flex\">\n<div class=\"wp-block-column is-layout-flow wp-block-column-is-layout-flow\">\n<div class=\"wp-block-media-text alignwide is-stacked-on-mobile\" style=\"grid-template-columns:45% auto\"><figure class=\"wp-block-media-text__media\"><img fetchpriority=\"high\" decoding=\"async\" width=\"834\" height=\"826\" src=\"https:\/\/osapam.fr\/wp-content\/uploads\/2026\/09\/admr.jpg\" alt=\"\" class=\"wp-image-5516 size-full\" srcset=\"https:\/\/osapam.fr\/wp-content\/uploads\/2026\/09\/admr.jpg 834w, https:\/\/osapam.fr\/wp-content\/uploads\/2026\/09\/admr-300x297.jpg 300w, https:\/\/osapam.fr\/wp-content\/uploads\/2026\/09\/admr-150x150.jpg 150w, https:\/\/osapam.fr\/wp-content\/uploads\/2026\/09\/admr-768x761.jpg 768w\" sizes=\"(max-width: 834px) 100vw, 834px\" \/><\/figure><div class=\"wp-block-media-text__content\">\n<p class=\"has-medium-font-size wp-block-paragraph\"><strong>ADMR Celles-Melle<\/strong><\/p>\n\n\n\n<p class=\"has-medium-font-size wp-block-paragraph\"><strong> <\/strong><\/p>\n\n\n\n<p class=\"has-text-align-left wp-block-paragraph\">Association d&#8217;aide au maintien \u00e0 domicile pour tous et pour toute la vie.<\/p>\n\n\n\n<p class=\"has-text-align-left wp-block-paragraph\">contact: 05.49.35.06.00<\/p>\n\n\n\n<p class=\"wp-block-paragraph\">courriel: admr.cellesmelle@fede79.admr.org<\/p>\n\n\n\n<p class=\"wp-block-paragraph\">site: <a href=\"https:\/\/www.fede79.admr.org\/associations\/admr-celles-melle\" target=\"_blank\" rel=\"noopener\" title=\"\">https:\/\/www.fede79.admr.org\/associations\/admr-celles-melle<\/a><\/p>\n\n\n\n<p class=\"wp-block-paragraph\">facebook: <a href=\"https:\/\/www.facebook.com\/search\/top?q=admr%20des%20deux-s%C3%A8vres\" target=\"_blank\" rel=\"noopener\" title=\"\">https:\/\/www.facebook.com\/search\/top?q=admr%20des%20deux-s%C3%A8vres<\/a><\/p>\n<\/div><\/div>\n\n\n\n<div class=\"wp-block-media-text alignwide is-stacked-on-mobile\" style=\"grid-template-columns:45% auto\"><figure class=\"wp-block-media-text__media\"><img decoding=\"async\" width=\"834\" height=\"826\" src=\"https:\/\/osapam.fr\/wp-content\/uploads\/2026\/09\/AEPM-2.jpg\" alt=\"\" class=\"wp-image-5522 size-full\" srcset=\"https:\/\/osapam.fr\/wp-content\/uploads\/2026\/09\/AEPM-2.jpg 834w, https:\/\/osapam.fr\/wp-content\/uploads\/2026\/09\/AEPM-2-300x297.jpg 300w, https:\/\/osapam.fr\/wp-content\/uploads\/2026\/09\/AEPM-2-150x150.jpg 150w, https:\/\/osapam.fr\/wp-content\/uploads\/2026\/09\/AEPM-2-768x761.jpg 768w\" sizes=\"(max-width: 834px) 100vw, 834px\" \/><\/figure><div class=\"wp-block-media-text__content\">\n<p class=\"has-medium-font-size wp-block-paragraph\">Aide et Entraide en Pays Mellois (AEPM)<\/p>\n\n\n\n<p class=\"has-medium-font-size wp-block-paragraph\"><strong> <\/strong><\/p>\n\n\n\n<p class=\"has-text-align-left wp-block-paragraph\">Association qui oeuvre pour la r\u00e9insertion socioprofessionnelle et l&#8217;accompagnement des personnes en difficult\u00e9.<\/p>\n\n\n\n<p class=\"has-text-align-left wp-block-paragraph\">contact: 07.43.15.17.68<\/p>\n\n\n\n<p class=\"wp-block-paragraph\">courriel: <a href=\"mailto:daniel.f@aepm.fr\">daniel.f@aepm.fr<\/a><\/p>\n\n\n\n<p class=\"wp-block-paragraph\">site: <a href=\"https:\/\/aepm.fr\/\" target=\"_blank\" rel=\"noopener\" title=\"\">https:\/\/aepm.fr\/<\/a><\/p>\n\n\n\n<p class=\"wp-block-paragraph\">facebook: <a href=\"https:\/\/www.facebook.com\/aepm.fr\" target=\"_blank\" rel=\"noopener\" title=\"\">https:\/\/www.facebook.com\/aepm.fr<\/a><\/p>\n\n\n\n<p class=\"wp-block-paragraph\">instagram: <a href=\"https:\/\/www.instagram.com\/aideentraideenpays\/\" target=\"_blank\" rel=\"noopener\" title=\"\">https:\/\/www.instagram.com\/aideentraideenpays\/<\/a><\/p>\n<\/div><\/div>\n\n\n\n<div class=\"wp-block-media-text is-stacked-on-mobile is-vertically-aligned-center\" style=\"grid-template-columns:45% auto\"><figure class=\"wp-block-media-text__media\"><img decoding=\"async\" width=\"834\" height=\"826\" src=\"https:\/\/osapam.fr\/wp-content\/uploads\/2022\/08\/sans-logo.jpg\" alt=\"\" class=\"wp-image-2388 size-full\" srcset=\"https:\/\/osapam.fr\/wp-content\/uploads\/2022\/08\/sans-logo.jpg 834w, https:\/\/osapam.fr\/wp-content\/uploads\/2022\/08\/sans-logo-300x297.jpg 300w, https:\/\/osapam.fr\/wp-content\/uploads\/2022\/08\/sans-logo-150x150.jpg 150w, https:\/\/osapam.fr\/wp-content\/uploads\/2022\/08\/sans-logo-768x761.jpg 768w\" sizes=\"(max-width: 834px) 100vw, 834px\" \/><\/figure><div class=\"wp-block-media-text__content\">\n<p class=\"has-medium-font-size wp-block-paragraph\"><strong>A\u00efkido Club Mellois<\/strong><\/p>\n\n\n\n<p class=\"wp-block-paragraph\">Association sportive proposant des cours d&#8217;A\u00efkido \u00e0 parti de 14 ans<\/p>\n\n\n\n<p class=\"wp-block-paragraph\">contact: 06.28.72.03.82<\/p>\n\n\n\n<p class=\"wp-block-paragraph\">courriel: aikidomellois@outlook.com<\/p>\n\n\n\n<p class=\"wp-block-paragraph\">facebook: <a href=\"https:\/\/fr-fr.facebook.com\/aikidoclubmellois\/\" target=\"_blank\" rel=\"noreferrer noopener\">https:\/\/fr-fr.facebook.com\/aikidoclubmellois\/<\/a><\/p>\n<\/div><\/div>\n<\/div>\n\n\n\n<div class=\"wp-block-column is-layout-flow wp-block-column-is-layout-flow\"><\/div>\n<\/div>\n\n\n\n<div class=\"wp-block-columns alignwide is-layout-flex wp-container-core-columns-is-layout-8f761849 wp-block-columns-is-layout-flex\">\n<div class=\"wp-block-column is-layout-flow wp-block-column-is-layout-flow\">\n<div class=\"wp-block-media-text alignwide is-stacked-on-mobile\" style=\"grid-template-columns:45% auto\"><figure class=\"wp-block-media-text__media\"><img loading=\"lazy\" decoding=\"async\" width=\"834\" height=\"826\" src=\"https:\/\/osapam.fr\/wp-content\/uploads\/2024\/09\/logo-AIPM-site.jpg\" alt=\"\" class=\"wp-image-4690 size-full\" srcset=\"https:\/\/osapam.fr\/wp-content\/uploads\/2024\/09\/logo-AIPM-site.jpg 834w, https:\/\/osapam.fr\/wp-content\/uploads\/2024\/09\/logo-AIPM-site-300x297.jpg 300w, https:\/\/osapam.fr\/wp-content\/uploads\/2024\/09\/logo-AIPM-site-150x150.jpg 150w, https:\/\/osapam.fr\/wp-content\/uploads\/2024\/09\/logo-AIPM-site-768x761.jpg 768w\" sizes=\"(max-width: 834px) 100vw, 834px\" \/><\/figure><div class=\"wp-block-media-text__content\">\n<p class=\"has-medium-font-size wp-block-paragraph\"><strong>AIPM    <\/strong><\/p>\n\n\n\n<p class=\"has-text-align-left wp-block-paragraph\">Association d&#8217;insertion par l&#8217;activit\u00e9 \u00e9conomique: service \u00e0 la personne, chantier d&#8217;insertion, etc.<\/p>\n\n\n\n<p class=\"has-text-align-left wp-block-paragraph\">contact: 05.49.29.03.72<\/p>\n\n\n\n<p class=\"wp-block-paragraph\">courriel: contact@aipm.fr<\/p>\n\n\n\n<p class=\"wp-block-paragraph\">site: <a href=\"https:\/\/aipm.fr\/\" target=\"_blank\" rel=\"noopener\" title=\"\">https:\/\/aipm.fr\/<\/a><\/p>\n\n\n\n<p class=\"wp-block-paragraph\">facebook: <a href=\"https:\/\/www.facebook.com\/p\/AIPM-100066833769494\/\" target=\"_blank\" rel=\"noopener\" title=\"\">https:\/\/www.facebook.com\/p\/AIPM-100066833769494\/<\/a><\/p>\n\n\n\n<p class=\"wp-block-paragraph\">instagram: <a href=\"https:\/\/www.instagram.com\/aipm.79\/\" target=\"_blank\" rel=\"noopener\" title=\"\">https:\/\/www.instagram.com\/aipm.79\/<\/a><\/p>\n<\/div><\/div>\n\n\n\n<div class=\"wp-block-media-text alignwide is-stacked-on-mobile\" style=\"grid-template-columns:45% auto\"><figure class=\"wp-block-media-text__media\"><img loading=\"lazy\" decoding=\"async\" width=\"834\" height=\"826\" src=\"https:\/\/osapam.fr\/wp-content\/uploads\/2025\/01\/sans-logo-5.jpg\" alt=\"\" class=\"wp-image-4794 size-full\" srcset=\"https:\/\/osapam.fr\/wp-content\/uploads\/2025\/01\/sans-logo-5.jpg 834w, https:\/\/osapam.fr\/wp-content\/uploads\/2025\/01\/sans-logo-5-300x297.jpg 300w, https:\/\/osapam.fr\/wp-content\/uploads\/2025\/01\/sans-logo-5-150x150.jpg 150w, https:\/\/osapam.fr\/wp-content\/uploads\/2025\/01\/sans-logo-5-768x761.jpg 768w\" sizes=\"(max-width: 834px) 100vw, 834px\" \/><\/figure><div class=\"wp-block-media-text__content\">\n<p class=\"has-medium-font-size wp-block-paragraph\"><strong>Ampere    <\/strong><\/p>\n\n\n\n<p class=\"wp-block-paragraph\">Association qui a pour objet d\u2019agir dans tous les domaines relevant de la ma\u00eetrise des consommations \u00e9nerg\u00e9tiques, de la promotion, du d\u00e9veloppement et de la production des \u00e9nergies renouvelables.<\/p>\n\n\n\n<p class=\"has-text-align-left wp-block-paragraph\">contact: 06.13.01.72.06<\/p>\n\n\n\n<p class=\"wp-block-paragraph\">courriel: <a href=\"mailto:contact@energie-citoyenne-en-mellois.org\">contact@energie-citoyenne-en-mellois.org<\/a><\/p>\n\n\n\n<p class=\"wp-block-paragraph\">site: <a href=\"https:\/\/www.ampere79.org\/\" target=\"_blank\" rel=\"noopener\" title=\"\">https:\/\/www.ampere79.org\/<\/a><\/p>\n<\/div><\/div>\n\n\n\n<div class=\"wp-block-media-text alignwide is-stacked-on-mobile\" style=\"grid-template-columns:45% auto\"><figure class=\"wp-block-media-text__media\"><img loading=\"lazy\" decoding=\"async\" width=\"503\" height=\"503\" src=\"https:\/\/osapam.fr\/wp-content\/uploads\/2024\/09\/amusform.jpg\" alt=\"\" class=\"wp-image-4638 size-full\" srcset=\"https:\/\/osapam.fr\/wp-content\/uploads\/2024\/09\/amusform.jpg 503w, https:\/\/osapam.fr\/wp-content\/uploads\/2024\/09\/amusform-300x300.jpg 300w, https:\/\/osapam.fr\/wp-content\/uploads\/2024\/09\/amusform-150x150.jpg 150w\" sizes=\"(max-width: 503px) 100vw, 503px\" \/><\/figure><div class=\"wp-block-media-text__content\">\n<p class=\"has-medium-font-size wp-block-paragraph\"><strong>Amus&#8217;Form    <\/strong><\/p>\n\n\n\n<p class=\"has-text-align-left wp-block-paragraph\">Association proposant des activit\u00e9s de remises en forme (Bodyzen, Pilates, Tonic Fit, Cardiotraining) sur Pouffonds et St Vincent la Ch\u00e2tre<\/p>\n\n\n\n<p class=\"has-text-align-left wp-block-paragraph\">contact: 06.18.18.82.91<\/p>\n\n\n\n<p class=\"wp-block-paragraph\">courriel: audreyberland1@gmail.com<\/p>\n\n\n\n<p class=\"wp-block-paragraph\">facebook: <a href=\"https:\/\/fr-fr.facebook.com\/amusform\/\" target=\"_blank\" rel=\"noreferrer noopener\">https:\/\/fr-fr.facebook.com\/amusform\/<\/a><\/p>\n\n\n\n<p class=\"wp-block-paragraph\">instagram: <a href=\"https:\/\/www.instagram.com\/amusform\/\" target=\"_blank\" rel=\"noopener\" title=\"\">https:\/\/www.instagram.com\/amusform\/<\/a><\/p>\n<\/div><\/div>\n\n\n\n<div class=\"wp-block-media-text alignwide is-stacked-on-mobile\" style=\"grid-template-columns:45% auto\"><figure class=\"wp-block-media-text__media\"><img loading=\"lazy\" decoding=\"async\" width=\"834\" height=\"826\" src=\"https:\/\/osapam.fr\/wp-content\/uploads\/2025\/09\/Loup-garou-cavale.jpg\" alt=\"\" class=\"wp-image-5037 size-full\" srcset=\"https:\/\/osapam.fr\/wp-content\/uploads\/2025\/09\/Loup-garou-cavale.jpg 834w, https:\/\/osapam.fr\/wp-content\/uploads\/2025\/09\/Loup-garou-cavale-300x297.jpg 300w, https:\/\/osapam.fr\/wp-content\/uploads\/2025\/09\/Loup-garou-cavale-150x150.jpg 150w, https:\/\/osapam.fr\/wp-content\/uploads\/2025\/09\/Loup-garou-cavale-768x761.jpg 768w\" sizes=\"(max-width: 834px) 100vw, 834px\" \/><\/figure><div class=\"wp-block-media-text__content\">\n<p class=\"has-medium-font-size wp-block-paragraph\">Association Cavale<\/p>\n\n\n\n<p class=\"has-text-align-left wp-block-paragraph\">Association qui imagine, con\u00e7oit et organise l\u2019int\u00e9gralit\u00e9 de ses&nbsp;s\u00e9jours de vacances&nbsp;agr\u00e9\u00e9s \u00abJeunesse et Sports\u00bb (DDCSPP) et \u00abJeunesse et \u00c9ducation Populaire\u00bb pour les enfants de 6 \u00e0 17 ans<\/p>\n\n\n\n<p class=\"has-text-align-left wp-block-paragraph\">contact: 05.49.29.04.04<\/p>\n\n\n\n<p class=\"wp-block-paragraph\">courriel: <a href=\"mailto:cavale@loup-garou.fr\">cavale@loup-garou.fr<\/a><\/p>\n\n\n\n<p class=\"wp-block-paragraph\">Site internet: <a href=\"https:\/\/www.loup-garou.fr\/\" target=\"_blank\" rel=\"noopener\" title=\"\">https:\/\/www.loup-garou.fr\/<\/a><\/p>\n\n\n\n<p class=\"wp-block-paragraph\">facebook: <a href=\"https:\/\/www.facebook.com\/associationcavale\" target=\"_blank\" rel=\"noopener\" title=\"\">https:\/\/www.facebook.com\/associationcavale<\/a><\/p>\n\n\n\n<p class=\"wp-block-paragraph\">instagram: <a href=\"https:\/\/www.instagram.com\/association_cavale\/\" target=\"_blank\" rel=\"noopener\" title=\"\">https:\/\/www.instagram.com\/association_cavale\/<\/a><\/p>\n<\/div><\/div>\n\n\n\n<div class=\"wp-block-media-text alignwide is-stacked-on-mobile\" style=\"grid-template-columns:45% auto\"><figure class=\"wp-block-media-text__media\"><img loading=\"lazy\" decoding=\"async\" width=\"834\" height=\"826\" src=\"https:\/\/osapam.fr\/wp-content\/uploads\/2025\/01\/sans-logo-3.jpg\" alt=\"\" class=\"wp-image-4788 size-full\" srcset=\"https:\/\/osapam.fr\/wp-content\/uploads\/2025\/01\/sans-logo-3.jpg 834w, https:\/\/osapam.fr\/wp-content\/uploads\/2025\/01\/sans-logo-3-300x297.jpg 300w, https:\/\/osapam.fr\/wp-content\/uploads\/2025\/01\/sans-logo-3-150x150.jpg 150w, https:\/\/osapam.fr\/wp-content\/uploads\/2025\/01\/sans-logo-3-768x761.jpg 768w\" sizes=\"(max-width: 834px) 100vw, 834px\" \/><\/figure><div class=\"wp-block-media-text__content\">\n<p class=\"has-medium-font-size wp-block-paragraph\"><strong>Association des Anciens du Lyc\u00e9e Desfontaines<\/strong><\/p>\n\n\n\n<p class=\"wp-block-paragraph\">Association qui rassemble les anciens \u00e9l\u00e8ves, enseignants et personnels ayant fr\u00e9quent\u00e9 l&#8217;\u00e9tablissement. Elle oeuvre au maintien des liens entre les g\u00e9n\u00e9rations, \u00e0 la pr\u00e9servation de la m\u00e9moire du lyc\u00e9e et \u00e0 l&#8217;animation de la vie culturelle locale.<\/p>\n\n\n\n<p class=\"wp-block-paragraph\">courriel: <a href=\"mailto:anciens.desfontaines@gmail.com\">anciens.desfontaines@gmail.com<\/a><\/p>\n<\/div><\/div>\n\n\n\n<div class=\"wp-block-media-text alignwide is-stacked-on-mobile\" style=\"grid-template-columns:45% auto\"><figure class=\"wp-block-media-text__media\"><img loading=\"lazy\" decoding=\"async\" width=\"834\" height=\"826\" src=\"https:\/\/osapam.fr\/wp-content\/uploads\/2024\/09\/logo-garance.jpg\" alt=\"\" class=\"wp-image-4695 size-full\" srcset=\"https:\/\/osapam.fr\/wp-content\/uploads\/2024\/09\/logo-garance.jpg 834w, https:\/\/osapam.fr\/wp-content\/uploads\/2024\/09\/logo-garance-300x297.jpg 300w, https:\/\/osapam.fr\/wp-content\/uploads\/2024\/09\/logo-garance-150x150.jpg 150w, https:\/\/osapam.fr\/wp-content\/uploads\/2024\/09\/logo-garance-768x761.jpg 768w\" sizes=\"(max-width: 834px) 100vw, 834px\" \/><\/figure><div class=\"wp-block-media-text__content\">\n<p class=\"has-medium-font-size wp-block-paragraph\"><strong>Association Garance<\/strong><\/p>\n\n\n\n<p class=\"wp-block-paragraph\">Association pour le d\u00e9veloppement de arts plastiques et loisirs cr\u00e9atifs par le biais d&#8217;ateliers d&#8217;expressions cr\u00e9atives, de cours de dessin et peinture, de 8 \u00e0 99 ans<\/p>\n\n\n\n<p class=\"wp-block-paragraph\">contact: 06.67.06.56.78<\/p>\n\n\n\n<p class=\"wp-block-paragraph\">courriel: association.garance@hotmail.fr<\/p>\n<\/div><\/div>\n\n\n\n<div class=\"wp-block-media-text alignwide is-stacked-on-mobile\" style=\"grid-template-columns:45% auto\"><figure class=\"wp-block-media-text__media\"><img loading=\"lazy\" decoding=\"async\" width=\"834\" height=\"826\" src=\"https:\/\/osapam.fr\/wp-content\/uploads\/2022\/08\/aspm-1.jpg\" alt=\"\" class=\"wp-image-2332 size-full\" srcset=\"https:\/\/osapam.fr\/wp-content\/uploads\/2022\/08\/aspm-1.jpg 834w, https:\/\/osapam.fr\/wp-content\/uploads\/2022\/08\/aspm-1-300x297.jpg 300w, https:\/\/osapam.fr\/wp-content\/uploads\/2022\/08\/aspm-1-150x150.jpg 150w, https:\/\/osapam.fr\/wp-content\/uploads\/2022\/08\/aspm-1-768x761.jpg 768w\" sizes=\"(max-width: 834px) 100vw, 834px\" \/><\/figure><div class=\"wp-block-media-text__content\">\n<p class=\"has-medium-font-size wp-block-paragraph\"><strong>Association Sportive Pays Mellois (ASPM)<\/strong><\/p>\n\n\n\n<p class=\"wp-block-paragraph\">Association sportive pour le d\u00e9veloppement de la pratique du Football pour les jeunes, seniors et f\u00e9minines.<\/p>\n\n\n\n<p class=\"wp-block-paragraph\">contact: 06.66.54.07.55<\/p>\n\n\n\n<p class=\"wp-block-paragraph\">courriel: <a href=\"mailto:contact.aspm79@gmail.com\">contact.aspm79@gmail.com<\/a><\/p>\n\n\n\n<p class=\"wp-block-paragraph\">facebook: <a href=\"https:\/\/www.facebook.com\/aspmfoot\/?locale=fr_FR\" target=\"_blank\" rel=\"noopener\" title=\"\">https:\/\/www.facebook.com\/aspmfoot\/?locale=fr_FR<\/a><\/p>\n\n\n\n<p class=\"wp-block-paragraph\">instagram: <a href=\"https:\/\/www.instagram.com\/as_du_pays_mellois\" target=\"_blank\" rel=\"noopener\" title=\"\">https:\/\/www.instagram.com\/as_du_pays_mellois<\/a><\/p>\n<\/div><\/div>\n\n\n\n<div class=\"wp-block-media-text alignwide is-stacked-on-mobile\" style=\"grid-template-columns:45% auto\"><figure class=\"wp-block-media-text__media\"><img loading=\"lazy\" decoding=\"async\" width=\"834\" height=\"826\" src=\"https:\/\/osapam.fr\/wp-content\/uploads\/2025\/01\/sans-logo-3.jpg\" alt=\"\" class=\"wp-image-4788 size-full\" srcset=\"https:\/\/osapam.fr\/wp-content\/uploads\/2025\/01\/sans-logo-3.jpg 834w, https:\/\/osapam.fr\/wp-content\/uploads\/2025\/01\/sans-logo-3-300x297.jpg 300w, https:\/\/osapam.fr\/wp-content\/uploads\/2025\/01\/sans-logo-3-150x150.jpg 150w, https:\/\/osapam.fr\/wp-content\/uploads\/2025\/01\/sans-logo-3-768x761.jpg 768w\" sizes=\"(max-width: 834px) 100vw, 834px\" \/><\/figure><div class=\"wp-block-media-text__content\">\n<p class=\"has-medium-font-size wp-block-paragraph\">Atelier Mecanique Associatif Mellois (AMAM)<\/p>\n\n\n\n<p class=\"wp-block-paragraph\">Association qui a pour objectif de former et accompagner \u00e0 la r\u00e9paration\/entretien de son v\u00e9hicule.<\/p>\n\n\n\n<p class=\"wp-block-paragraph\">courriel: projetgarageassociatifmelle@gmail.com<\/p>\n<\/div><\/div>\n\n\n\n<div class=\"wp-block-media-text alignwide is-stacked-on-mobile\" style=\"grid-template-columns:45% auto\"><figure class=\"wp-block-media-text__media\"><img loading=\"lazy\" decoding=\"async\" width=\"834\" height=\"826\" src=\"https:\/\/osapam.fr\/wp-content\/uploads\/2024\/09\/Avenir-HBC-Brioux.jpg\" alt=\"\" class=\"wp-image-4689 size-full\" srcset=\"https:\/\/osapam.fr\/wp-content\/uploads\/2024\/09\/Avenir-HBC-Brioux.jpg 834w, https:\/\/osapam.fr\/wp-content\/uploads\/2024\/09\/Avenir-HBC-Brioux-300x297.jpg 300w, https:\/\/osapam.fr\/wp-content\/uploads\/2024\/09\/Avenir-HBC-Brioux-150x150.jpg 150w, https:\/\/osapam.fr\/wp-content\/uploads\/2024\/09\/Avenir-HBC-Brioux-768x761.jpg 768w\" sizes=\"(max-width: 834px) 100vw, 834px\" \/><\/figure><div class=\"wp-block-media-text__content\">\n<p class=\"has-medium-font-size wp-block-paragraph\"><strong>Avenir HBC Brioux<\/strong><\/p>\n\n\n\n<p class=\"wp-block-paragraph\">Club de Handball avec ambiance familiale et dynamique avec pour objectifs d&#8217;apprendre et de prendre du plaisir en jouant ensemble <\/p>\n\n\n\n<p class=\"wp-block-paragraph\">contact: 06.83.54.13.00<\/p>\n\n\n\n<p class=\"wp-block-paragraph\">courriel: avenir.hbcbrioux@gmail.com<\/p>\n\n\n\n<p class=\"wp-block-paragraph\">site: <a href=\"https:\/\/avenir-handball-club-de-brioux.clubeo.com\/\" target=\"_blank\" rel=\"noreferrer noopener\">https:\/\/avenir-handball-club-de-brioux.clubeo.com\/<\/a><\/p>\n\n\n\n<p class=\"wp-block-paragraph\">facebook: <a href=\"https:\/\/www.facebook.com\/AHBCB79\/?locale=fr_FR\" target=\"_blank\" rel=\"noopener\" title=\"\">https:\/\/www.facebook.com\/AHBCB79\/?locale=fr_FR<\/a><\/p>\n\n\n\n<p class=\"wp-block-paragraph\">instagram: <a href=\"https:\/\/www.instagram.com\/avenir_handball_club_brioux\/\" target=\"_blank\" rel=\"noopener\" title=\"\">https:\/\/www.instagram.com\/avenir_handball_club_brioux\/<\/a><\/p>\n<\/div><\/div>\n\n\n\n<div class=\"wp-block-media-text alignwide is-stacked-on-mobile\" style=\"grid-template-columns:45% auto\"><figure class=\"wp-block-media-text__media\"><img loading=\"lazy\" decoding=\"async\" width=\"834\" height=\"826\" src=\"https:\/\/osapam.fr\/wp-content\/uploads\/2023\/08\/BADAFOU.jpg\" alt=\"\" class=\"wp-image-2881 size-full\" srcset=\"https:\/\/osapam.fr\/wp-content\/uploads\/2023\/08\/BADAFOU.jpg 834w, https:\/\/osapam.fr\/wp-content\/uploads\/2023\/08\/BADAFOU-300x297.jpg 300w, https:\/\/osapam.fr\/wp-content\/uploads\/2023\/08\/BADAFOU-150x150.jpg 150w, https:\/\/osapam.fr\/wp-content\/uploads\/2023\/08\/BADAFOU-768x761.jpg 768w\" sizes=\"(max-width: 834px) 100vw, 834px\" \/><\/figure><div class=\"wp-block-media-text__content\">\n<p class=\"has-medium-font-size wp-block-paragraph\"><strong>Badafou<\/strong><\/p>\n\n\n\n<p class=\"wp-block-paragraph\">Association visant \u00e0 promouvoir et d\u00e9velopper la pratique du badminton, des jeux de volants et de raquettes. Badminton Loisirs \u00e0 Melle<\/p>\n\n\n\n<p class=\"wp-block-paragraph\">courriel: badafou79500@gmail.com<\/p>\n\n\n\n<p class=\"wp-block-paragraph\">facebook: <a href=\"https:\/\/www.facebook.com\/profile.php?id=100014179513756\" target=\"_blank\" rel=\"noopener\" title=\"\">https:\/\/www.facebook.com\/profile.php?id=100014179513756<\/a><\/p>\n<\/div><\/div>\n\n\n\n<div class=\"wp-block-media-text alignwide is-stacked-on-mobile\" style=\"grid-template-columns:45% auto\"><figure class=\"wp-block-media-text__media\"><img loading=\"lazy\" decoding=\"async\" width=\"834\" height=\"826\" src=\"https:\/\/osapam.fr\/wp-content\/uploads\/2023\/08\/basket-ball-mellois-v1.jpg\" alt=\"\" class=\"wp-image-2880 size-full\" srcset=\"https:\/\/osapam.fr\/wp-content\/uploads\/2023\/08\/basket-ball-mellois-v1.jpg 834w, https:\/\/osapam.fr\/wp-content\/uploads\/2023\/08\/basket-ball-mellois-v1-300x297.jpg 300w, https:\/\/osapam.fr\/wp-content\/uploads\/2023\/08\/basket-ball-mellois-v1-150x150.jpg 150w, https:\/\/osapam.fr\/wp-content\/uploads\/2023\/08\/basket-ball-mellois-v1-768x761.jpg 768w\" sizes=\"(max-width: 834px) 100vw, 834px\" \/><\/figure><div class=\"wp-block-media-text__content\">\n<p class=\"has-medium-font-size wp-block-paragraph\"><strong>Basket-Ball Mellois<\/strong><\/p>\n\n\n\n<p class=\"wp-block-paragraph\">Association visant \u00e0 promouvoir et d\u00e9velopper la pratique du basket, gar\u00e7ons et filles de 5 \u00e0 99 ans.<\/p>\n\n\n\n<p class=\"wp-block-paragraph\">contact: 06.62.21.35.71<\/p>\n\n\n\n<p class=\"wp-block-paragraph\">courriel:naq0079026@ffbb365.com<\/p>\n\n\n\n<p class=\"wp-block-paragraph\">facebook: <a href=\"https:\/\/www.facebook.com\/BasketballMellois\/\" target=\"_blank\" rel=\"noreferrer noopener\">https:\/\/facebook.com\/BasketballMellois\/<\/a><\/p>\n\n\n\n<p class=\"wp-block-paragraph\">instagram: <a href=\"https:\/\/www.instagram.com\/basketball_mell0is\/\" target=\"_blank\" rel=\"noopener\" title=\"\">https:\/\/www.instagram.com\/basketball_mell0is\/<\/a><\/p>\n<\/div><\/div>\n\n\n\n<div class=\"wp-block-media-text alignwide is-stacked-on-mobile\" style=\"grid-template-columns:45% auto\"><figure class=\"wp-block-media-text__media\"><img loading=\"lazy\" decoding=\"async\" width=\"834\" height=\"826\" src=\"https:\/\/osapam.fr\/wp-content\/uploads\/2025\/09\/bidouille-et-informatique2024.jpg\" alt=\"\" class=\"wp-image-5002 size-full\" srcset=\"https:\/\/osapam.fr\/wp-content\/uploads\/2025\/09\/bidouille-et-informatique2024.jpg 834w, https:\/\/osapam.fr\/wp-content\/uploads\/2025\/09\/bidouille-et-informatique2024-300x297.jpg 300w, https:\/\/osapam.fr\/wp-content\/uploads\/2025\/09\/bidouille-et-informatique2024-150x150.jpg 150w, https:\/\/osapam.fr\/wp-content\/uploads\/2025\/09\/bidouille-et-informatique2024-768x761.jpg 768w\" sizes=\"(max-width: 834px) 100vw, 834px\" \/><\/figure><div class=\"wp-block-media-text__content\">\n<p class=\"has-medium-font-size wp-block-paragraph\"><strong>B<\/strong>idouilles et informatique<\/p>\n\n\n\n<p class=\"wp-block-paragraph\">D\u00e9pannage et r\u00e9paration informatique et t\u00e9l\u00e9phonie- Recyclerie \u00e9lectronique.<\/p>\n\n\n\n<p class=\"wp-block-paragraph\">contact: 05.49.29.18.70<\/p>\n\n\n\n<p class=\"wp-block-paragraph\">courriel: asso@bidouillesetinformatique.fr<\/p>\n\n\n\n<p class=\"wp-block-paragraph\">site: <a href=\"https:\/\/bidouillesetinformatique.fr\/\" target=\"_blank\" rel=\"noopener\" title=\"\">https:\/\/bidouillesetinformatique.fr\/<\/a><\/p>\n\n\n\n<p class=\"wp-block-paragraph\">facebook: <a href=\"https:\/\/www.facebook.com\/profile.php?id=100014179513756\" target=\"_blank\" rel=\"noopener\" title=\"\">https:\/\/www.facebook.com\/bidouillesetinformatique\/<\/a><\/p>\n\n\n\n<p class=\"wp-block-paragraph\">instagram: <a href=\"https:\/\/www.instagram.com\/bidouilles_et_informatique\/\" target=\"_blank\" rel=\"noopener\" title=\"\">https:\/\/www.instagram.com\/bidouilles_et_informatique\/<\/a><\/p>\n<\/div><\/div>\n\n\n\n<div class=\"wp-block-media-text alignwide is-stacked-on-mobile\" style=\"grid-template-columns:45% auto\"><figure class=\"wp-block-media-text__media\"><img loading=\"lazy\" decoding=\"async\" width=\"834\" height=\"826\" src=\"https:\/\/osapam.fr\/wp-content\/uploads\/2024\/09\/logo-bouillonnantes-site.jpg\" alt=\"\" class=\"wp-image-4691 size-full\" srcset=\"https:\/\/osapam.fr\/wp-content\/uploads\/2024\/09\/logo-bouillonnantes-site.jpg 834w, https:\/\/osapam.fr\/wp-content\/uploads\/2024\/09\/logo-bouillonnantes-site-300x297.jpg 300w, https:\/\/osapam.fr\/wp-content\/uploads\/2024\/09\/logo-bouillonnantes-site-150x150.jpg 150w, https:\/\/osapam.fr\/wp-content\/uploads\/2024\/09\/logo-bouillonnantes-site-768x761.jpg 768w\" sizes=\"(max-width: 834px) 100vw, 834px\" \/><\/figure><div class=\"wp-block-media-text__content\">\n<p class=\"has-medium-font-size wp-block-paragraph\"><strong>Bouillonnant.e.s<\/strong><\/p>\n\n\n\n<p class=\"wp-block-paragraph\">Association culturelle pour favoriser les liens sociaux, solidarit\u00e9s, rencontres, l&#8217;\u00e9mancipation et l&#8217;\u00e9panouissement de tous, sans discriminations.<\/p>\n\n\n\n<p class=\"wp-block-paragraph\">contact: 07.44.74.44.18<\/p>\n\n\n\n<p class=\"wp-block-paragraph\">courriel: bouillonnantes@mailo.com<\/p>\n\n\n\n<p class=\"wp-block-paragraph\">site: <a href=\"https:\/\/www.bouillonnantes.fr\/page\/3364593-accueil\" target=\"_blank\" rel=\"noopener\" title=\"\">https:\/\/www.bouillonnantes.fr\/page\/3364593-accueil<\/a><\/p>\n\n\n\n<p class=\"wp-block-paragraph\">facebook<a href=\"https:\/\/www.facebook.com\/www.boxedeschamps.fr\" target=\"_blank\" rel=\"noreferrer noopener\">: <\/a><a href=\"https:\/\/www.facebook.com\/profile.php\/?id=61553971264926\">https:\/\/www.facebook.com\/profile.php\/?id=61553971264926<\/a><\/p>\n\n\n\n<p class=\"wp-block-paragraph\">instagram: <a href=\"https:\/\/www.instagram.com\/bouillonnant.e.s79\/\" target=\"_blank\" rel=\"noopener\" title=\"\">https:\/\/www.instagram.com\/bouillonnant.e.s79\/<\/a><\/p>\n<\/div><\/div>\n\n\n\n<div class=\"wp-block-media-text alignwide is-stacked-on-mobile\" style=\"grid-template-columns:45% auto\"><figure class=\"wp-block-media-text__media\"><img loading=\"lazy\" decoding=\"async\" width=\"834\" height=\"826\" src=\"https:\/\/osapam.fr\/wp-content\/uploads\/2022\/08\/Boxe.jpg\" alt=\"\" class=\"wp-image-2315 size-full\" srcset=\"https:\/\/osapam.fr\/wp-content\/uploads\/2022\/08\/Boxe.jpg 834w, https:\/\/osapam.fr\/wp-content\/uploads\/2022\/08\/Boxe-300x297.jpg 300w, https:\/\/osapam.fr\/wp-content\/uploads\/2022\/08\/Boxe-150x150.jpg 150w, https:\/\/osapam.fr\/wp-content\/uploads\/2022\/08\/Boxe-768x761.jpg 768w\" sizes=\"(max-width: 834px) 100vw, 834px\" \/><\/figure><div class=\"wp-block-media-text__content\">\n<p class=\"has-medium-font-size wp-block-paragraph\"><strong>Boxe des champs<\/strong><\/p>\n\n\n\n<p class=\"wp-block-paragraph\">Association ayant pour but de d\u00e9velopper la pratique de la boxe Fran\u00e7aise en milieu rural.<\/p>\n\n\n\n<p class=\"wp-block-paragraph\">contact: 06.63.00.75.25<\/p>\n\n\n\n<p class=\"wp-block-paragraph\">courriel: boxedeschamps@gmail.com<\/p>\n\n\n\n<p class=\"wp-block-paragraph\">facebook<a href=\"https:\/\/www.facebook.com\/www.boxedeschamps.fr\" target=\"_blank\" rel=\"noreferrer noopener\">: https:\/\/www.facebook.com\/www.boxedeschamps.fr<\/a><\/p>\n\n\n\n<p class=\"wp-block-paragraph\">instagram: <a href=\"https:\/\/www.instagram.com\/boxedeschamps79\/\" target=\"_blank\" rel=\"noopener\" title=\"\">https:\/\/www.instagram.com\/boxedeschamps79\/<\/a><\/p>\n<\/div><\/div>\n\n\n\n<div class=\"wp-block-media-text alignwide is-stacked-on-mobile\" style=\"grid-template-columns:45% auto\"><figure class=\"wp-block-media-text__media\"><img loading=\"lazy\" decoding=\"async\" width=\"834\" height=\"826\" src=\"https:\/\/osapam.fr\/wp-content\/uploads\/2025\/09\/Ca-pass-par-toi.jpg\" alt=\"\" class=\"wp-image-5016 size-full\" srcset=\"https:\/\/osapam.fr\/wp-content\/uploads\/2025\/09\/Ca-pass-par-toi.jpg 834w, https:\/\/osapam.fr\/wp-content\/uploads\/2025\/09\/Ca-pass-par-toi-300x297.jpg 300w, https:\/\/osapam.fr\/wp-content\/uploads\/2025\/09\/Ca-pass-par-toi-150x150.jpg 150w, https:\/\/osapam.fr\/wp-content\/uploads\/2025\/09\/Ca-pass-par-toi-768x761.jpg 768w\" sizes=\"(max-width: 834px) 100vw, 834px\" \/><\/figure><div class=\"wp-block-media-text__content\">\n<p class=\"has-medium-font-size wp-block-paragraph\">\u00c7a passe par toi<\/p>\n\n\n\n<p class=\"wp-block-paragraph\">Association qui a pour objectif l&#8217;accompagnement des personnes \u00e9xil\u00e9es du sud deux-s\u00e8vres<\/p>\n\n\n\n<p class=\"wp-block-paragraph\">contact: 06.09.42.59.78<\/p>\n\n\n\n<p class=\"wp-block-paragraph\">courriel: contact@capassepartoi.fr<\/p>\n<\/div><\/div>\n\n\n\n<div class=\"wp-block-media-text alignwide is-stacked-on-mobile\" style=\"grid-template-columns:45% auto\"><figure class=\"wp-block-media-text__media\"><img loading=\"lazy\" decoding=\"async\" width=\"834\" height=\"826\" src=\"https:\/\/osapam.fr\/wp-content\/uploads\/2022\/08\/cabri-mellois.jpg\" alt=\"\" class=\"wp-image-2107 size-full\" srcset=\"https:\/\/osapam.fr\/wp-content\/uploads\/2022\/08\/cabri-mellois.jpg 834w, https:\/\/osapam.fr\/wp-content\/uploads\/2022\/08\/cabri-mellois-300x297.jpg 300w, https:\/\/osapam.fr\/wp-content\/uploads\/2022\/08\/cabri-mellois-150x150.jpg 150w, https:\/\/osapam.fr\/wp-content\/uploads\/2022\/08\/cabri-mellois-768x761.jpg 768w\" sizes=\"(max-width: 834px) 100vw, 834px\" \/><\/figure><div class=\"wp-block-media-text__content\">\n<p class=\"has-medium-font-size wp-block-paragraph\"><strong>Cabri Mellois<\/strong><\/p>\n\n\n\n<p class=\"wp-block-paragraph\">Club de gymnastique pour baby, loisirs, comp\u00e9tition et parkour.<\/p>\n\n\n\n<p class=\"wp-block-paragraph\">contact: 06.77.03.71.70<\/p>\n\n\n\n<p class=\"wp-block-paragraph\">courriel: cabrimellois@orange.fr<\/p>\n\n\n\n<p class=\"wp-block-paragraph\">site: <a href=\"https:\/\/cabrimellois.wixsite.com\/gymnastique79\" target=\"_blank\" rel=\"noopener\" title=\"\">https:\/\/cabrimellois.wixsite.com\/gymnastique79<\/a><\/p>\n\n\n\n<p class=\"wp-block-paragraph\">facebook:<a href=\"https:\/\/www.facebook.com\/Cabrimellois\" target=\"_blank\" rel=\"noopener\" title=\"\"> https:\/\/www.facebook.com\/Cabrimellois<\/a><\/p>\n\n\n\n<p class=\"wp-block-paragraph\">instagram: <a href=\"https:\/\/www.instagram.com\/cabrimellois\/\" target=\"_blank\" rel=\"noopener\" title=\"\">https:\/\/www.instagram.com\/cabrimellois\/<\/a><\/p>\n<\/div><\/div>\n\n\n\n<div class=\"wp-block-media-text alignwide is-stacked-on-mobile\" style=\"grid-template-columns:45% auto\"><figure class=\"wp-block-media-text__media\"><img loading=\"lazy\" decoding=\"async\" width=\"834\" height=\"826\" src=\"https:\/\/osapam.fr\/wp-content\/uploads\/2025\/01\/sans-logo-3.jpg\" alt=\"\" class=\"wp-image-4788 size-full\" srcset=\"https:\/\/osapam.fr\/wp-content\/uploads\/2025\/01\/sans-logo-3.jpg 834w, https:\/\/osapam.fr\/wp-content\/uploads\/2025\/01\/sans-logo-3-300x297.jpg 300w, https:\/\/osapam.fr\/wp-content\/uploads\/2025\/01\/sans-logo-3-150x150.jpg 150w, https:\/\/osapam.fr\/wp-content\/uploads\/2025\/01\/sans-logo-3-768x761.jpg 768w\" sizes=\"(max-width: 834px) 100vw, 834px\" \/><\/figure><div class=\"wp-block-media-text__content\">\n<p class=\"has-medium-font-size wp-block-paragraph\"><strong>CCFD -TERRE SOLIDAIRE-groupe local<\/strong><\/p>\n\n\n\n<p class=\"wp-block-paragraph\">Association de solidarit\u00e9 internationale<\/p>\n\n\n\n<p class=\"wp-block-paragraph\">site: <a href=\"https:\/\/ccfd-terresolidaire.org\/regions\/poitou-charentes\/\" target=\"_blank\" rel=\"noopener\" title=\"\">https:\/\/ccfd-terresolidaire.org\/regions\/poitou-charentes\/<\/a><\/p>\n<\/div><\/div>\n\n\n\n<div class=\"wp-block-media-text alignwide is-stacked-on-mobile\"><figure class=\"wp-block-media-text__media\"><img loading=\"lazy\" decoding=\"async\" width=\"834\" height=\"826\" src=\"https:\/\/osapam.fr\/wp-content\/uploads\/2022\/08\/cepy-1.jpg\" alt=\"\" class=\"wp-image-2334 size-full\" srcset=\"https:\/\/osapam.fr\/wp-content\/uploads\/2022\/08\/cepy-1.jpg 834w, https:\/\/osapam.fr\/wp-content\/uploads\/2022\/08\/cepy-1-300x297.jpg 300w, https:\/\/osapam.fr\/wp-content\/uploads\/2022\/08\/cepy-1-150x150.jpg 150w, https:\/\/osapam.fr\/wp-content\/uploads\/2022\/08\/cepy-1-768x761.jpg 768w\" sizes=\"(max-width: 834px) 100vw, 834px\" \/><\/figure><div class=\"wp-block-media-text__content\">\n<p class=\"has-medium-font-size wp-block-paragraph\"><strong>CEPY YOGA<\/strong><\/p>\n\n\n\n<p class=\"wp-block-paragraph\">Association ayant pour but l&#8217;Etude et la pratique du Hatha Yoga sur tapis ou sur chaise.<\/p>\n\n\n\n<p class=\"wp-block-paragraph\">courriel: cepy.yogamelle@yahoo.com<\/p>\n\n\n\n<p class=\"wp-block-paragraph\">site:<a href=\"http:\/\/cepy-yoga-melle.mozello.fr\/\" target=\"_blank\" rel=\"noreferrer noopener\">http:\/\/cepy-yoga-melle.mozello.fr\/ <\/a><\/p>\n<\/div><\/div>\n\n\n\n<div class=\"wp-block-media-text alignwide is-stacked-on-mobile\" style=\"grid-template-columns:45% auto\"><figure class=\"wp-block-media-text__media\"><img loading=\"lazy\" decoding=\"async\" width=\"834\" height=\"826\" src=\"https:\/\/osapam.fr\/wp-content\/uploads\/2022\/08\/CSC-1.jpg\" alt=\"\" class=\"wp-image-2336 size-full\" srcset=\"https:\/\/osapam.fr\/wp-content\/uploads\/2022\/08\/CSC-1.jpg 834w, https:\/\/osapam.fr\/wp-content\/uploads\/2022\/08\/CSC-1-300x297.jpg 300w, https:\/\/osapam.fr\/wp-content\/uploads\/2022\/08\/CSC-1-150x150.jpg 150w, https:\/\/osapam.fr\/wp-content\/uploads\/2022\/08\/CSC-1-768x761.jpg 768w\" sizes=\"(max-width: 834px) 100vw, 834px\" \/><\/figure><div class=\"wp-block-media-text__content\">\n<p class=\"has-medium-font-size wp-block-paragraph\"><strong>Centre Socio-Culturel du mellois<\/strong><\/p>\n\n\n\n<p class=\"wp-block-paragraph\">Association d&#8217;animation globale de proximit\u00e9 \u00e0 vocation familiale et interg\u00e9n\u00e9rationnelle. Lieu de rencontres et \u00e9changes qui favorise la mise en oeuvre d&#8217;initiatives d&#8217;habitants et propose des activit\u00e9s et services \u00e0 finalit\u00e9 sociale, \u00e9ducative, culturelle ou de loisirs.<\/p>\n\n\n\n<p class=\"wp-block-paragraph\">contact: 05.49.29.04.05<\/p>\n\n\n\n<p class=\"wp-block-paragraph\">courriel: contact.melle@csc79.org<\/p>\n\n\n\n<p class=\"wp-block-paragraph\">site: <a href=\"https:\/\/melle.csc79.org\/\" target=\"_blank\" rel=\"noopener\" title=\"\">https:\/\/melle.csc79.org\/<\/a><\/p>\n\n\n\n<p class=\"wp-block-paragraph\">facebook: <a href=\"https:\/\/www.facebook.com\/cscdumellois\" target=\"_blank\" rel=\"noopener\" title=\"\">https:\/\/www.facebook.com\/cscdumellois<\/a><\/p>\n\n\n\n<p class=\"wp-block-paragraph\">instagram: <a href=\"https:\/\/www.instagram.com\/cscdumellois\/\" target=\"_blank\" rel=\"noopener\" title=\"\">https:\/\/www.instagram.com\/cscdumellois\/<\/a><\/p>\n<\/div><\/div>\n\n\n\n<div class=\"wp-block-media-text alignwide is-stacked-on-mobile\" style=\"grid-template-columns:45% auto\"><figure class=\"wp-block-media-text__media\"><img loading=\"lazy\" decoding=\"async\" width=\"225\" height=\"225\" src=\"https:\/\/osapam.fr\/wp-content\/uploads\/2022\/08\/logo-CIF-SP.png\" alt=\"\" class=\"wp-image-2348 size-full\" srcset=\"https:\/\/osapam.fr\/wp-content\/uploads\/2022\/08\/logo-CIF-SP.png 225w, https:\/\/osapam.fr\/wp-content\/uploads\/2022\/08\/logo-CIF-SP-150x150.png 150w\" sizes=\"(max-width: 225px) 100vw, 225px\" \/><\/figure><div class=\"wp-block-media-text__content\">\n<p class=\"has-medium-font-size wp-block-paragraph\"><strong>CIF-SP , Solidaires entre les \u00e2ges<\/strong><\/p>\n\n\n\n<p class=\"wp-block-paragraph\">Association ayant pour but la lutte contre l&#8217;isolement, le d\u00e9veloppement du lien social interg\u00e9n\u00e9rationnel, par le biais de la mise en place d&#8217;une plateforme de lien social (ex: ateliers collectifs, visites conviviales \u00e0 domicile), de transport solidaire, conseill\u00e8re mobilit\u00e9<\/p>\n\n\n\n<p class=\"wp-block-paragraph\">contact: 05.49.37.07.78<\/p>\n\n\n\n<p class=\"wp-block-paragraph\">courriel: bientraitance@cif-sp.org<\/p>\n\n\n\n<p class=\"wp-block-paragraph\">site: <a href=\"https:\/\/cif-sp.org\/\" target=\"_blank\" rel=\"noreferrer noopener\">https:\/\/cif-sp.org\/<\/a><\/p>\n\n\n\n<p class=\"wp-block-paragraph\">facebook: <a href=\"https:\/\/www.facebook.com\/cifsp\" target=\"_blank\" rel=\"noopener\" title=\"\">https:\/\/www.facebook.com\/cifsp<\/a><\/p>\n\n\n\n<p class=\"wp-block-paragraph\">instagram: <a href=\"https:\/\/www.instagram.com\/cif_sp_79\/\" target=\"_blank\" rel=\"noopener\" title=\"\">https:\/\/www.instagram.com\/cif_sp_79\/<\/a><\/p>\n<\/div><\/div>\n\n\n\n<div class=\"wp-block-media-text alignwide is-stacked-on-mobile\" style=\"grid-template-columns:45% auto\"><figure class=\"wp-block-media-text__media\"><img loading=\"lazy\" decoding=\"async\" width=\"834\" height=\"826\" src=\"https:\/\/osapam.fr\/wp-content\/uploads\/2025\/01\/sans-logo-3.jpg\" alt=\"\" class=\"wp-image-4788 size-full\" srcset=\"https:\/\/osapam.fr\/wp-content\/uploads\/2025\/01\/sans-logo-3.jpg 834w, https:\/\/osapam.fr\/wp-content\/uploads\/2025\/01\/sans-logo-3-300x297.jpg 300w, https:\/\/osapam.fr\/wp-content\/uploads\/2025\/01\/sans-logo-3-150x150.jpg 150w, https:\/\/osapam.fr\/wp-content\/uploads\/2025\/01\/sans-logo-3-768x761.jpg 768w\" sizes=\"(max-width: 834px) 100vw, 834px\" \/><\/figure><div class=\"wp-block-media-text__content\">\n<p class=\"has-medium-font-size wp-block-paragraph\"><strong>CIMADE<\/strong><\/p>\n\n\n\n<p class=\"wp-block-paragraph\">Association d&#8217;aide et d&#8217;accompagnement juridique des \u00e9trangers et exil\u00e9s<\/p>\n\n\n\n<p class=\"wp-block-paragraph\">contact: 06.84.46.32.35<\/p>\n\n\n\n<p class=\"wp-block-paragraph\">courriel: <a href=\"mailto:deux-sevres@lacimade.org\">deux-sevres@lacimade.org<\/a><\/p>\n\n\n\n<p class=\"wp-block-paragraph\">site: <a href=\"https:\/\/www.lacimade.org\/\" target=\"_blank\" rel=\"noopener\" title=\"\">https:\/\/www.lacimade.org\/<\/a><\/p>\n\n\n\n<p class=\"wp-block-paragraph\">facebook: <a href=\"https:\/\/www.facebook.com\/cimade.deuxsevres\/\" target=\"_blank\" rel=\"noopener\" title=\"\">https:\/\/www.facebook.com\/cimade.deuxsevres\/<\/a><\/p>\n\n\n\n<p class=\"wp-block-paragraph\">instagram: <a href=\"https:\/\/www.instagram.com\/cimade.deuxsevres\/\" target=\"_blank\" rel=\"noopener\" title=\"\">https:\/\/www.instagram.com\/cimade.deuxsevres\/<\/a><\/p>\n<\/div><\/div>\n\n\n\n<div class=\"wp-block-media-text alignwide is-stacked-on-mobile\" style=\"grid-template-columns:45% auto\"><figure class=\"wp-block-media-text__media\"><img loading=\"lazy\" decoding=\"async\" width=\"834\" height=\"826\" src=\"https:\/\/osapam.fr\/wp-content\/uploads\/2022\/05\/club-plongee.jpg\" alt=\"\" class=\"wp-image-1462 size-full\" srcset=\"https:\/\/osapam.fr\/wp-content\/uploads\/2022\/05\/club-plongee.jpg 834w, https:\/\/osapam.fr\/wp-content\/uploads\/2022\/05\/club-plongee-300x297.jpg 300w, https:\/\/osapam.fr\/wp-content\/uploads\/2022\/05\/club-plongee-150x150.jpg 150w, https:\/\/osapam.fr\/wp-content\/uploads\/2022\/05\/club-plongee-768x761.jpg 768w\" sizes=\"(max-width: 834px) 100vw, 834px\" \/><\/figure><div class=\"wp-block-media-text__content\">\n<p class=\"has-medium-font-size wp-block-paragraph\"><strong>Club de Plong\u00e9e Mellois<\/strong><\/p>\n\n\n\n<p class=\"wp-block-paragraph\">Plong\u00e9e bouteille et apn\u00e9e avec une section enfant, sorties mer et carri\u00e8re<\/p>\n\n\n\n<p class=\"wp-block-paragraph\">contact: 06.21.35.41.34<\/p>\n\n\n\n<p class=\"wp-block-paragraph\">courriel: club@plongeemellois.fr<\/p>\n\n\n\n<p class=\"wp-block-paragraph\">site: <a href=\"https:\/\/plongeemellois.fr\/\" target=\"_blank\" rel=\"noreferrer noopener\">https:\/\/plongeemellois.fr\/<\/a><\/p>\n\n\n\n<p class=\"wp-block-paragraph\">facebook: <a href=\"https:\/\/www.facebook.com\/plongeemellois\" target=\"_blank\" rel=\"noopener\" title=\"\">https:\/\/www.facebook.com\/plongeemellois<\/a><\/p>\n\n\n\n<p class=\"wp-block-paragraph\">instagram: <a href=\"https:\/\/www.instagram.com\/clubdeplongeemellois\/\" target=\"_blank\" rel=\"noopener\" title=\"\">https:\/\/www.instagram.com\/clubdeplongeemellois\/<\/a><\/p>\n<\/div><\/div>\n\n\n\n<div class=\"wp-block-media-text alignwide is-stacked-on-mobile\" style=\"grid-template-columns:45% auto\"><figure class=\"wp-block-media-text__media\"><img loading=\"lazy\" decoding=\"async\" width=\"834\" height=\"826\" src=\"https:\/\/osapam.fr\/wp-content\/uploads\/2022\/05\/club-sportif-Mellois-natation.jpg\" alt=\"\" class=\"wp-image-1461 size-full\" srcset=\"https:\/\/osapam.fr\/wp-content\/uploads\/2022\/05\/club-sportif-Mellois-natation.jpg 834w, https:\/\/osapam.fr\/wp-content\/uploads\/2022\/05\/club-sportif-Mellois-natation-300x297.jpg 300w, https:\/\/osapam.fr\/wp-content\/uploads\/2022\/05\/club-sportif-Mellois-natation-150x150.jpg 150w, https:\/\/osapam.fr\/wp-content\/uploads\/2022\/05\/club-sportif-Mellois-natation-768x761.jpg 768w\" sizes=\"(max-width: 834px) 100vw, 834px\" \/><\/figure><div class=\"wp-block-media-text__content\">\n<p class=\"has-medium-font-size wp-block-paragraph\"><strong>Club Sportif Mellois Natation<\/strong><\/p>\n\n\n\n<p class=\"wp-block-paragraph\">Association pour la pratique de tous sports aquatiques, nage, forme et sant\u00e9, sport adapt\u00e9.<\/p>\n\n\n\n<p class=\"wp-block-paragraph\">contact: 06.25.77.54.29<\/p>\n\n\n\n<p class=\"wp-block-paragraph\">courriel: <a href=\"mailto:csmn.presidence@gmail.com\">csmn.presidence@gmail.com<\/a><\/p>\n\n\n\n<p class=\"wp-block-paragraph\">site: <a href=\"https:\/\/club-sportif-mellois.jimdofree.com\" target=\"_blank\" rel=\"noreferrer noopener\">https:\/\/club-sportif-mellois.jimdofree.com<\/a><\/p>\n\n\n\n<p class=\"wp-block-paragraph\">facebook: <a href=\"https:\/\/www.facebook.com\/ClubSportifMelloisNatation79\" target=\"_blank\" rel=\"noopener\" title=\"\">https:\/\/www.facebook.com\/ClubSportifMelloisNatation79<\/a><\/p>\n<\/div><\/div>\n\n\n\n<div class=\"wp-block-media-text alignwide is-stacked-on-mobile\" style=\"grid-template-columns:45% auto\"><figure class=\"wp-block-media-text__media\"><img loading=\"lazy\" decoding=\"async\" width=\"834\" height=\"826\" src=\"https:\/\/osapam.fr\/wp-content\/uploads\/2025\/01\/sans-logo-4.jpg\" alt=\"\" class=\"wp-image-4793 size-full\" srcset=\"https:\/\/osapam.fr\/wp-content\/uploads\/2025\/01\/sans-logo-4.jpg 834w, https:\/\/osapam.fr\/wp-content\/uploads\/2025\/01\/sans-logo-4-300x297.jpg 300w, https:\/\/osapam.fr\/wp-content\/uploads\/2025\/01\/sans-logo-4-150x150.jpg 150w, https:\/\/osapam.fr\/wp-content\/uploads\/2025\/01\/sans-logo-4-768x761.jpg 768w\" sizes=\"(max-width: 834px) 100vw, 834px\" \/><\/figure><div class=\"wp-block-media-text__content\">\n<p class=\"has-medium-font-size wp-block-paragraph\"><strong>Comit\u00e9 USEP de Melle<\/strong><\/p>\n\n\n\n<p class=\"wp-block-paragraph\">Association organisatrice de rencontre sportives pour les \u00e9l\u00e8ves des classes affili\u00e9es du Mellois<\/p>\n\n\n\n<p class=\"wp-block-paragraph\">courriel: <a href=\"mailto:sandrine.vinconneau@laligue79.org\">sandrine.vinconneau@laligue79.org<\/a><\/p>\n\n\n\n<p class=\"wp-block-paragraph\">site: <a href=\"https:\/\/www.laligue79.org\/sport\/usep\/95-circonscriptions\/145-comite-de-melle\" target=\"_blank\" rel=\"noopener\" title=\"\">https:\/\/www.laligue79.org\/sport\/usep\/95-circonscriptions\/145-comite-de-melle<\/a><\/p>\n<\/div><\/div>\n\n\n\n<div class=\"wp-block-media-text alignwide is-stacked-on-mobile\" style=\"grid-template-columns:45% auto\"><figure class=\"wp-block-media-text__media\"><img loading=\"lazy\" decoding=\"async\" width=\"834\" height=\"826\" src=\"https:\/\/osapam.fr\/wp-content\/uploads\/2025\/01\/sans-logo-4.jpg\" alt=\"\" class=\"wp-image-4793 size-full\" srcset=\"https:\/\/osapam.fr\/wp-content\/uploads\/2025\/01\/sans-logo-4.jpg 834w, https:\/\/osapam.fr\/wp-content\/uploads\/2025\/01\/sans-logo-4-300x297.jpg 300w, https:\/\/osapam.fr\/wp-content\/uploads\/2025\/01\/sans-logo-4-150x150.jpg 150w, https:\/\/osapam.fr\/wp-content\/uploads\/2025\/01\/sans-logo-4-768x761.jpg 768w\" sizes=\"(max-width: 834px) 100vw, 834px\" \/><\/figure><div class=\"wp-block-media-text__content\">\n<p class=\"has-medium-font-size wp-block-paragraph\"><strong>Compagnie du Chien Soleil<\/strong><\/p>\n\n\n\n<p class=\"wp-block-paragraph\">Association culturelle qui propose des ateliers th\u00e9\u00e2tre amateur.<\/p>\n\n\n\n<p class=\"wp-block-paragraph\">contact: 06.65.21.61.81<\/p>\n\n\n\n<p class=\"wp-block-paragraph\">courriel: compagnieduchiensoleil@proton.me<\/p>\n\n\n\n<p class=\"wp-block-paragraph\">instagram: <a href=\"https:\/\/www.instagram.com\/cie_du_chien_soleil\/\" target=\"_blank\" rel=\"noopener\" title=\"\">https:\/\/www.instagram.com\/cie_du_chien_soleil\/<\/a><\/p>\n<\/div><\/div>\n\n\n\n<div class=\"wp-block-media-text alignwide is-stacked-on-mobile\" style=\"grid-template-columns:45% auto\"><figure class=\"wp-block-media-text__media\"><img loading=\"lazy\" decoding=\"async\" width=\"834\" height=\"826\" src=\"https:\/\/osapam.fr\/wp-content\/uploads\/2025\/01\/sans-logo.jpg\" alt=\"\" class=\"wp-image-4779 size-full\" srcset=\"https:\/\/osapam.fr\/wp-content\/uploads\/2025\/01\/sans-logo.jpg 834w, https:\/\/osapam.fr\/wp-content\/uploads\/2025\/01\/sans-logo-300x297.jpg 300w, https:\/\/osapam.fr\/wp-content\/uploads\/2025\/01\/sans-logo-150x150.jpg 150w, https:\/\/osapam.fr\/wp-content\/uploads\/2025\/01\/sans-logo-768x761.jpg 768w\" sizes=\"(max-width: 834px) 100vw, 834px\" \/><\/figure><div class=\"wp-block-media-text__content\">\n<p class=\"has-medium-font-size wp-block-paragraph\"><strong>Compagnie Mastock<\/strong><\/p>\n\n\n\n<p class=\"wp-block-paragraph\">Association d&#8217;ateliers amateurs, cr\u00e9ations et diffusions de spectacles chor\u00e9graphiques<\/p>\n\n\n\n<p class=\"wp-block-paragraph\">contact: 06.70.37.03.60<\/p>\n\n\n\n<p class=\"wp-block-paragraph\">courriel: <a href=\"mailto:contact@cie-mastock.fr\">contact@cie-mastock.fr<\/a><\/p>\n\n\n\n<p class=\"wp-block-paragraph\">site: <a href=\"https:\/\/cie-mastock.fr\/\" target=\"_blank\" rel=\"noopener\" title=\"\">https:\/\/cie-mastock.fr\/<\/a><\/p>\n\n\n\n<p class=\"wp-block-paragraph\">facebook: <a href=\"https:\/\/www.facebook.com\/CieMastoCK\/?locale=fr_FR\" target=\"_blank\" rel=\"noopener\" title=\"\">https:\/\/www.facebook.com\/CieMastoCK\/?locale=fr_FR<\/a><\/p>\n\n\n\n<p class=\"wp-block-paragraph\">instagram: <a href=\"https:\/\/www.instagram.com\/ciemastock\/\" target=\"_blank\" rel=\"noopener\" title=\"\">https:\/\/www.instagram.com\/ciemastock\/<\/a><\/p>\n<\/div><\/div>\n\n\n\n<div class=\"wp-block-media-text alignwide is-stacked-on-mobile\" style=\"grid-template-columns:45% auto\"><figure class=\"wp-block-media-text__media\"><img loading=\"lazy\" decoding=\"async\" width=\"834\" height=\"826\" src=\"https:\/\/osapam.fr\/wp-content\/uploads\/2024\/09\/logo-croix-rouge-francaise-site.jpg\" alt=\"\" class=\"wp-image-4700 size-full\" srcset=\"https:\/\/osapam.fr\/wp-content\/uploads\/2024\/09\/logo-croix-rouge-francaise-site.jpg 834w, https:\/\/osapam.fr\/wp-content\/uploads\/2024\/09\/logo-croix-rouge-francaise-site-300x297.jpg 300w, https:\/\/osapam.fr\/wp-content\/uploads\/2024\/09\/logo-croix-rouge-francaise-site-150x150.jpg 150w, https:\/\/osapam.fr\/wp-content\/uploads\/2024\/09\/logo-croix-rouge-francaise-site-768x761.jpg 768w\" sizes=\"(max-width: 834px) 100vw, 834px\" \/><\/figure><div class=\"wp-block-media-text__content\">\n<p class=\"has-medium-font-size wp-block-paragraph\"><strong>Croix rouge fran\u00e7aise &#8211; antenne de Melle<\/strong><\/p>\n\n\n\n<p class=\"wp-block-paragraph\">Association caritative<\/p>\n\n\n\n<p class=\"wp-block-paragraph\">contact: 06.15.16.79.55<\/p>\n\n\n\n<p class=\"wp-block-paragraph\">courriel: al.mellois@croix-rouge.fr<\/p>\n\n\n\n<p class=\"wp-block-paragraph\">site: <a href=\"https:\/\/www.croix-rouge.fr\/antenne-locale-du-mellois\" target=\"_blank\" rel=\"noopener\" title=\"\">https:\/\/www.croix-rouge.fr\/antenne-locale-du-mellois<\/a><\/p>\n\n\n\n<p class=\"wp-block-paragraph\">facebook: <a href=\"https:\/\/www.facebook.com\/profile.php?id=100066892140885&#038;locale=fr_FR\" target=\"_blank\" rel=\"noopener\" title=\"\">https:\/\/www.facebook.com\/profile.php?id=100066892140885&#038;locale=fr_FR<\/a><\/p>\n<\/div><\/div>\n\n\n\n<div class=\"wp-block-media-text alignwide is-stacked-on-mobile\" style=\"grid-template-columns:45% auto\"><figure class=\"wp-block-media-text__media\"><img loading=\"lazy\" decoding=\"async\" width=\"834\" height=\"826\" src=\"https:\/\/osapam.fr\/wp-content\/uploads\/2025\/01\/sans-logo.jpg\" alt=\"\" class=\"wp-image-4779 size-full\" srcset=\"https:\/\/osapam.fr\/wp-content\/uploads\/2025\/01\/sans-logo.jpg 834w, https:\/\/osapam.fr\/wp-content\/uploads\/2025\/01\/sans-logo-300x297.jpg 300w, https:\/\/osapam.fr\/wp-content\/uploads\/2025\/01\/sans-logo-150x150.jpg 150w, https:\/\/osapam.fr\/wp-content\/uploads\/2025\/01\/sans-logo-768x761.jpg 768w\" sizes=\"(max-width: 834px) 100vw, 834px\" \/><\/figure><div class=\"wp-block-media-text__content\">\n<p class=\"has-medium-font-size wp-block-paragraph\"><strong>Cthulhu Event&nbsp;<\/strong><\/p>\n\n\n\n<p class=\"wp-block-paragraph\">Association qui organise des \u00e9v\u00e8nements culturels autour du jeu vid\u00e9o r\u00e9tro, des jouets anciens, de la BD, disques vinyles, expositions,concerts etc.<\/p>\n\n\n\n<p class=\"wp-block-paragraph\">contact: 06.98.14.97.74<\/p>\n\n\n\n<p class=\"wp-block-paragraph\">courriel: <a href=\"mailto:cthulhuevent@gmail.com\">cthulhuevent@gmail.com<\/a><\/p>\n\n\n\n<p class=\"wp-block-paragraph\">facebook: <a href=\"https:\/\/www.facebook.com\/cthulhuevent?locale=fr_FR\" target=\"_blank\" rel=\"noopener\" title=\"\">https:\/\/www.facebook.com\/cthulhuevent?locale=fr_FR<\/a><\/p>\n\n\n\n<p class=\"wp-block-paragraph\">instagram: <a href=\"https:\/\/www.instagram.com\/cthulhuevent79\/\" target=\"_blank\" rel=\"noopener\" title=\"\">https:\/\/www.instagram.com\/cthulhuevent79\/<\/a><\/p>\n<\/div><\/div>\n\n\n\n<div class=\"wp-block-media-text alignwide is-stacked-on-mobile\" style=\"grid-template-columns:45% auto\"><figure class=\"wp-block-media-text__media\"><img loading=\"lazy\" decoding=\"async\" width=\"225\" height=\"225\" src=\"https:\/\/osapam.fr\/wp-content\/uploads\/2022\/08\/logo-D4B.png\" alt=\"\" class=\"wp-image-2349 size-full\" srcset=\"https:\/\/osapam.fr\/wp-content\/uploads\/2022\/08\/logo-D4B.png 225w, https:\/\/osapam.fr\/wp-content\/uploads\/2022\/08\/logo-D4B-150x150.png 150w\" sizes=\"(max-width: 225px) 100vw, 225px\" \/><\/figure><div class=\"wp-block-media-text__content\">\n<p class=\"has-medium-font-size wp-block-paragraph\">D4B radio associative<\/p>\n\n\n\n<p class=\"wp-block-paragraph\">Association<\/p>\n\n\n\n<p class=\"wp-block-paragraph\">contact: <\/p>\n\n\n\n<p class=\"wp-block-paragraph\">courriel: <a href=\"mailto:infos@radiod4b.asso.fr\">infos@radiod4b.asso.fr<\/a><\/p>\n\n\n\n<p class=\"wp-block-paragraph\">site: <a href=\"https:\/\/www.radiod4b.asso.fr\" target=\"_blank\" rel=\"noreferrer noopener\">https:\/\/www.radiod4b.asso.fr<\/a><\/p>\n\n\n\n<p class=\"wp-block-paragraph\">facebook: <a href=\"https:\/\/www.facebook.com\/d4blaradio\" target=\"_blank\" rel=\"noopener\" title=\"\">https:\/\/www.facebook.com\/d4blaradio<\/a><\/p>\n\n\n\n<p class=\"wp-block-paragraph\">instagram: <a href=\"https:\/\/www.instagram.com\/radio_d4b_officiel\/\" target=\"_blank\" rel=\"noopener\" title=\"\">https:\/\/www.instagram.com\/radio_d4b_officiel\/<\/a><\/p>\n<\/div><\/div>\n\n\n\n<div class=\"wp-block-media-text alignwide is-stacked-on-mobile\" style=\"grid-template-columns:45% auto\"><figure class=\"wp-block-media-text__media\"><img loading=\"lazy\" decoding=\"async\" width=\"834\" height=\"826\" src=\"https:\/\/osapam.fr\/wp-content\/uploads\/2024\/09\/logo-eclaireurs-unioniste-de-france-site.jpg\" alt=\"\" class=\"wp-image-4698 size-full\" srcset=\"https:\/\/osapam.fr\/wp-content\/uploads\/2024\/09\/logo-eclaireurs-unioniste-de-france-site.jpg 834w, https:\/\/osapam.fr\/wp-content\/uploads\/2024\/09\/logo-eclaireurs-unioniste-de-france-site-300x297.jpg 300w, https:\/\/osapam.fr\/wp-content\/uploads\/2024\/09\/logo-eclaireurs-unioniste-de-france-site-150x150.jpg 150w, https:\/\/osapam.fr\/wp-content\/uploads\/2024\/09\/logo-eclaireurs-unioniste-de-france-site-768x761.jpg 768w\" sizes=\"(max-width: 834px) 100vw, 834px\" \/><\/figure><div class=\"wp-block-media-text__content\">\n<p class=\"has-medium-font-size wp-block-paragraph\"><strong>Eclaireurs et \u00e9claireuses Unionistes de France<\/strong><\/p>\n\n\n\n<p class=\"wp-block-paragraph\">Association de scoutisme aux racines protestantes.<\/p>\n\n\n\n<p class=\"wp-block-paragraph\">contact: 06.99.01.68.12<\/p>\n\n\n\n<p class=\"wp-block-paragraph\">courriel: eeudfmelle79@gmail.com<\/p>\n\n\n\n<p class=\"wp-block-paragraph\">facebook: <a href=\"https:\/\/www.facebook.com\/EeudfMelle\" target=\"_blank\" rel=\"noopener\" title=\"\">https:\/\/www.facebook.com\/EeudfMelle<\/a><\/p>\n\n\n\n<p class=\"wp-block-paragraph\">instagram: <a href=\"https:\/\/www.instagram.com\/eeudf_melle\/\" target=\"_blank\" rel=\"noopener\" title=\"\">https:\/\/www.instagram.com\/eeudf_melle\/<\/a><\/p>\n<\/div><\/div>\n\n\n\n<div class=\"wp-block-media-text alignwide is-stacked-on-mobile\" style=\"grid-template-columns:45% auto\"><figure class=\"wp-block-media-text__media\"><img loading=\"lazy\" decoding=\"async\" width=\"834\" height=\"826\" src=\"https:\/\/osapam.fr\/wp-content\/uploads\/2022\/08\/empm.jpg\" alt=\"\" class=\"wp-image-2337 size-full\" srcset=\"https:\/\/osapam.fr\/wp-content\/uploads\/2022\/08\/empm.jpg 834w, https:\/\/osapam.fr\/wp-content\/uploads\/2022\/08\/empm-300x297.jpg 300w, https:\/\/osapam.fr\/wp-content\/uploads\/2022\/08\/empm-150x150.jpg 150w, https:\/\/osapam.fr\/wp-content\/uploads\/2022\/08\/empm-768x761.jpg 768w\" sizes=\"(max-width: 834px) 100vw, 834px\" \/><\/figure><div class=\"wp-block-media-text__content\">\n<p class=\"has-medium-font-size wp-block-paragraph\"><strong>Ecole de Musique du Pays Mellois (EMPM)<\/strong><\/p>\n\n\n\n<p class=\"wp-block-paragraph\">\u00c9cole associative depuis bient\u00f4t 40 ans pour enfants, ados et adultes avec plus de 20 instruments enseign\u00e9s et des ateliers de pratique collective(jazz, musiques actuelles, chansons, djemb\u00e9s, orchestre \u00e0 cordes, trad&#8230;)<\/p>\n\n\n\n<p class=\"wp-block-paragraph\">contact: 05.16.79.90.96<\/p>\n\n\n\n<p class=\"wp-block-paragraph\">courriel: ecoledemusiquedupaysmellois@gmail.com <\/p>\n\n\n\n<p class=\"wp-block-paragraph\">site: <a href=\"http:\/\/empm.org\" target=\"_blank\" rel=\"noreferrer noopener\">http:\/\/empm.org<\/a><\/p>\n\n\n\n<p class=\"wp-block-paragraph\">facebook: <a href=\"https:\/\/www.facebook.com\/ecoledemusiquedupaysmellois\" target=\"_blank\" rel=\"noopener\" title=\"\">https:\/\/www.facebook.com\/ecoledemusiquedupaysmellois<\/a><\/p>\n\n\n\n<p class=\"wp-block-paragraph\">instagram: <a href=\"https:\/\/www.instagram.com\/ecole.de.musique.pays.mellois\/\" target=\"_blank\" rel=\"noopener\" title=\"\">https:\/\/www.instagram.com\/ecole.de.musique.pays.mellois\/<\/a><\/p>\n<\/div><\/div>\n\n\n\n<div class=\"wp-block-media-text alignwide is-stacked-on-mobile\" style=\"grid-template-columns:45% auto\"><figure class=\"wp-block-media-text__media\"><img loading=\"lazy\" decoding=\"async\" width=\"834\" height=\"826\" src=\"https:\/\/osapam.fr\/wp-content\/uploads\/2022\/08\/et-vie-danse.jpg\" alt=\"\" class=\"wp-image-2321 size-full\" srcset=\"https:\/\/osapam.fr\/wp-content\/uploads\/2022\/08\/et-vie-danse.jpg 834w, https:\/\/osapam.fr\/wp-content\/uploads\/2022\/08\/et-vie-danse-300x297.jpg 300w, https:\/\/osapam.fr\/wp-content\/uploads\/2022\/08\/et-vie-danse-150x150.jpg 150w, https:\/\/osapam.fr\/wp-content\/uploads\/2022\/08\/et-vie-danse-768x761.jpg 768w\" sizes=\"(max-width: 834px) 100vw, 834px\" \/><\/figure><div class=\"wp-block-media-text__content\">\n<p class=\"has-medium-font-size wp-block-paragraph\"><strong>Et Vie Danse<\/strong><\/p>\n\n\n\n<p class=\"wp-block-paragraph\">\u00c9cole de dance qui propose de l&#8217;eveil \u00e0 la danse classique\/modern&#8217;jazz de 4 \u00e0 7 ans et de la Gym&#8217;danse pour adolescents et adultes.<\/p>\n\n\n\n<p class=\"wp-block-paragraph\">contact: 06.81.62.00.30<\/p>\n\n\n\n<p class=\"wp-block-paragraph\">courriel: vpoirault@orange.fr<\/p>\n<\/div><\/div>\n\n\n\n<div class=\"wp-block-media-text alignwide is-stacked-on-mobile\" style=\"grid-template-columns:45% auto\"><figure class=\"wp-block-media-text__media\"><img loading=\"lazy\" decoding=\"async\" width=\"834\" height=\"826\" src=\"https:\/\/osapam.fr\/wp-content\/uploads\/2025\/01\/sans-logo.jpg\" alt=\"\" class=\"wp-image-4779 size-full\" srcset=\"https:\/\/osapam.fr\/wp-content\/uploads\/2025\/01\/sans-logo.jpg 834w, https:\/\/osapam.fr\/wp-content\/uploads\/2025\/01\/sans-logo-300x297.jpg 300w, https:\/\/osapam.fr\/wp-content\/uploads\/2025\/01\/sans-logo-150x150.jpg 150w, https:\/\/osapam.fr\/wp-content\/uploads\/2025\/01\/sans-logo-768x761.jpg 768w\" sizes=\"(max-width: 834px) 100vw, 834px\" \/><\/figure><div class=\"wp-block-media-text__content\">\n<p class=\"has-medium-font-size wp-block-paragraph\"><strong>Foyer Rural de Lezay<\/strong> (Neness Dance Flow)<\/p>\n\n\n\n<p class=\"wp-block-paragraph\">Association qui propose des cours de dance urbaine, principalement hip-hop, \u00e0 partir de 7 ans et plus.<\/p>\n\n\n\n<p class=\"wp-block-paragraph\">contact: 07.50.31.30.53<\/p>\n\n\n\n<p class=\"wp-block-paragraph\">courriel: ines.mirid@gmail.com<\/p>\n\n\n\n<p class=\"wp-block-paragraph\">instagram: <a href=\"https:\/\/www.instagram.com\/nenessdanceflow\/\" target=\"_blank\" rel=\"noopener\" title=\"\">https:\/\/www.instagram.com\/nenessdanceflow\/<\/a><\/p>\n<\/div><\/div>\n\n\n\n<div class=\"wp-block-media-text alignwide is-stacked-on-mobile\" style=\"grid-template-columns:45% auto\"><figure class=\"wp-block-media-text__media\"><img loading=\"lazy\" decoding=\"async\" width=\"834\" height=\"826\" src=\"https:\/\/osapam.fr\/wp-content\/uploads\/2025\/01\/sans-logo-3.jpg\" alt=\"\" class=\"wp-image-4788 size-full\" srcset=\"https:\/\/osapam.fr\/wp-content\/uploads\/2025\/01\/sans-logo-3.jpg 834w, https:\/\/osapam.fr\/wp-content\/uploads\/2025\/01\/sans-logo-3-300x297.jpg 300w, https:\/\/osapam.fr\/wp-content\/uploads\/2025\/01\/sans-logo-3-150x150.jpg 150w, https:\/\/osapam.fr\/wp-content\/uploads\/2025\/01\/sans-logo-3-768x761.jpg 768w\" sizes=\"(max-width: 834px) 100vw, 834px\" \/><\/figure><div class=\"wp-block-media-text__content\">\n<p class=\"has-medium-font-size wp-block-paragraph\"><strong>Foyer Rural Beaussais Vitr\u00e9<\/strong><\/p>\n\n\n\n<p class=\"wp-block-paragraph\">Association qui anime la vie socioculturelle en proposant des activit\u00e9s de loisirs, sportives,culturelles et notamment des cours de Taichi chuan.<\/p>\n\n\n\n<p class=\"wp-block-paragraph\">contact: 06.47.47.24.39<\/p>\n\n\n\n<p class=\"wp-block-paragraph\">courriel: <a href=\"mailto:philippe.cochain@yahoo.fr\">philippe.cochain@yahoo.fr<\/a><\/p>\n\n\n\n<p class=\"wp-block-paragraph\">facebook: <a href=\"https:\/\/www.facebook.com\/foyerrural.beaussaisvitre\/\" target=\"_blank\" rel=\"noopener\" title=\"\">https:\/\/www.facebook.com\/foyerrural.beaussaisvitre\/<\/a><\/p>\n<\/div><\/div>\n\n\n\n<div class=\"wp-block-media-text alignwide is-stacked-on-mobile\" style=\"grid-template-columns:45% auto\"><figure class=\"wp-block-media-text__media\"><img loading=\"lazy\" decoding=\"async\" width=\"834\" height=\"826\" src=\"https:\/\/osapam.fr\/wp-content\/uploads\/2022\/09\/foyer-rural-st-leger-de-la-martiniere.jpg\" alt=\"\" class=\"wp-image-2410 size-full\" srcset=\"https:\/\/osapam.fr\/wp-content\/uploads\/2022\/09\/foyer-rural-st-leger-de-la-martiniere.jpg 834w, https:\/\/osapam.fr\/wp-content\/uploads\/2022\/09\/foyer-rural-st-leger-de-la-martiniere-300x297.jpg 300w, https:\/\/osapam.fr\/wp-content\/uploads\/2022\/09\/foyer-rural-st-leger-de-la-martiniere-150x150.jpg 150w, https:\/\/osapam.fr\/wp-content\/uploads\/2022\/09\/foyer-rural-st-leger-de-la-martiniere-768x761.jpg 768w\" sizes=\"(max-width: 834px) 100vw, 834px\" \/><\/figure><div class=\"wp-block-media-text__content\">\n<p class=\"has-medium-font-size wp-block-paragraph\"><strong>Foyer rural St-L\u00e9ger de la Martini\u00e8re<\/strong><\/p>\n\n\n\n<p class=\"wp-block-paragraph\">Association qui propose multiples activit\u00e9s manuelles, sportives et culturelles.<\/p>\n\n\n\n<p class=\"wp-block-paragraph\">contact: 05.49.27.15.48<\/p>\n\n\n\n<p class=\"wp-block-paragraph\">courriel: marylene.baraton@free.fr<\/p>\n<\/div><\/div>\n\n\n\n<div class=\"wp-block-media-text alignwide is-stacked-on-mobile\" style=\"grid-template-columns:45% auto\"><figure class=\"wp-block-media-text__media\"><img loading=\"lazy\" decoding=\"async\" width=\"834\" height=\"826\" src=\"https:\/\/osapam.fr\/wp-content\/uploads\/2024\/09\/logo-au-gre-du-vent.jpg\" alt=\"\" class=\"wp-image-4696 size-full\" srcset=\"https:\/\/osapam.fr\/wp-content\/uploads\/2024\/09\/logo-au-gre-du-vent.jpg 834w, https:\/\/osapam.fr\/wp-content\/uploads\/2024\/09\/logo-au-gre-du-vent-300x297.jpg 300w, https:\/\/osapam.fr\/wp-content\/uploads\/2024\/09\/logo-au-gre-du-vent-150x150.jpg 150w, https:\/\/osapam.fr\/wp-content\/uploads\/2024\/09\/logo-au-gre-du-vent-768x761.jpg 768w\" sizes=\"(max-width: 834px) 100vw, 834px\" \/><\/figure><div class=\"wp-block-media-text__content\">\n<p class=\"has-medium-font-size wp-block-paragraph\"><strong>Groupe d&#8217;entraide mutuel<\/strong> &#8220;<strong>Au gr\u00e9 du vent<\/strong>&#8220;<\/p>\n\n\n\n<p class=\"wp-block-paragraph\">Associations de lutte contre l&#8217;isolement et l&#8217;exclusion des fragilis\u00e9s psychiques.<\/p>\n\n\n\n<p class=\"wp-block-paragraph\">contact: 06.64.18.99.46<\/p>\n\n\n\n<p class=\"wp-block-paragraph\">courriel: gemaugreduvent@laposte.net<\/p>\n<\/div><\/div>\n\n\n\n<div class=\"wp-block-media-text alignwide is-stacked-on-mobile\" style=\"grid-template-columns:45% auto\"><figure class=\"wp-block-media-text__media\"><img loading=\"lazy\" decoding=\"async\" width=\"834\" height=\"826\" src=\"https:\/\/osapam.fr\/wp-content\/uploads\/2025\/01\/sans-logo-3.jpg\" alt=\"\" class=\"wp-image-4788 size-full\" srcset=\"https:\/\/osapam.fr\/wp-content\/uploads\/2025\/01\/sans-logo-3.jpg 834w, https:\/\/osapam.fr\/wp-content\/uploads\/2025\/01\/sans-logo-3-300x297.jpg 300w, https:\/\/osapam.fr\/wp-content\/uploads\/2025\/01\/sans-logo-3-150x150.jpg 150w, https:\/\/osapam.fr\/wp-content\/uploads\/2025\/01\/sans-logo-3-768x761.jpg 768w\" sizes=\"(max-width: 834px) 100vw, 834px\" \/><\/figure><div class=\"wp-block-media-text__content\">\n<p class=\"has-medium-font-size wp-block-paragraph\"><strong>Groupe Ornithologique des Deux S\u00e8vres<\/strong><\/p>\n\n\n\n<p class=\"wp-block-paragraph\">Association de protection des oiseaux sauvages et de leurs milieux<\/p>\n\n\n\n<p class=\"wp-block-paragraph\">contact: 05.49.09.24.49<\/p>\n\n\n\n<p class=\"wp-block-paragraph\">courriel: contact@ornitho79.org<\/p>\n\n\n\n<p class=\"wp-block-paragraph\">site: <a href=\"https:\/\/www.ornitho79.org\/\" target=\"_blank\" rel=\"noopener\" title=\"\">https:\/\/www.ornitho79.org\/<\/a><\/p>\n\n\n\n<p class=\"wp-block-paragraph\">facebook: <a href=\"https:\/\/www.facebook.com\/GroupeOrnithologiqueDesDeuxSevres\/?locale=fr_FR\" target=\"_blank\" rel=\"noopener\" title=\"\">https:\/\/www.facebook.com\/GroupeOrnithologiqueDesDeuxSevres\/?locale=fr_FR<\/a><\/p>\n<\/div><\/div>\n\n\n\n<div class=\"wp-block-media-text alignwide is-stacked-on-mobile\" style=\"grid-template-columns:45% auto\"><figure class=\"wp-block-media-text__media\"><img loading=\"lazy\" decoding=\"async\" width=\"834\" height=\"826\" src=\"https:\/\/osapam.fr\/wp-content\/uploads\/2025\/01\/sans-logo-3.jpg\" alt=\"\" class=\"wp-image-4788 size-full\" srcset=\"https:\/\/osapam.fr\/wp-content\/uploads\/2025\/01\/sans-logo-3.jpg 834w, https:\/\/osapam.fr\/wp-content\/uploads\/2025\/01\/sans-logo-3-300x297.jpg 300w, https:\/\/osapam.fr\/wp-content\/uploads\/2025\/01\/sans-logo-3-150x150.jpg 150w, https:\/\/osapam.fr\/wp-content\/uploads\/2025\/01\/sans-logo-3-768x761.jpg 768w\" sizes=\"(max-width: 834px) 100vw, 834px\" \/><\/figure><div class=\"wp-block-media-text__content\">\n<p class=\"has-medium-font-size wp-block-paragraph\"><strong>Gym de P\u00e9rign\u00e9<\/strong><\/p>\n\n\n\n<p class=\"wp-block-paragraph\">Association de gym d&#8217;entretien, renforcement musculaire, \u00e9tirements.<\/p>\n\n\n\n<p class=\"wp-block-paragraph\">contact: 06.30.54.29.41<\/p>\n\n\n\n<p class=\"wp-block-paragraph\">courriel: gymperigne@gmail.com <\/p>\n\n\n\n<p class=\"wp-block-paragraph\">facebook : <a href=\"https:\/\/www.facebook.com\/gymvolontaireperigne?locale=fr_FR\" target=\"_blank\" rel=\"noopener\" title=\"\">https:\/\/www.facebook.com\/gymvolontaireperigne?locale=fr_FR<\/a><\/p>\n<\/div><\/div>\n\n\n\n<div class=\"wp-block-media-text alignwide is-stacked-on-mobile\" style=\"grid-template-columns:45% auto\"><figure class=\"wp-block-media-text__media\"><img loading=\"lazy\" decoding=\"async\" width=\"834\" height=\"826\" src=\"https:\/\/osapam.fr\/wp-content\/uploads\/2025\/09\/Handball-Lezay.jpg\" alt=\"\" class=\"wp-image-5025 size-full\" srcset=\"https:\/\/osapam.fr\/wp-content\/uploads\/2025\/09\/Handball-Lezay.jpg 834w, https:\/\/osapam.fr\/wp-content\/uploads\/2025\/09\/Handball-Lezay-300x297.jpg 300w, https:\/\/osapam.fr\/wp-content\/uploads\/2025\/09\/Handball-Lezay-150x150.jpg 150w, https:\/\/osapam.fr\/wp-content\/uploads\/2025\/09\/Handball-Lezay-768x761.jpg 768w\" sizes=\"(max-width: 834px) 100vw, 834px\" \/><\/figure><div class=\"wp-block-media-text__content\">\n<p class=\"has-medium-font-size wp-block-paragraph\"><strong>Handball club Lezay<\/strong><\/p>\n\n\n\n<p class=\"wp-block-paragraph\">Association de handball de Lezay ouverte \u00e0 tout public \u00e0 partir de 5 ans.<\/p>\n\n\n\n<p class=\"wp-block-paragraph\">contact: 06.84.60.20.70<\/p>\n\n\n\n<p class=\"wp-block-paragraph\">courriel: 6079014@ffhandball.net<\/p>\n\n\n\n<p class=\"wp-block-paragraph\">site: <a href=\"https:\/\/hbc-lezay.clubeo.com\/\" target=\"_blank\" rel=\"noopener\" title=\"\">https:\/\/hbc-lezay.clubeo.com\/<\/a><\/p>\n\n\n\n<p class=\"wp-block-paragraph\">facebook: <a href=\"https:\/\/www.facebook.com\/p\/Handball-Club-Lezay-100063703626057\/?locale=fr_FR\" target=\"_blank\" rel=\"noopener\" title=\"\">https:\/\/www.facebook.com\/p\/Handball-Club-Lezay-100063703626057\/?locale=fr_FR<\/a><\/p>\n\n\n\n<p class=\"wp-block-paragraph\">instagram: <a href=\"https:\/\/www.instagram.com\/handball_club_lezay\/\" target=\"_blank\" rel=\"noopener\" title=\"\">https:\/\/www.instagram.com\/handball_club_lezay\/<\/a><\/p>\n<\/div><\/div>\n\n\n\n<div class=\"wp-block-media-text alignwide is-stacked-on-mobile\" style=\"grid-template-columns:45% auto\"><figure class=\"wp-block-media-text__media\"><img loading=\"lazy\" decoding=\"async\" width=\"834\" height=\"826\" src=\"https:\/\/osapam.fr\/wp-content\/uploads\/2024\/09\/logo-HOPE79-site.jpg\" alt=\"\" class=\"wp-image-4699 size-full\" srcset=\"https:\/\/osapam.fr\/wp-content\/uploads\/2024\/09\/logo-HOPE79-site.jpg 834w, https:\/\/osapam.fr\/wp-content\/uploads\/2024\/09\/logo-HOPE79-site-300x297.jpg 300w, https:\/\/osapam.fr\/wp-content\/uploads\/2024\/09\/logo-HOPE79-site-150x150.jpg 150w, https:\/\/osapam.fr\/wp-content\/uploads\/2024\/09\/logo-HOPE79-site-768x761.jpg 768w\" sizes=\"(max-width: 834px) 100vw, 834px\" \/><\/figure><div class=\"wp-block-media-text__content\">\n<p class=\"has-medium-font-size wp-block-paragraph\"><strong>HOPE 79 pour les animaux<\/strong><\/p>\n\n\n\n<p class=\"wp-block-paragraph\">Association ayant pour but de r\u00e9aliser des actions pour r\u00e9colter des dons au profit des associations qui s&#8217;occupent des animaux dans le besoin<\/p>\n\n\n\n<p class=\"wp-block-paragraph\">contact: 07.80.11.37.39<\/p>\n\n\n\n<p class=\"wp-block-paragraph\">courriel: info@hope79.org<\/p>\n\n\n\n<p class=\"wp-block-paragraph\">site: <a href=\"https:\/\/hope79.org\/\" target=\"_blank\" rel=\"noopener\" title=\"\">https:\/\/hope79.org\/<\/a><\/p>\n\n\n\n<p class=\"wp-block-paragraph\">facebook: <a href=\"https:\/\/www.facebook.com\/groups\/hope79pourlesanimauxcharityshopsauzevaussais\/?locale=fr_FR\" target=\"_blank\" rel=\"noopener\" title=\"\">https:\/\/www.facebook.com\/groups\/hope79pourlesanimauxcharityshopsauzevaussais\/?locale=fr_FR<\/a><\/p>\n<\/div><\/div>\n\n\n\n<div class=\"wp-block-media-text alignwide is-stacked-on-mobile\" style=\"grid-template-columns:45% auto\"><figure class=\"wp-block-media-text__media\"><img loading=\"lazy\" decoding=\"async\" width=\"834\" height=\"826\" src=\"https:\/\/osapam.fr\/wp-content\/uploads\/2025\/01\/sans-logo.jpg\" alt=\"\" class=\"wp-image-4779 size-full\" srcset=\"https:\/\/osapam.fr\/wp-content\/uploads\/2025\/01\/sans-logo.jpg 834w, https:\/\/osapam.fr\/wp-content\/uploads\/2025\/01\/sans-logo-300x297.jpg 300w, https:\/\/osapam.fr\/wp-content\/uploads\/2025\/01\/sans-logo-150x150.jpg 150w, https:\/\/osapam.fr\/wp-content\/uploads\/2025\/01\/sans-logo-768x761.jpg 768w\" sizes=\"(max-width: 834px) 100vw, 834px\" \/><\/figure><div class=\"wp-block-media-text__content\">\n<p class=\"has-medium-font-size wp-block-paragraph\"><strong>ISA Poitou-Charentes<\/strong><\/p>\n\n\n\n<p class=\"wp-block-paragraph\">Association<\/p>\n\n\n\n<p class=\"wp-block-paragraph\">contact: 06.88.14.56.37<\/p>\n\n\n\n<p class=\"wp-block-paragraph\">courriel: yoga.aplomb@laposte.net<\/p>\n\n\n\n<p class=\"wp-block-paragraph\">site: <a href=\"https:\/\/www.yoga-aplomb.org\/\" target=\"_blank\" rel=\"noopener\" title=\"\">https:\/\/www.yoga-aplomb.org\/<\/a><\/p>\n\n\n\n<p class=\"wp-block-paragraph\">facebook: <a href=\"https:\/\/www.facebook.com\/profile.php?id=100084392187267&#038;locale=fr_FR#\" target=\"_blank\" rel=\"noopener\" title=\"\">https:\/\/www.facebook.com\/profile.php?id=100084392187267&#038;locale=fr_FR#<\/a><\/p>\n<\/div><\/div>\n\n\n\n<div class=\"wp-block-media-text alignwide is-stacked-on-mobile\" style=\"grid-template-columns:45% auto\"><figure class=\"wp-block-media-text__media\"><img loading=\"lazy\" decoding=\"async\" width=\"834\" height=\"826\" src=\"https:\/\/osapam.fr\/wp-content\/uploads\/2023\/08\/JMImagin.jpg\" alt=\"\" class=\"wp-image-2882 size-full\" srcset=\"https:\/\/osapam.fr\/wp-content\/uploads\/2023\/08\/JMImagin.jpg 834w, https:\/\/osapam.fr\/wp-content\/uploads\/2023\/08\/JMImagin-300x297.jpg 300w, https:\/\/osapam.fr\/wp-content\/uploads\/2023\/08\/JMImagin-150x150.jpg 150w, https:\/\/osapam.fr\/wp-content\/uploads\/2023\/08\/JMImagin-768x761.jpg 768w\" sizes=\"(max-width: 834px) 100vw, 834px\" \/><\/figure><div class=\"wp-block-media-text__content\">\n<p class=\"has-medium-font-size wp-block-paragraph\"><strong>JMI&#8217;magine<\/strong><\/p>\n\n\n\n<p class=\"wp-block-paragraph\">Association artistique, sp\u00e9cialis\u00e9e dans la cr\u00e9ation de spectacles vivants, m\u00e9lant danse et univers sc\u00e9nique immersifs.<\/p>\n\n\n\n<p class=\"wp-block-paragraph\">contact: 06.43.26.67.62<\/p>\n\n\n\n<p class=\"wp-block-paragraph\">courriel: jmimagine.asso@gmail.com<\/p>\n\n\n\n<p class=\"wp-block-paragraph\">Facebook: <a href=\"https:\/\/www.facebook.com\/p\/JMImagine-100092405654436\/?locale=fr_FR\" target=\"_blank\" rel=\"noopener\" title=\"\">https:\/\/www.facebook.com\/p\/JMImagine-100092405654436\/?locale=fr_FR<\/a><\/p>\n\n\n\n<p class=\"wp-block-paragraph\">instagram: <a href=\"https:\/\/www.instagram.com\/jmi.magine\/\" target=\"_blank\" rel=\"noopener\" title=\"\">https:\/\/www.instagram.com\/jmi.magine\/<\/a><\/p>\n<\/div><\/div>\n\n\n\n<div class=\"wp-block-media-text alignwide is-stacked-on-mobile\" style=\"grid-template-columns:45% auto\"><figure class=\"wp-block-media-text__media\"><img loading=\"lazy\" decoding=\"async\" width=\"834\" height=\"826\" src=\"https:\/\/osapam.fr\/wp-content\/uploads\/2022\/08\/judo-lezay-1.jpg\" alt=\"\" class=\"wp-image-2342 size-full\" srcset=\"https:\/\/osapam.fr\/wp-content\/uploads\/2022\/08\/judo-lezay-1.jpg 834w, https:\/\/osapam.fr\/wp-content\/uploads\/2022\/08\/judo-lezay-1-300x297.jpg 300w, https:\/\/osapam.fr\/wp-content\/uploads\/2022\/08\/judo-lezay-1-150x150.jpg 150w, https:\/\/osapam.fr\/wp-content\/uploads\/2022\/08\/judo-lezay-1-768x761.jpg 768w\" sizes=\"(max-width: 834px) 100vw, 834px\" \/><\/figure><div class=\"wp-block-media-text__content\">\n<p class=\"has-medium-font-size wp-block-paragraph\"><strong>Judo Club Mellois<\/strong><\/p>\n\n\n\n<p class=\"wp-block-paragraph\">Association sportive ayant pour but le d\u00e9veloppement de la pratique du Judo.<\/p>\n\n\n\n<p class=\"wp-block-paragraph\">contact: 06.50.47.42.15<\/p>\n\n\n\n<p class=\"wp-block-paragraph\">courriel: judoclubmellois@gmail.com <\/p>\n\n\n\n<p class=\"wp-block-paragraph\">site: <a href=\"http:\/\/judoclubmellois.e-monsite.com\/\" target=\"_blank\" rel=\"noopener\">http:\/\/judoclubmellois.e-monsite.com\/<\/a><\/p>\n\n\n\n<p class=\"wp-block-paragraph\">facebook : <a href=\"https:\/\/www.facebook.com\/Judo.Club.Mellois\" target=\"_blank\" rel=\"noopener\" title=\"\">https:\/\/www.facebook.com\/Judo.Club.Mellois<\/a><\/p>\n<\/div><\/div>\n<\/div>\n\n\n\n<div class=\"wp-block-column is-layout-flow wp-block-column-is-layout-flow\">\n<div class=\"wp-block-media-text alignwide is-stacked-on-mobile\" style=\"grid-template-columns:45% auto\"><figure class=\"wp-block-media-text__media\"><img loading=\"lazy\" decoding=\"async\" width=\"834\" height=\"826\" src=\"https:\/\/osapam.fr\/wp-content\/uploads\/2025\/09\/king-poker-club.jpg\" alt=\"\" class=\"wp-image-5031 size-full\" srcset=\"https:\/\/osapam.fr\/wp-content\/uploads\/2025\/09\/king-poker-club.jpg 834w, https:\/\/osapam.fr\/wp-content\/uploads\/2025\/09\/king-poker-club-300x297.jpg 300w, https:\/\/osapam.fr\/wp-content\/uploads\/2025\/09\/king-poker-club-150x150.jpg 150w, https:\/\/osapam.fr\/wp-content\/uploads\/2025\/09\/king-poker-club-768x761.jpg 768w\" sizes=\"(max-width: 834px) 100vw, 834px\" \/><\/figure><div class=\"wp-block-media-text__content\">\n<p class=\"has-medium-font-size wp-block-paragraph\"><strong>Kings Poker Club<\/strong><\/p>\n\n\n\n<p class=\"wp-block-paragraph\">Association ayant pour but de promouvoir la pratique du poker amateur<\/p>\n\n\n\n<p class=\"wp-block-paragraph\">contact: 06.16.37.08.31<\/p>\n\n\n\n<p class=\"wp-block-paragraph\">courriel: <a href=\"mailto:deux-sevres@lacimade.org\" target=\"_blank\" rel=\"noopener\" title=\"\">kingspokerc@gmail.com <\/a><\/p>\n\n\n\n<p class=\"wp-block-paragraph\">facebook: <a href=\"https:\/\/www.facebook.com\/kpcpaysmellois?locale=fr_FR\" target=\"_blank\" rel=\"noopener\" title=\"\">https:\/\/www.facebook.com\/kpcpaysmellois?locale=fr_FR<\/a><\/p>\n<\/div><\/div>\n\n\n\n<div class=\"wp-block-media-text alignwide is-stacked-on-mobile\" style=\"grid-template-columns:45% auto\"><figure class=\"wp-block-media-text__media\"><img loading=\"lazy\" decoding=\"async\" width=\"131\" height=\"124\" src=\"https:\/\/osapam.fr\/wp-content\/uploads\/2022\/08\/logo-la-beta-pi-1.png\" alt=\"\" class=\"wp-image-2363 size-full\"\/><\/figure><div class=\"wp-block-media-text__content\">\n<p class=\"has-medium-font-size wp-block-paragraph\"><strong>La B\u00e9ta-Pi<\/strong><\/p>\n\n\n\n<p class=\"wp-block-paragraph\">Association d&#8217;animation et diffusion de culture scientifique et Technique.<\/p>\n\n\n\n<p class=\"wp-block-paragraph\">contact: 06.68.32.84.44<\/p>\n\n\n\n<p class=\"wp-block-paragraph\">courriel: <a href=\"mailto:info@labetapi.fr?subject=%5Bcontact%20via%20site%20internet%5D\">info@labetapi.fr<\/a><\/p>\n\n\n\n<p class=\"wp-block-paragraph\">site: <a href=\"http:\/\/www.labetapi.fr\/\" target=\"_blank\" rel=\"noreferrer noopener\">http:\/\/www.labetapi.fr\/<\/a><\/p>\n\n\n\n<p class=\"wp-block-paragraph\">facebook: <a href=\"https:\/\/www.facebook.com\/search\/top?q=la%20b%C3%AAta-pi%20-%2079&#038;locale=fr_FR\" target=\"_blank\" rel=\"noopener\" title=\"\">https:\/\/www.facebook.com\/search\/top?q=la%20b%C3%AAta-pi%20-%2079&#038;locale=fr_FR<\/a><\/p>\n\n\n\n<p class=\"wp-block-paragraph\">instagram: <a href=\"https:\/\/www.instagram.com\/labetapi\/\" target=\"_blank\" rel=\"noopener\" title=\"\">https:\/\/www.instagram.com\/labetapi\/<\/a><\/p>\n<\/div><\/div>\n\n\n\n<div class=\"wp-block-media-text alignwide is-stacked-on-mobile\" style=\"grid-template-columns:45% auto\"><figure class=\"wp-block-media-text__media\"><img loading=\"lazy\" decoding=\"async\" width=\"834\" height=\"826\" src=\"https:\/\/osapam.fr\/wp-content\/uploads\/2025\/01\/sans-logo-3.jpg\" alt=\"\" class=\"wp-image-4788 size-full\" srcset=\"https:\/\/osapam.fr\/wp-content\/uploads\/2025\/01\/sans-logo-3.jpg 834w, https:\/\/osapam.fr\/wp-content\/uploads\/2025\/01\/sans-logo-3-300x297.jpg 300w, https:\/\/osapam.fr\/wp-content\/uploads\/2025\/01\/sans-logo-3-150x150.jpg 150w, https:\/\/osapam.fr\/wp-content\/uploads\/2025\/01\/sans-logo-3-768x761.jpg 768w\" sizes=\"(max-width: 834px) 100vw, 834px\" \/><\/figure><div class=\"wp-block-media-text__content\">\n<p class=\"has-medium-font-size wp-block-paragraph\"><strong>La boite \u00e0 Utiles<\/strong><\/p>\n\n\n\n<p class=\"wp-block-paragraph\">Ressourcerie associative et solidaire.<\/p>\n\n\n\n<p class=\"wp-block-paragraph\">contact: 07.49.25.16.47<\/p>\n\n\n\n<p class=\"wp-block-paragraph\">courriel: ressourcerie@asso-les-utiles.fr<\/p>\n\n\n\n<p class=\"wp-block-paragraph\">site: <a href=\"https:\/\/www.asso-les-utiles.fr\/\" target=\"_blank\" rel=\"noopener\" title=\"\">https:\/\/www.asso-les-utiles.fr\/<\/a><\/p>\n\n\n\n<p class=\"wp-block-paragraph\">facebook: <a href=\"https:\/\/www.facebook.com\/p\/La-Bo%C3%AEte-%C3%A0-UtileS-79-61583961774588\/\" target=\"_blank\" rel=\"noopener\" title=\"\">https:\/\/www.facebook.com\/p\/La-Bo%C3%AEte-%C3%A0-UtileS-79-61583961774588\/<\/a><\/p>\n\n\n\n<p class=\"wp-block-paragraph\">instagram: <a href=\"https:\/\/www.instagram.com\/laboiteautilesressoucerie\/\" target=\"_blank\" rel=\"noopener\" title=\"\">https:\/\/www.instagram.com\/laboiteautilesressoucerie\/<\/a><\/p>\n<\/div><\/div>\n\n\n\n<div class=\"wp-block-media-text alignwide is-stacked-on-mobile\" style=\"grid-template-columns:45% auto\"><figure class=\"wp-block-media-text__media\"><img loading=\"lazy\" decoding=\"async\" width=\"834\" height=\"826\" src=\"https:\/\/osapam.fr\/wp-content\/uploads\/2025\/01\/sans-logo-3.jpg\" alt=\"\" class=\"wp-image-4788 size-full\" srcset=\"https:\/\/osapam.fr\/wp-content\/uploads\/2025\/01\/sans-logo-3.jpg 834w, https:\/\/osapam.fr\/wp-content\/uploads\/2025\/01\/sans-logo-3-300x297.jpg 300w, https:\/\/osapam.fr\/wp-content\/uploads\/2025\/01\/sans-logo-3-150x150.jpg 150w, https:\/\/osapam.fr\/wp-content\/uploads\/2025\/01\/sans-logo-3-768x761.jpg 768w\" sizes=\"(max-width: 834px) 100vw, 834px\" \/><\/figure><div class=\"wp-block-media-text__content\">\n<p class=\"has-medium-font-size wp-block-paragraph\"><strong>La Ronde des jurons<\/strong><\/p>\n\n\n\n<p class=\"wp-block-paragraph\">Association culturelle, chanson fran\u00e7aise et musiques actuelles, ateliers de pratiques amateures, salsa, atelier vocal, studio, accompagnement d&#8217;artistes.<\/p>\n\n\n\n<p class=\"wp-block-paragraph\">courriel: contact@larondedesjurons.org<\/p>\n\n\n\n<p class=\"wp-block-paragraph\">site: <a href=\"https:\/\/www.larondedesjurons.fr\/\" target=\"_blank\" rel=\"noopener\" title=\"\">https:\/\/www.larondedesjurons.fr\/<\/a><\/p>\n\n\n\n<p class=\"wp-block-paragraph\">facebook: <a href=\"https:\/\/www.facebook.com\/larondedesjurons.lrdj\/?locale=fr_FR\" target=\"_blank\" rel=\"noopener\" title=\"\">https:\/\/www.facebook.com\/larondedesjurons.lrdj\/?locale=fr_FR<\/a><\/p>\n\n\n\n<p class=\"wp-block-paragraph\">instagram: <a href=\"https:\/\/www.instagram.com\/larondedesjurons\/\" target=\"_blank\" rel=\"noopener\" title=\"\">https:\/\/www.instagram.com\/larondedesjurons\/<\/a><\/p>\n<\/div><\/div>\n\n\n\n<div class=\"wp-block-media-text alignwide is-stacked-on-mobile\" style=\"grid-template-columns:45% auto\"><figure class=\"wp-block-media-text__media\"><img loading=\"lazy\" decoding=\"async\" width=\"834\" height=\"826\" src=\"https:\/\/osapam.fr\/wp-content\/uploads\/2025\/01\/sans-logo-3.jpg\" alt=\"\" class=\"wp-image-4788 size-full\" srcset=\"https:\/\/osapam.fr\/wp-content\/uploads\/2025\/01\/sans-logo-3.jpg 834w, https:\/\/osapam.fr\/wp-content\/uploads\/2025\/01\/sans-logo-3-300x297.jpg 300w, https:\/\/osapam.fr\/wp-content\/uploads\/2025\/01\/sans-logo-3-150x150.jpg 150w, https:\/\/osapam.fr\/wp-content\/uploads\/2025\/01\/sans-logo-3-768x761.jpg 768w\" sizes=\"(max-width: 834px) 100vw, 834px\" \/><\/figure><div class=\"wp-block-media-text__content\">\n<p class=\"has-medium-font-size wp-block-paragraph\"><strong>La SPA<\/strong><\/p>\n\n\n\n<p class=\"wp-block-paragraph\">Association de protection animale avec pour objectifs d&#8217;aider, sauver, et faire adopter.<\/p>\n\n\n\n<p class=\"wp-block-paragraph\">contact: 09.64.42.60.59<\/p>\n\n\n\n<p class=\"wp-block-paragraph\">courriel: niort@la-spa.fr<\/p>\n\n\n\n<p class=\"wp-block-paragraph\">site: <a href=\"https:\/\/www.la-spa.fr\/etablissement\/maison-spa-de-niort\/\" target=\"_blank\" rel=\"noopener\" title=\"\">https:\/\/www.la-spa.fr\/etablissement\/maison-spa-de-niort\/<\/a><\/p>\n\n\n\n<p class=\"wp-block-paragraph\">facebook: <a href=\"https:\/\/www.facebook.com\/MaisonSPANiort\/?locale=fr_FR\" target=\"_blank\" rel=\"noopener\" title=\"\">https:\/\/www.facebook.com\/MaisonSPANiort\/?locale=fr_FR<\/a><\/p>\n\n\n\n<p class=\"wp-block-paragraph\">instagram: <a href=\"https:\/\/www.instagram.com\/niort_maison_spa\/\" target=\"_blank\" rel=\"noopener\" title=\"\">https:\/\/www.instagram.com\/niort_maison_spa\/<\/a><\/p>\n<\/div><\/div>\n\n\n\n<div class=\"wp-block-media-text alignwide is-stacked-on-mobile\" style=\"grid-template-columns:45% auto\"><figure class=\"wp-block-media-text__media\"><img loading=\"lazy\" decoding=\"async\" width=\"834\" height=\"826\" src=\"https:\/\/osapam.fr\/wp-content\/uploads\/2024\/09\/logo-l-asso-beche-a-melle-site.jpg\" alt=\"\" class=\"wp-image-4707 size-full\" srcset=\"https:\/\/osapam.fr\/wp-content\/uploads\/2024\/09\/logo-l-asso-beche-a-melle-site.jpg 834w, https:\/\/osapam.fr\/wp-content\/uploads\/2024\/09\/logo-l-asso-beche-a-melle-site-300x297.jpg 300w, https:\/\/osapam.fr\/wp-content\/uploads\/2024\/09\/logo-l-asso-beche-a-melle-site-150x150.jpg 150w, https:\/\/osapam.fr\/wp-content\/uploads\/2024\/09\/logo-l-asso-beche-a-melle-site-768x761.jpg 768w\" sizes=\"(max-width: 834px) 100vw, 834px\" \/><\/figure><div class=\"wp-block-media-text__content\">\n<p class=\"has-medium-font-size wp-block-paragraph\"><strong>L<\/strong>&#8216;<strong>assos Beche \u00e0 Melle<\/strong><\/p>\n\n\n\n<p class=\"wp-block-paragraph\">Association de consom&#8217;acteurs qui promet une alimentation saine produite par des producteurs bio et locaux.<\/p>\n\n\n\n<p class=\"wp-block-paragraph\">courriel: <a href=\"mailto:lassosbecheamelle@gmail.com\">lassosbecheamelle@gmail.com<\/a><\/p>\n\n\n\n<p class=\"wp-block-paragraph\">facebook :<a href=\"https:\/\/www.facebook.com\/BecheAMelle\/?locale=fr_FR\" target=\"_blank\" rel=\"noopener\" title=\"\">https:\/\/www.facebook.com\/BecheAMelle\/?locale=fr_FR<\/a><\/p>\n<\/div><\/div>\n\n\n\n<div class=\"wp-block-media-text alignwide is-stacked-on-mobile\" style=\"grid-template-columns:45% auto\"><figure class=\"wp-block-media-text__media\"><img loading=\"lazy\" decoding=\"async\" width=\"834\" height=\"826\" src=\"https:\/\/osapam.fr\/wp-content\/uploads\/2025\/01\/sans-logo-4.jpg\" alt=\"\" class=\"wp-image-4793 size-full\" srcset=\"https:\/\/osapam.fr\/wp-content\/uploads\/2025\/01\/sans-logo-4.jpg 834w, https:\/\/osapam.fr\/wp-content\/uploads\/2025\/01\/sans-logo-4-300x297.jpg 300w, https:\/\/osapam.fr\/wp-content\/uploads\/2025\/01\/sans-logo-4-150x150.jpg 150w, https:\/\/osapam.fr\/wp-content\/uploads\/2025\/01\/sans-logo-4-768x761.jpg 768w\" sizes=\"(max-width: 834px) 100vw, 834px\" \/><\/figure><div class=\"wp-block-media-text__content\">\n<p class=\"has-medium-font-size wp-block-paragraph\"><strong>L<\/strong>es Amis de Vac&#8217;Ani<\/p>\n\n\n\n<p class=\"wp-block-paragraph\">Association qui \u00e0 pour objectif de permettre l&#8217;inclusion dans l&#8217;activit\u00e9 \u00e9questre (vis\u00e9e th\u00e9rapeutique, voltige, baby poneys)<\/p>\n\n\n\n<p class=\"wp-block-paragraph\">contact: 06.98.13.15.53<\/p>\n\n\n\n<p class=\"wp-block-paragraph\">courriel: vacani@protonmail.com<\/p>\n\n\n\n<p class=\"wp-block-paragraph\">site: <a href=\"https:\/\/vacani.ffe.com\/\" target=\"_blank\" rel=\"noopener\" title=\"\">https:\/\/vacani.ffe.com\/<\/a><\/p>\n<\/div><\/div>\n\n\n\n<div class=\"wp-block-media-text alignwide is-stacked-on-mobile\" style=\"grid-template-columns:45% auto\"><figure class=\"wp-block-media-text__media\"><img loading=\"lazy\" decoding=\"async\" width=\"834\" height=\"826\" src=\"https:\/\/osapam.fr\/wp-content\/uploads\/2022\/08\/les-ateliers-de-la-simplicite.jpg\" alt=\"\" class=\"wp-image-2108 size-full\" srcset=\"https:\/\/osapam.fr\/wp-content\/uploads\/2022\/08\/les-ateliers-de-la-simplicite.jpg 834w, https:\/\/osapam.fr\/wp-content\/uploads\/2022\/08\/les-ateliers-de-la-simplicite-300x297.jpg 300w, https:\/\/osapam.fr\/wp-content\/uploads\/2022\/08\/les-ateliers-de-la-simplicite-150x150.jpg 150w, https:\/\/osapam.fr\/wp-content\/uploads\/2022\/08\/les-ateliers-de-la-simplicite-768x761.jpg 768w\" sizes=\"(max-width: 834px) 100vw, 834px\" \/><\/figure><div class=\"wp-block-media-text__content\">\n<p class=\"has-medium-font-size wp-block-paragraph\"><strong>Les Ateliers de la simplicit\u00e9<\/strong><\/p>\n\n\n\n<p class=\"wp-block-paragraph\">Association proposant des pistes pour agir au quotidien en minimisant son impact \u00e9cologique, \u00e0 travers des ateliers pratiques (pour apprendre \u00e0 faire soi-m\u00eame ses produits), des moments et des espaces d\u2019\u00e9changes, d\u2019entraide.<\/p>\n\n\n\n<p class=\"wp-block-paragraph\">contact: 05.17.30.17.82<\/p>\n\n\n\n<p class=\"wp-block-paragraph\">courriel: <a href=\"mailto:annick.simplicite@mailo.com\" target=\"_blank\" rel=\"noopener\" title=\"\">gestion.simplicite<\/a>@mailo.com<\/p>\n\n\n\n<p class=\"wp-block-paragraph\">site: <a href=\"https:\/\/lesateliersdelasimplicite.com\/\">https:\/\/lesateliersdelasimplicite.com\/<\/a><\/p>\n\n\n\n<p class=\"wp-block-paragraph\">facebook: <a href=\"https:\/\/www.facebook.com\/profile.php?id=100066757191542\" target=\"_blank\" rel=\"noopener\" title=\"\">https:\/\/www.facebook.com\/profile.php?id=100066757191542<\/a><\/p>\n<\/div><\/div>\n\n\n\n<div class=\"wp-block-media-text alignwide is-stacked-on-mobile\" style=\"grid-template-columns:45% auto\"><figure class=\"wp-block-media-text__media\"><img loading=\"lazy\" decoding=\"async\" width=\"834\" height=\"826\" src=\"https:\/\/osapam.fr\/wp-content\/uploads\/2022\/08\/les-lames-de-fontaine.jpg\" alt=\"\" class=\"wp-image-2328 size-full\" srcset=\"https:\/\/osapam.fr\/wp-content\/uploads\/2022\/08\/les-lames-de-fontaine.jpg 834w, https:\/\/osapam.fr\/wp-content\/uploads\/2022\/08\/les-lames-de-fontaine-300x297.jpg 300w, https:\/\/osapam.fr\/wp-content\/uploads\/2022\/08\/les-lames-de-fontaine-150x150.jpg 150w, https:\/\/osapam.fr\/wp-content\/uploads\/2022\/08\/les-lames-de-fontaine-768x761.jpg 768w\" sizes=\"(max-width: 834px) 100vw, 834px\" \/><\/figure><div class=\"wp-block-media-text__content\">\n<p class=\"has-medium-font-size wp-block-paragraph\"><strong>Les Lames de Fontaine<\/strong><\/p>\n\n\n\n<p class=\"wp-block-paragraph\">Club d&#8217;escrime, familiale, tous niveaux<\/p>\n\n\n\n<p class=\"wp-block-paragraph\">contact: 06.61.16.23.44<\/p>\n\n\n\n<p class=\"wp-block-paragraph\">courriel: carinebourdin14@gmail.com<\/p>\n\n\n\n<p class=\"wp-block-paragraph\">site: <a href=\"https:\/\/leslamesdefontaine.fr\/\" target=\"_blank\" rel=\"noopener\" title=\"\">https:\/\/leslamesdefontaine.fr\/<\/a><\/p>\n\n\n\n<p class=\"wp-block-paragraph\">facebook: <a href=\"https:\/\/www.facebook.com\/profile.php?id=100057788344400\" target=\"_blank\" rel=\"noopener\" title=\"\">https:\/\/www.facebook.com\/profile.php?id=100057788344400<\/a><\/p>\n\n\n\n<p class=\"wp-block-paragraph\">instagram: <a href=\"https:\/\/www.instagram.com\/les_lames_de_fontaine\/\" target=\"_blank\" rel=\"noopener\" title=\"\">https:\/\/www.instagram.com\/les_lames_de_fontaine\/<\/a><\/p>\n<\/div><\/div>\n\n\n\n<div class=\"wp-block-media-text alignwide is-stacked-on-mobile\" style=\"grid-template-columns:45% auto\"><figure class=\"wp-block-media-text__media\"><img loading=\"lazy\" decoding=\"async\" width=\"834\" height=\"826\" src=\"https:\/\/osapam.fr\/wp-content\/uploads\/2024\/09\/logo-mines-d-argent.jpg\" alt=\"\" class=\"wp-image-4693 size-full\" srcset=\"https:\/\/osapam.fr\/wp-content\/uploads\/2024\/09\/logo-mines-d-argent.jpg 834w, https:\/\/osapam.fr\/wp-content\/uploads\/2024\/09\/logo-mines-d-argent-300x297.jpg 300w, https:\/\/osapam.fr\/wp-content\/uploads\/2024\/09\/logo-mines-d-argent-150x150.jpg 150w, https:\/\/osapam.fr\/wp-content\/uploads\/2024\/09\/logo-mines-d-argent-768x761.jpg 768w\" sizes=\"(max-width: 834px) 100vw, 834px\" \/><\/figure><div class=\"wp-block-media-text__content\">\n<p class=\"has-medium-font-size wp-block-paragraph\"><strong>Les Mines d&#8217;argent des Rois Francs<\/strong><\/p>\n\n\n\n<p class=\"wp-block-paragraph\">Association proposant la d\u00e9couverte du patrimoine: visite des plus anciennes mines d&#8217;argent au monde<\/p>\n\n\n\n<p class=\"wp-block-paragraph\">contact: 05.49.29.19.54<\/p>\n\n\n\n<p class=\"wp-block-paragraph\">courriel: <a href=\"mailto:annick.simplicite@mailo.com\" target=\"_blank\" rel=\"noopener\" title=\"\">info@mines-argent.com<\/a><a href=\"mailto:annick.simplicite@mailo.com\" title=\"\"> <\/a><\/p>\n\n\n\n<p class=\"wp-block-paragraph\">site: <a href=\"https:\/\/lesateliersdelasimplicite.com\/\">https:\/\/www.mines-argent.com\/<\/a><\/p>\n\n\n\n<p class=\"wp-block-paragraph\">facebook : <a href=\"https:\/\/www.facebook.com\/profile.php?id=100067956627076\" target=\"_blank\" rel=\"noopener\" title=\"\">https:\/\/www.facebook.com\/profile.php?id=100067956627076<\/a><\/p>\n<\/div><\/div>\n\n\n\n<div class=\"wp-block-media-text alignwide is-stacked-on-mobile\" style=\"grid-template-columns:45% auto\"><figure class=\"wp-block-media-text__media\"><img loading=\"lazy\" decoding=\"async\" width=\"834\" height=\"826\" src=\"https:\/\/osapam.fr\/wp-content\/uploads\/2025\/01\/sans-logo-1.jpg\" alt=\"\" class=\"wp-image-4781 size-full\" srcset=\"https:\/\/osapam.fr\/wp-content\/uploads\/2025\/01\/sans-logo-1.jpg 834w, https:\/\/osapam.fr\/wp-content\/uploads\/2025\/01\/sans-logo-1-300x297.jpg 300w, https:\/\/osapam.fr\/wp-content\/uploads\/2025\/01\/sans-logo-1-150x150.jpg 150w, https:\/\/osapam.fr\/wp-content\/uploads\/2025\/01\/sans-logo-1-768x761.jpg 768w\" sizes=\"(max-width: 834px) 100vw, 834px\" \/><\/figure><div class=\"wp-block-media-text__content\">\n<p class=\"has-medium-font-size wp-block-paragraph\"><strong>LPO &#8211; Groupe local du Pays Mellois<\/strong><\/p>\n\n\n\n<p class=\"wp-block-paragraph\">Association qui agit au quotidien en faveur de la biodiversit\u00e9 et sa pr\u00e9servation.<\/p>\n\n\n\n<p class=\"wp-block-paragraph\">contact: 06.82.11.65.61\/ 06.79.03.98.20<\/p>\n\n\n\n<p class=\"wp-block-paragraph\">courriel: <a href=\"mailto:annick.simplicite@mailo.com\" target=\"_blank\" rel=\"noopener\" title=\"\">groupe.paysmellois@lpo.fr<\/a><a href=\"mailto:annick.simplicite@mailo.com\" title=\"\"><\/a><\/p>\n\n\n\n<p class=\"wp-block-paragraph\">site: <a href=\"https:\/\/www.lpo.fr\/lpo-locales\/la-lpo-en-nouvelle-aquitaine\/lpo-poitou-charentes\/agenda\/2025\/2e-trimestre\/rencontre-des-refuges-lpo-des-deux-sevres\" target=\"_blank\" rel=\"noopener\" title=\"\">https:\/\/www.lpo.fr\/lpo-locales\/la-lpo-en-nouvelle-aquitaine\/lpo-poitou-charentes\/agenda\/2025\/2e-trimestre\/rencontre-des-refuges-lpo-des-deux-sevres<\/a><\/p>\n\n\n\n<p class=\"wp-block-paragraph\">facebook : <a href=\"https:\/\/www.facebook.com\/profile.php?id=100064333496326&#038;locale=pt_PT#\" target=\"_blank\" rel=\"noopener\" title=\"\">https:\/\/www.facebook.com\/profile.php?id=100064333496326&#038;locale=pt_PT#<\/a><\/p>\n<\/div><\/div>\n\n\n\n<div class=\"wp-block-media-text alignwide is-stacked-on-mobile\" style=\"grid-template-columns:45% auto\"><figure class=\"wp-block-media-text__media\"><img loading=\"lazy\" decoding=\"async\" width=\"834\" height=\"826\" src=\"https:\/\/osapam.fr\/wp-content\/uploads\/2024\/09\/logo-march-a-melle.jpg\" alt=\"\" class=\"wp-image-4694 size-full\" srcset=\"https:\/\/osapam.fr\/wp-content\/uploads\/2024\/09\/logo-march-a-melle.jpg 834w, https:\/\/osapam.fr\/wp-content\/uploads\/2024\/09\/logo-march-a-melle-300x297.jpg 300w, https:\/\/osapam.fr\/wp-content\/uploads\/2024\/09\/logo-march-a-melle-150x150.jpg 150w, https:\/\/osapam.fr\/wp-content\/uploads\/2024\/09\/logo-march-a-melle-768x761.jpg 768w\" sizes=\"(max-width: 834px) 100vw, 834px\" \/><\/figure><div class=\"wp-block-media-text__content\">\n<p class=\"has-medium-font-size wp-block-paragraph\"><strong>March&#8217;\u00e0 Melle<\/strong><\/p>\n\n\n\n<p class=\"wp-block-paragraph\">Association proposant la pratique de la randonn\u00e9e<\/p>\n\n\n\n<p class=\"wp-block-paragraph\">contact: 06.88.30.06.42<\/p>\n\n\n\n<p class=\"wp-block-paragraph\">courriel: <a href=\"mailto:annick.simplicite@mailo.com\" title=\"\"> <\/a>mellemarcha@gmail.com<\/p>\n\n\n\n<p class=\"wp-block-paragraph\">facebook : <a href=\"https:\/\/www.facebook.com\/marchamelle79?locale=fr_FR\" target=\"_blank\" rel=\"noopener\" title=\"\">https:\/\/www.facebook.com\/marchamelle79?locale=fr_FR<\/a><\/p>\n<\/div><\/div>\n\n\n\n<div class=\"wp-block-media-text alignwide is-stacked-on-mobile\" style=\"grid-template-columns:45% auto\"><figure class=\"wp-block-media-text__media\"><img decoding=\"async\" width=\"834\" height=\"826\" src=\"https:\/\/osapam.fr\/wp-content\/uploads\/2022\/08\/sans-logo.jpg\" alt=\"\" class=\"wp-image-2388 size-full\" srcset=\"https:\/\/osapam.fr\/wp-content\/uploads\/2022\/08\/sans-logo.jpg 834w, https:\/\/osapam.fr\/wp-content\/uploads\/2022\/08\/sans-logo-300x297.jpg 300w, https:\/\/osapam.fr\/wp-content\/uploads\/2022\/08\/sans-logo-150x150.jpg 150w, https:\/\/osapam.fr\/wp-content\/uploads\/2022\/08\/sans-logo-768x761.jpg 768w\" sizes=\"(max-width: 834px) 100vw, 834px\" \/><\/figure><div class=\"wp-block-media-text__content\">\n<p class=\"has-medium-font-size wp-block-paragraph\"><strong>Mell&#8217;Danses Academy<\/strong><\/p>\n\n\n\n<p class=\"wp-block-paragraph\">Association qui propose des ateliers de danse avec professeur<\/p>\n\n\n\n<p class=\"wp-block-paragraph\">contact: 06.08.68.90.36<\/p>\n\n\n\n<p class=\"wp-block-paragraph\">site: <a href=\"http:\/\/www.melle-danse-academy.fr\/\" target=\"_blank\" rel=\"noreferrer noopener\">http:\/\/www.melle-danse-academy.fr\/<\/a><\/p>\n\n\n\n<p class=\"wp-block-paragraph\">facebook: <a href=\"https:\/\/www.facebook.com\/melldansesacademy\" target=\"_blank\" rel=\"noopener\" title=\"\">https:\/\/www.facebook.com\/melldansesacademy<\/a><\/p>\n<\/div><\/div>\n\n\n\n<div class=\"wp-block-media-text alignwide is-stacked-on-mobile\" style=\"grid-template-columns:45% auto\"><figure class=\"wp-block-media-text__media\"><img decoding=\"async\" width=\"834\" height=\"826\" src=\"https:\/\/osapam.fr\/wp-content\/uploads\/2022\/08\/sans-logo.jpg\" alt=\"\" class=\"wp-image-2388 size-full\" srcset=\"https:\/\/osapam.fr\/wp-content\/uploads\/2022\/08\/sans-logo.jpg 834w, https:\/\/osapam.fr\/wp-content\/uploads\/2022\/08\/sans-logo-300x297.jpg 300w, https:\/\/osapam.fr\/wp-content\/uploads\/2022\/08\/sans-logo-150x150.jpg 150w, https:\/\/osapam.fr\/wp-content\/uploads\/2022\/08\/sans-logo-768x761.jpg 768w\" sizes=\"(max-width: 834px) 100vw, 834px\" \/><\/figure><div class=\"wp-block-media-text__content\">\n<p class=\"has-medium-font-size wp-block-paragraph\"><strong>MFR de Brioux Sur Boutonne<\/strong><\/p>\n\n\n\n<p class=\"wp-block-paragraph\">Etablissement de formation par alternance de la seconde g\u00e9n\u00e9rale au BTS Opticien Lunetier<\/p>\n\n\n\n<p class=\"wp-block-paragraph\">contact: 05.49.07.36.40<\/p>\n\n\n\n<p class=\"wp-block-paragraph\">courriel: mfr.brioux@mfr.asso.fr<\/p>\n\n\n\n<p class=\"wp-block-paragraph\">site: <a href=\"https:\/\/www.mfr-brioux.com\/\" target=\"_blank\" rel=\"noopener\" title=\"\">https:\/\/www.mfr-brioux.com\/<\/a><\/p>\n\n\n\n<p class=\"wp-block-paragraph\">facebook: <a href=\"https:\/\/www.facebook.com\/melldansesacademy\" target=\"_blank\" rel=\"noopener\" title=\"\">https:\/\/www.facebook.com\/melldansesacademy<\/a><\/p>\n\n\n\n<p class=\"wp-block-paragraph\">instagram: <a href=\"https:\/\/www.instagram.com\/mfrbrioux\/\" target=\"_blank\" rel=\"noopener\" title=\"\">https:\/\/www.instagram.com\/mfrbrioux\/<\/a><\/p>\n<\/div><\/div>\n\n\n\n<div class=\"wp-block-media-text alignwide is-stacked-on-mobile\" style=\"grid-template-columns:45% auto\"><figure class=\"wp-block-media-text__media\"><img loading=\"lazy\" decoding=\"async\" width=\"834\" height=\"826\" src=\"https:\/\/osapam.fr\/wp-content\/uploads\/2022\/08\/olympic-volley.jpg\" alt=\"\" class=\"wp-image-2380 size-full\" srcset=\"https:\/\/osapam.fr\/wp-content\/uploads\/2022\/08\/olympic-volley.jpg 834w, https:\/\/osapam.fr\/wp-content\/uploads\/2022\/08\/olympic-volley-300x297.jpg 300w, https:\/\/osapam.fr\/wp-content\/uploads\/2022\/08\/olympic-volley-150x150.jpg 150w, https:\/\/osapam.fr\/wp-content\/uploads\/2022\/08\/olympic-volley-768x761.jpg 768w\" sizes=\"(max-width: 834px) 100vw, 834px\" \/><\/figure><div class=\"wp-block-media-text__content\">\n<p class=\"has-medium-font-size wp-block-paragraph\"><strong>Olympic Mellois Volley-ball<\/strong><\/p>\n\n\n\n<p class=\"wp-block-paragraph\">Club de volley-ball loisir et comp\u00e9tition en pleine croissance<\/p>\n\n\n\n<p class=\"wp-block-paragraph\">contact: 06.13.85.27.83<\/p>\n\n\n\n<p class=\"wp-block-paragraph\">courriel: olympicmellois@gmail.com<\/p>\n\n\n\n<p class=\"wp-block-paragraph\">site: <a href=\"https:\/\/omvb-melle.clubeo.com\/\" target=\"_blank\" rel=\"noopener\" title=\"\">https:\/\/omvb-melle.clubeo.com\/<\/a><\/p>\n\n\n\n<p class=\"wp-block-paragraph\">facebook: <a href=\"https:\/\/m.facebook.com\/omvb79\" target=\"_blank\" rel=\"noreferrer noopener\">https:\/\/m.facebook.com\/omvb79<\/a><\/p>\n\n\n\n<p class=\"wp-block-paragraph\">instagram: <a href=\"https:\/\/www.instagram.com\/omvb_team\/\" target=\"_blank\" rel=\"noopener\" title=\"\">https:\/\/www.instagram.com\/omvb_team\/<\/a><\/p>\n<\/div><\/div>\n\n\n\n<div class=\"wp-block-media-text alignwide is-stacked-on-mobile\" style=\"grid-template-columns:45% auto\"><figure class=\"wp-block-media-text__media\"><img loading=\"lazy\" decoding=\"async\" width=\"834\" height=\"826\" src=\"https:\/\/osapam.fr\/wp-content\/uploads\/2025\/01\/sans-logo.jpg\" alt=\"\" class=\"wp-image-4779 size-full\" srcset=\"https:\/\/osapam.fr\/wp-content\/uploads\/2025\/01\/sans-logo.jpg 834w, https:\/\/osapam.fr\/wp-content\/uploads\/2025\/01\/sans-logo-300x297.jpg 300w, https:\/\/osapam.fr\/wp-content\/uploads\/2025\/01\/sans-logo-150x150.jpg 150w, https:\/\/osapam.fr\/wp-content\/uploads\/2025\/01\/sans-logo-768x761.jpg 768w\" sizes=\"(max-width: 834px) 100vw, 834px\" \/><\/figure><div class=\"wp-block-media-text__content\">\n<p class=\"has-medium-font-size wp-block-paragraph\">Orchestre d&#8217;harmonie de Lezay<\/p>\n\n\n\n<p class=\"wp-block-paragraph\">contact: 06.87.83.58.04<\/p>\n\n\n\n<p class=\"wp-block-paragraph\">courriel: orchestreharmonielezay@gmail.com<\/p>\n\n\n\n<p class=\"wp-block-paragraph\">facebook: <a href=\"https:\/\/www.facebook.com\/p\/Orchestre-dHarmonie-Lezay-61566519164262\/\" target=\"_blank\" rel=\"noopener\" title=\"\">https:\/\/www.facebook.com\/p\/Orchestre-dHarmonie-Lezay-61566519164262\/<\/a><\/p>\n<\/div><\/div>\n\n\n\n<div class=\"wp-block-media-text alignwide is-stacked-on-mobile\" style=\"grid-template-columns:45% auto\"><figure class=\"wp-block-media-text__media\"><img loading=\"lazy\" decoding=\"async\" width=\"834\" height=\"826\" src=\"https:\/\/osapam.fr\/wp-content\/uploads\/2022\/09\/osapam-logo.jpg\" alt=\"\" class=\"wp-image-2409 size-full\" srcset=\"https:\/\/osapam.fr\/wp-content\/uploads\/2022\/09\/osapam-logo.jpg 834w, https:\/\/osapam.fr\/wp-content\/uploads\/2022\/09\/osapam-logo-300x297.jpg 300w, https:\/\/osapam.fr\/wp-content\/uploads\/2022\/09\/osapam-logo-150x150.jpg 150w, https:\/\/osapam.fr\/wp-content\/uploads\/2022\/09\/osapam-logo-768x761.jpg 768w\" sizes=\"(max-width: 834px) 100vw, 834px\" \/><\/figure><div class=\"wp-block-media-text__content\">\n<p class=\"has-medium-font-size wp-block-paragraph\"><strong>OSAPAM<\/strong><\/p>\n\n\n\n<p class=\"wp-block-paragraph\">contact: 05.49.27.92.43<\/p>\n\n\n\n<p class=\"wp-block-paragraph\">courriel: osapam@orange.fr <\/p>\n\n\n\n<p class=\"wp-block-paragraph\">site: <a href=\"https:\/\/osapam.fr\/\" target=\"_blank\" rel=\"noreferrer noopener\">https:\/\/osapam.fr\/<\/a><\/p>\n\n\n\n<p class=\"wp-block-paragraph\">facebook: <a href=\"https:\/\/www.facebook.com\/profile.php?id=100079533751090\" target=\"_blank\" rel=\"noopener\" title=\"\">https:\/\/www.facebook.com\/profile.php?id=100079533751090<\/a><\/p>\n\n\n\n<p class=\"wp-block-paragraph\">instagram: <a href=\"https:\/\/www.instagram.com\/osap_am.79\/\" target=\"_blank\" rel=\"noopener\" title=\"\">https:\/\/www.instagram.com\/osap_am.79\/<\/a><\/p>\n<\/div><\/div>\n\n\n\n<div class=\"wp-block-media-text alignwide is-stacked-on-mobile\" style=\"grid-template-columns:45% auto\"><figure class=\"wp-block-media-text__media\"><img loading=\"lazy\" decoding=\"async\" width=\"834\" height=\"826\" src=\"https:\/\/osapam.fr\/wp-content\/uploads\/2022\/08\/zaza-malagasy-logo.jpg\" alt=\"\" class=\"wp-image-2379 size-full\" srcset=\"https:\/\/osapam.fr\/wp-content\/uploads\/2022\/08\/zaza-malagasy-logo.jpg 834w, https:\/\/osapam.fr\/wp-content\/uploads\/2022\/08\/zaza-malagasy-logo-300x297.jpg 300w, https:\/\/osapam.fr\/wp-content\/uploads\/2022\/08\/zaza-malagasy-logo-150x150.jpg 150w, https:\/\/osapam.fr\/wp-content\/uploads\/2022\/08\/zaza-malagasy-logo-768x761.jpg 768w\" sizes=\"(max-width: 834px) 100vw, 834px\" \/><\/figure><div class=\"wp-block-media-text__content\">\n<p class=\"has-medium-font-size wp-block-paragraph\"><strong>Parrainage Zaza Malagasy<\/strong><\/p>\n\n\n\n<p class=\"wp-block-paragraph\">Association ayant pour but le parrainage d&#8217;enfants \u00e0 Madagascar pour favoriser leur scolarit\u00e9 et leur sant\u00e9<\/p>\n\n\n\n<p class=\"wp-block-paragraph\">contact: 06.12.37.61.38\/05.49.29.16.13<\/p>\n\n\n\n<p class=\"wp-block-paragraph\">courriel: anniearsicaud@gmail.com<\/p>\n\n\n\n<p class=\"wp-block-paragraph\">site: <a href=\"https:\/\/www.lacraiedelespoir-parrainagezazamalagasy.com\/\" target=\"_blank\" rel=\"noreferrer noopener\">https:\/\/www.lacraiedelespoir-parrainagezazamalagasy.com\/<\/a><\/p>\n<\/div><\/div>\n\n\n\n<div class=\"wp-block-media-text alignwide is-stacked-on-mobile\" style=\"grid-template-columns:45% auto\"><figure class=\"wp-block-media-text__media\"><img loading=\"lazy\" decoding=\"async\" width=\"834\" height=\"826\" src=\"https:\/\/osapam.fr\/wp-content\/uploads\/2025\/09\/Perigne-tdt.jpg\" alt=\"\" class=\"wp-image-5048 size-full\" srcset=\"https:\/\/osapam.fr\/wp-content\/uploads\/2025\/09\/Perigne-tdt.jpg 834w, https:\/\/osapam.fr\/wp-content\/uploads\/2025\/09\/Perigne-tdt-300x297.jpg 300w, https:\/\/osapam.fr\/wp-content\/uploads\/2025\/09\/Perigne-tdt-150x150.jpg 150w, https:\/\/osapam.fr\/wp-content\/uploads\/2025\/09\/Perigne-tdt-768x761.jpg 768w\" sizes=\"(max-width: 834px) 100vw, 834px\" \/><\/figure><div class=\"wp-block-media-text__content\">\n<p class=\"has-medium-font-size wp-block-paragraph\"><strong>P\u00e9rign\u00e9 Tennis de table<\/strong><\/p>\n\n\n\n<p class=\"wp-block-paragraph\">Association sportive ayant pour but l&#8217;enseignement et la pratique du tennis de table.<\/p>\n\n\n\n<p class=\"wp-block-paragraph\">courriel: perignett@gmail.com<\/p>\n\n\n\n<p class=\"wp-block-paragraph\">site: <a href=\"https:\/\/perignett.assoconnect.com\/page\/1473681-perigne-tennis-de-table\" target=\"_blank\" rel=\"noopener\" title=\"\">https:\/\/perignett.assoconnect.com\/page\/1473681-perigne-tennis-de-table<\/a><\/p>\n\n\n\n<p class=\"wp-block-paragraph\">facebook: <a href=\"https:\/\/www.facebook.com\/profile.php?id=100057208699207\" target=\"_blank\" rel=\"noopener\" title=\"\">https:\/\/www.facebook.com\/profile.php?id=100057208699207<\/a><\/p>\n\n\n\n<p class=\"wp-block-paragraph\">instagram: <a href=\"https:\/\/www.instagram.com\/tennisdetableperigne\/\" target=\"_blank\" rel=\"noopener\" title=\"\">https:\/\/www.instagram.com\/tennisdetableperigne\/<\/a><\/p>\n<\/div><\/div>\n\n\n\n<div class=\"wp-block-media-text alignwide is-stacked-on-mobile\" style=\"grid-template-columns:45% auto\"><figure class=\"wp-block-media-text__media\"><img decoding=\"async\" width=\"834\" height=\"826\" src=\"https:\/\/osapam.fr\/wp-content\/uploads\/2022\/08\/sans-logo.jpg\" alt=\"\" class=\"wp-image-2388 size-full\" srcset=\"https:\/\/osapam.fr\/wp-content\/uploads\/2022\/08\/sans-logo.jpg 834w, https:\/\/osapam.fr\/wp-content\/uploads\/2022\/08\/sans-logo-300x297.jpg 300w, https:\/\/osapam.fr\/wp-content\/uploads\/2022\/08\/sans-logo-150x150.jpg 150w, https:\/\/osapam.fr\/wp-content\/uploads\/2022\/08\/sans-logo-768x761.jpg 768w\" sizes=\"(max-width: 834px) 100vw, 834px\" \/><\/figure><div class=\"wp-block-media-text__content\">\n<p class=\"has-medium-font-size wp-block-paragraph\"><strong>QI-Gong St-L\u00e9ger 79<\/strong><\/p>\n\n\n\n<p class=\"wp-block-paragraph\">Association ayant pour objet la pratique du Qi-Gong<\/p>\n\n\n\n<p class=\"wp-block-paragraph\">site: <a href=\"http:\/\/dhrguinet.wixsite.com\/yogadhe\" target=\"_blank\" rel=\"noreferrer noopener\">http:\/\/dhrguinet.wixsite.com\/yogadhe<\/a><\/p>\n<\/div><\/div>\n\n\n\n<div class=\"wp-block-media-text alignwide is-stacked-on-mobile\" style=\"grid-template-columns:45% auto\"><figure class=\"wp-block-media-text__media\"><img loading=\"lazy\" decoding=\"async\" width=\"834\" height=\"826\" src=\"https:\/\/osapam.fr\/wp-content\/uploads\/2023\/08\/logo-ROC.jpg\" alt=\"\" class=\"wp-image-3086 size-full\" srcset=\"https:\/\/osapam.fr\/wp-content\/uploads\/2023\/08\/logo-ROC.jpg 834w, https:\/\/osapam.fr\/wp-content\/uploads\/2023\/08\/logo-ROC-300x297.jpg 300w, https:\/\/osapam.fr\/wp-content\/uploads\/2023\/08\/logo-ROC-150x150.jpg 150w, https:\/\/osapam.fr\/wp-content\/uploads\/2023\/08\/logo-ROC-768x761.jpg 768w\" sizes=\"(max-width: 834px) 100vw, 834px\" \/><\/figure><div class=\"wp-block-media-text__content\">\n<p class=\"has-medium-font-size wp-block-paragraph\"><strong>ROC (Rugby Olympique Club Mellois<\/strong>)<\/p>\n\n\n\n<p class=\"wp-block-paragraph\">Association sportive de rugby avec diff\u00e9rentes \u00e9quipes gar\u00e7ons,filles,loisirs,et jeunes<\/p>\n\n\n\n<p class=\"wp-block-paragraph\">courriel: rocmellois79500@gmail.com<\/p>\n\n\n\n<p class=\"wp-block-paragraph\">facebook: <a href=\"https:\/\/www.facebook.com\/ROCMellois\" target=\"_blank\" rel=\"noopener\" title=\"\">https:\/\/www.facebook.com\/ROCMellois<\/a><\/p>\n\n\n\n<p class=\"wp-block-paragraph\">instagram: <a href=\"https:\/\/www.instagram.com\/roc_mellois\/\" target=\"_blank\" rel=\"noopener\" title=\"\">https:\/\/www.instagram.com\/roc_mellois\/<\/a><\/p>\n<\/div><\/div>\n\n\n\n<div class=\"wp-block-media-text alignwide is-stacked-on-mobile\" style=\"grid-template-columns:45% auto\"><figure class=\"wp-block-media-text__media\"><img loading=\"lazy\" decoding=\"async\" width=\"834\" height=\"826\" src=\"https:\/\/osapam.fr\/wp-content\/uploads\/2024\/09\/logo-sl-bmx-site.jpg\" alt=\"\" class=\"wp-image-4704 size-full\" srcset=\"https:\/\/osapam.fr\/wp-content\/uploads\/2024\/09\/logo-sl-bmx-site.jpg 834w, https:\/\/osapam.fr\/wp-content\/uploads\/2024\/09\/logo-sl-bmx-site-300x297.jpg 300w, https:\/\/osapam.fr\/wp-content\/uploads\/2024\/09\/logo-sl-bmx-site-150x150.jpg 150w, https:\/\/osapam.fr\/wp-content\/uploads\/2024\/09\/logo-sl-bmx-site-768x761.jpg 768w\" sizes=\"(max-width: 834px) 100vw, 834px\" \/><\/figure><div class=\"wp-block-media-text__content\">\n<p class=\"has-medium-font-size wp-block-paragraph\"><strong>SL-BMX<\/strong><\/p>\n\n\n\n<p class=\"wp-block-paragraph\">Association de BMX race depuis 1987.<\/p>\n\n\n\n<p class=\"wp-block-paragraph\">courriel: saintlegerbmx@gmail.com<\/p>\n\n\n\n<p class=\"wp-block-paragraph\">facebook: <a href=\"https:\/\/www.facebook.com\/SaintLegerBMX79\" target=\"_blank\" rel=\"noopener\" title=\"\">https:\/\/www.facebook.com\/SaintLegerBMX79<\/a><\/p>\n\n\n\n<p class=\"wp-block-paragraph\">instagram: <a href=\"https:\/\/www.instagram.com\/saintlegerbmx\/\" target=\"_blank\" rel=\"noopener\" title=\"\">https:\/\/www.instagram.com\/saintlegerbmx\/<\/a><\/p>\n<\/div><\/div>\n\n\n\n<div class=\"wp-block-media-text alignwide is-stacked-on-mobile\" style=\"grid-template-columns:45% auto\"><figure class=\"wp-block-media-text__media\"><img loading=\"lazy\" decoding=\"async\" width=\"834\" height=\"826\" src=\"https:\/\/osapam.fr\/wp-content\/uploads\/2024\/09\/sans-logo.jpg\" alt=\"\" class=\"wp-image-4635 size-full\" srcset=\"https:\/\/osapam.fr\/wp-content\/uploads\/2024\/09\/sans-logo.jpg 834w, https:\/\/osapam.fr\/wp-content\/uploads\/2024\/09\/sans-logo-300x297.jpg 300w, https:\/\/osapam.fr\/wp-content\/uploads\/2024\/09\/sans-logo-150x150.jpg 150w, https:\/\/osapam.fr\/wp-content\/uploads\/2024\/09\/sans-logo-768x761.jpg 768w\" sizes=\"(max-width: 834px) 100vw, 834px\" \/><\/figure><div class=\"wp-block-media-text__content\">\n<p class=\"has-medium-font-size wp-block-paragraph\"><strong>Secours populaire fran\u00e7ais<\/strong><\/p>\n\n\n\n<p class=\"wp-block-paragraph\">Association humanitaire venant en aide aux plus d\u00e9munis.<\/p>\n\n\n\n<p class=\"wp-block-paragraph\">contact: 06.85.32.20.41<\/p>\n\n\n\n<p class=\"wp-block-paragraph\">courriel: melle@spf79.org<\/p>\n\n\n\n<p class=\"wp-block-paragraph\">site: <a href=\"https:\/\/www.secourspopulaire.fr\/79-melle\/\" target=\"_blank\" rel=\"noopener\" title=\"\">https:\/\/www.secourspopulaire.fr\/79-melle\/<\/a><\/p>\n\n\n\n<p class=\"wp-block-paragraph\">facebook: <a href=\"https:\/\/www.facebook.com\/secourspopDS\/\" target=\"_blank\" rel=\"noopener\" title=\"\">https:\/\/www.facebook.com\/secourspopDS\/<\/a><\/p>\n<\/div><\/div>\n\n\n\n<div class=\"wp-block-media-text alignwide is-stacked-on-mobile\" style=\"grid-template-columns:45% auto\"><figure class=\"wp-block-media-text__media\"><img loading=\"lazy\" decoding=\"async\" width=\"834\" height=\"826\" src=\"https:\/\/osapam.fr\/wp-content\/uploads\/2023\/08\/logo-capoeira-sementes-79.jpg\" alt=\"\" class=\"wp-image-2987 size-full\" srcset=\"https:\/\/osapam.fr\/wp-content\/uploads\/2023\/08\/logo-capoeira-sementes-79.jpg 834w, https:\/\/osapam.fr\/wp-content\/uploads\/2023\/08\/logo-capoeira-sementes-79-300x297.jpg 300w, https:\/\/osapam.fr\/wp-content\/uploads\/2023\/08\/logo-capoeira-sementes-79-150x150.jpg 150w, https:\/\/osapam.fr\/wp-content\/uploads\/2023\/08\/logo-capoeira-sementes-79-768x761.jpg 768w\" sizes=\"(max-width: 834px) 100vw, 834px\" \/><\/figure><div class=\"wp-block-media-text__content\">\n<p class=\"has-medium-font-size wp-block-paragraph\"><strong>Sementes Da Capoiera<\/strong><\/p>\n\n\n\n<p class=\"wp-block-paragraph\">Association ayant pour but de divulguer la culture afro-br\u00e9silienne (danse, lutte, musique, histoire, tradition)<\/p>\n\n\n\n<p class=\"wp-block-paragraph\">contact: 06.44.85.50.29<\/p>\n\n\n\n<p class=\"wp-block-paragraph\">courriel: sementesdacapoeira79@gmail.com<\/p>\n\n\n\n<p class=\"wp-block-paragraph\">facebook: <a href=\"https:\/\/www.facebook.com\/sementesdacapoeira79\/\" target=\"_blank\" rel=\"noopener\" title=\"\">https:\/\/www.facebook.com\/sementesdacapoeira79\/<\/a><\/p>\n\n\n\n<p class=\"wp-block-paragraph\">instagram: <a href=\"https:\/\/www.instagram.com\/sementesdacapoeira79\/\" target=\"_blank\" rel=\"noopener\" title=\"\">https:\/\/www.instagram.com\/sementesdacapoeira79\/<\/a><\/p>\n<\/div><\/div>\n\n\n\n<div class=\"wp-block-media-text alignwide is-stacked-on-mobile\" style=\"grid-template-columns:45% auto\"><figure class=\"wp-block-media-text__media\"><img loading=\"lazy\" decoding=\"async\" width=\"834\" height=\"826\" src=\"https:\/\/osapam.fr\/wp-content\/uploads\/2023\/08\/logo-societe-archeo-speleo-melle.jpg\" alt=\"\" class=\"wp-image-3085 size-full\" srcset=\"https:\/\/osapam.fr\/wp-content\/uploads\/2023\/08\/logo-societe-archeo-speleo-melle.jpg 834w, https:\/\/osapam.fr\/wp-content\/uploads\/2023\/08\/logo-societe-archeo-speleo-melle-300x297.jpg 300w, https:\/\/osapam.fr\/wp-content\/uploads\/2023\/08\/logo-societe-archeo-speleo-melle-150x150.jpg 150w, https:\/\/osapam.fr\/wp-content\/uploads\/2023\/08\/logo-societe-archeo-speleo-melle-768x761.jpg 768w\" sizes=\"(max-width: 834px) 100vw, 834px\" \/><\/figure><div class=\"wp-block-media-text__content\">\n<p class=\"has-medium-font-size wp-block-paragraph\"><strong>Soci\u00e9t\u00e9 arch\u00e9ologique et sp\u00e9ologique du Mellois<\/strong><\/p>\n\n\n\n<p class=\"wp-block-paragraph\">Association travaillant sur l&#8217;histoire et le patrimoine du Mellois<\/p>\n\n\n\n<p class=\"wp-block-paragraph\">site: <a href=\"https:\/\/www.cds79-speleo.fr\/sasm-melle\/\" target=\"_blank\" rel=\"noopener\" title=\"\">https:\/\/www.cds79-speleo.fr\/sasm-melle\/ <\/a><\/p>\n<\/div><\/div>\n\n\n\n<div class=\"wp-block-media-text alignwide is-stacked-on-mobile\" style=\"grid-template-columns:45% auto\"><figure class=\"wp-block-media-text__media\"><img loading=\"lazy\" decoding=\"async\" width=\"834\" height=\"826\" src=\"https:\/\/osapam.fr\/wp-content\/uploads\/2023\/08\/soignethique-vers2.jpg\" alt=\"\" class=\"wp-image-2885 size-full\" srcset=\"https:\/\/osapam.fr\/wp-content\/uploads\/2023\/08\/soignethique-vers2.jpg 834w, https:\/\/osapam.fr\/wp-content\/uploads\/2023\/08\/soignethique-vers2-300x297.jpg 300w, https:\/\/osapam.fr\/wp-content\/uploads\/2023\/08\/soignethique-vers2-150x150.jpg 150w, https:\/\/osapam.fr\/wp-content\/uploads\/2023\/08\/soignethique-vers2-768x761.jpg 768w\" sizes=\"(max-width: 834px) 100vw, 834px\" \/><\/figure><div class=\"wp-block-media-text__content\">\n<p class=\"has-medium-font-size wp-block-paragraph\"><strong>Soign\u00e9thique Melle<\/strong><\/p>\n\n\n\n<p class=\"wp-block-paragraph\">Association r\u00e9serv\u00e9e aux professionnels de sant\u00e9 en activit\u00e9. <\/p>\n\n\n\n<p class=\"wp-block-paragraph\">courriel: soignethiquemelle@proton.me<\/p>\n<\/div><\/div>\n\n\n\n<div class=\"wp-block-media-text alignwide is-stacked-on-mobile\" style=\"grid-template-columns:45% auto\"><figure class=\"wp-block-media-text__media\"><img loading=\"lazy\" decoding=\"async\" width=\"834\" height=\"826\" src=\"https:\/\/osapam.fr\/wp-content\/uploads\/2025\/01\/sans-logo-4.jpg\" alt=\"\" class=\"wp-image-4793 size-full\" srcset=\"https:\/\/osapam.fr\/wp-content\/uploads\/2025\/01\/sans-logo-4.jpg 834w, https:\/\/osapam.fr\/wp-content\/uploads\/2025\/01\/sans-logo-4-300x297.jpg 300w, https:\/\/osapam.fr\/wp-content\/uploads\/2025\/01\/sans-logo-4-150x150.jpg 150w, https:\/\/osapam.fr\/wp-content\/uploads\/2025\/01\/sans-logo-4-768x761.jpg 768w\" sizes=\"(max-width: 834px) 100vw, 834px\" \/><\/figure><div class=\"wp-block-media-text__content\">\n<p class=\"has-medium-font-size wp-block-paragraph\"><strong>Sos chat Mellois<\/strong><\/p>\n\n\n\n<p class=\"wp-block-paragraph\">Association de protection animale qui a pour objectifs de prendre en charge des chats de la rue du Pays Mellois.<\/p>\n\n\n\n<p class=\"wp-block-paragraph\">contact: 06.69.04.98.44<\/p>\n\n\n\n<p class=\"wp-block-paragraph\">courriel: soschatmellois@gmail.com<\/p>\n\n\n\n<p class=\"wp-block-paragraph\">site: <a href=\"https:\/\/soschatmellois.fr\/\" target=\"_blank\" rel=\"noopener\" title=\"\">https:\/\/soschatmellois.fr\/<\/a><\/p>\n\n\n\n<p class=\"wp-block-paragraph\">facebook: <a href=\"https:\/\/www.facebook.com\/p\/SOS-Chat-Mellois-61561159061613\/\" target=\"_blank\" rel=\"noopener\" title=\"\">https:\/\/www.facebook.com\/p\/SOS-Chat-Mellois-61561159061613\/<\/a><\/p>\n\n\n\n<p class=\"wp-block-paragraph\">instagram: <a href=\"https:\/\/www.instagram.com\/sos_chat_mellois\/\" target=\"_blank\" rel=\"noopener\" title=\"\">https:\/\/www.instagram.com\/sos_chat_mellois\/<\/a><\/p>\n<\/div><\/div>\n\n\n\n<div class=\"wp-block-media-text alignwide is-stacked-on-mobile\" style=\"grid-template-columns:45% auto\"><figure class=\"wp-block-media-text__media\"><img loading=\"lazy\" decoding=\"async\" width=\"834\" height=\"826\" src=\"https:\/\/osapam.fr\/wp-content\/uploads\/2022\/08\/spiridon-logo.jpg\" alt=\"\" class=\"wp-image-2390 size-full\" srcset=\"https:\/\/osapam.fr\/wp-content\/uploads\/2022\/08\/spiridon-logo.jpg 834w, https:\/\/osapam.fr\/wp-content\/uploads\/2022\/08\/spiridon-logo-300x297.jpg 300w, https:\/\/osapam.fr\/wp-content\/uploads\/2022\/08\/spiridon-logo-150x150.jpg 150w, https:\/\/osapam.fr\/wp-content\/uploads\/2022\/08\/spiridon-logo-768x761.jpg 768w\" sizes=\"(max-width: 834px) 100vw, 834px\" \/><\/figure><div class=\"wp-block-media-text__content\">\n<p class=\"has-medium-font-size wp-block-paragraph\"><strong>Spiridon Mellois<\/strong><\/p>\n\n\n\n<p class=\"wp-block-paragraph\">Association sportive ayant pour but le d\u00e9veloppement de la course \u00e0 pied.<\/p>\n\n\n\n<p class=\"wp-block-paragraph\">contact: 06.30.92.96.30<\/p>\n\n\n\n<p class=\"wp-block-paragraph\">courriel: <a href=\"mailto:spiridonmellois@orange.fr\">spiridonmellois@orange.fr<\/a><\/p>\n\n\n\n<p class=\"wp-block-paragraph\">site: <a href=\"https:\/\/spiridonmellois.wixsite.com\/spiridonmellois\" target=\"_blank\" rel=\"noreferrer noopener\">https:\/\/spiridonmellois.wixsite.com\/spiridonmellois<\/a><\/p>\n\n\n\n<p class=\"wp-block-paragraph\">facebook: <a href=\"https:\/\/www.facebook.com\/spiridon.mellois\" target=\"_blank\" rel=\"noopener\" title=\"\">https:\/\/www.facebook.com\/spiridon.mellois<\/a><\/p>\n<\/div><\/div>\n\n\n\n<div class=\"wp-block-media-text alignwide is-stacked-on-mobile\" style=\"grid-template-columns:45% auto\"><figure class=\"wp-block-media-text__media\"><img loading=\"lazy\" decoding=\"async\" width=\"834\" height=\"826\" src=\"https:\/\/osapam.fr\/wp-content\/uploads\/2022\/08\/tchoukball.jpg\" alt=\"\" class=\"wp-image-2365 size-full\" srcset=\"https:\/\/osapam.fr\/wp-content\/uploads\/2022\/08\/tchoukball.jpg 834w, https:\/\/osapam.fr\/wp-content\/uploads\/2022\/08\/tchoukball-300x297.jpg 300w, https:\/\/osapam.fr\/wp-content\/uploads\/2022\/08\/tchoukball-150x150.jpg 150w, https:\/\/osapam.fr\/wp-content\/uploads\/2022\/08\/tchoukball-768x761.jpg 768w\" sizes=\"(max-width: 834px) 100vw, 834px\" \/><\/figure><div class=\"wp-block-media-text__content\">\n<p class=\"has-medium-font-size wp-block-paragraph\"><strong>Tchoukball Club du Mellois<\/strong><\/p>\n\n\n\n<p class=\"wp-block-paragraph\">Club de Tchoukball du Pays Mellois.<\/p>\n\n\n\n<p class=\"wp-block-paragraph\">contact: 06.73.92.93.50<\/p>\n\n\n\n<p class=\"wp-block-paragraph\">courriel: <a href=\"mailto:tchoukball.mellois@hotmail.com\" target=\"_blank\" rel=\"noreferrer noopener\">tchoukball.mellois@hotmail.com<\/a><\/p>\n\n\n\n<p class=\"wp-block-paragraph\">site: <a href=\"https:\/\/fr-fr.facebook.com\/tchoukballdeMelle\/\" target=\"_blank\" rel=\"noreferrer noopener\">https:\/\/fr-fr.facebook.com\/tchoukballdeMelle\/<\/a><\/p>\n\n\n\n<p class=\"wp-block-paragraph\">facebook: <a href=\"https:\/\/www.facebook.com\/search\/top\/?q=tchoukball%20club%20du%20mellois\" target=\"_blank\" rel=\"noopener\" title=\"\">https:\/\/www.facebook.com\/search\/top\/?q=tchoukball%20club%20du%20mellois<\/a><\/p>\n\n\n\n<p class=\"wp-block-paragraph\">instagram: <a href=\"https:\/\/www.instagram.com\/tchoukball_mellois\/\" target=\"_blank\" rel=\"noopener\" title=\"\">https:\/\/www.instagram.com\/tchoukball_mellois\/<\/a><\/p>\n<\/div><\/div>\n\n\n\n<div class=\"wp-block-media-text alignwide is-stacked-on-mobile\" style=\"grid-template-columns:45% auto\"><figure class=\"wp-block-media-text__media\"><img loading=\"lazy\" decoding=\"async\" width=\"834\" height=\"826\" src=\"https:\/\/osapam.fr\/wp-content\/uploads\/2024\/09\/sans-logo.jpg\" alt=\"\" class=\"wp-image-4635 size-full\" srcset=\"https:\/\/osapam.fr\/wp-content\/uploads\/2024\/09\/sans-logo.jpg 834w, https:\/\/osapam.fr\/wp-content\/uploads\/2024\/09\/sans-logo-300x297.jpg 300w, https:\/\/osapam.fr\/wp-content\/uploads\/2024\/09\/sans-logo-150x150.jpg 150w, https:\/\/osapam.fr\/wp-content\/uploads\/2024\/09\/sans-logo-768x761.jpg 768w\" sizes=\"(max-width: 834px) 100vw, 834px\" \/><\/figure><div class=\"wp-block-media-text__content\">\n<p class=\"has-medium-font-size wp-block-paragraph\"><strong>Team Evasion Nature<\/strong><\/p>\n\n\n\n<p class=\"wp-block-paragraph\">Ecole de VTT de 7 \u00e0 16 ans encadr\u00e9, adultes, comp\u00e9tition, vtt, route, cyclocross.<\/p>\n\n\n\n<p class=\"wp-block-paragraph\">facebook: <a href=\"https:\/\/www.facebook.com\/groups\/439019429522659\" target=\"_blank\" rel=\"noopener\" title=\"\">https:\/\/www.facebook.com\/groups\/439019429522659<\/a><\/p>\n<\/div><\/div>\n\n\n\n<div class=\"wp-block-media-text alignwide is-stacked-on-mobile\" style=\"grid-template-columns:45% auto\"><figure class=\"wp-block-media-text__media\"><img loading=\"lazy\" decoding=\"async\" width=\"255\" height=\"258\" src=\"https:\/\/osapam.fr\/wp-content\/uploads\/2024\/09\/tennis-club-de-melle.jpg\" alt=\"\" class=\"wp-image-4688 size-full\"\/><\/figure><div class=\"wp-block-media-text__content\">\n<p class=\"has-medium-font-size wp-block-paragraph\"><strong>Tennis Club de Melle<\/strong><\/p>\n\n\n\n<p class=\"wp-block-paragraph\">Association pour la pratique du tennis et du padel.<\/p>\n\n\n\n<p class=\"wp-block-paragraph\">courriel: <a href=\"mailto:tennisclubdemelle@bbox.fr\">t<\/a>cmelle@outlook.fr<\/p>\n\n\n\n<p class=\"wp-block-paragraph\">site: <a href=\"https:\/\/sites.google.com\/site\/tennisclubdemelle\" target=\"_blank\" rel=\"noreferrer noopener\">https:\/\/www.tennisclubdemelle.com\/<\/a><\/p>\n\n\n\n<p class=\"wp-block-paragraph\">facebook: <a href=\"https:\/\/www.facebook.com\/profile.php?id=100086199800287\" target=\"_blank\" rel=\"noopener\" title=\"\">https:\/\/www.facebook.com\/profile.php?id=100086199800287<\/a><\/p>\n\n\n\n<p class=\"wp-block-paragraph\">instagram: <a href=\"https:\/\/www.instagram.com\/tcmelle\/\" target=\"_blank\" rel=\"noopener\" title=\"\">https:\/\/www.instagram.com\/tcmelle\/<\/a><\/p>\n<\/div><\/div>\n\n\n\n<div class=\"wp-block-media-text alignwide is-stacked-on-mobile\" style=\"grid-template-columns:45% auto\"><figure class=\"wp-block-media-text__media\"><img loading=\"lazy\" decoding=\"async\" width=\"834\" height=\"826\" src=\"https:\/\/osapam.fr\/wp-content\/uploads\/2025\/01\/sans-logo-5.jpg\" alt=\"\" class=\"wp-image-4794 size-full\" srcset=\"https:\/\/osapam.fr\/wp-content\/uploads\/2025\/01\/sans-logo-5.jpg 834w, https:\/\/osapam.fr\/wp-content\/uploads\/2025\/01\/sans-logo-5-300x297.jpg 300w, https:\/\/osapam.fr\/wp-content\/uploads\/2025\/01\/sans-logo-5-150x150.jpg 150w, https:\/\/osapam.fr\/wp-content\/uploads\/2025\/01\/sans-logo-5-768x761.jpg 768w\" sizes=\"(max-width: 834px) 100vw, 834px\" \/><\/figure><div class=\"wp-block-media-text__content\">\n<p class=\"has-medium-font-size wp-block-paragraph\">Toits etc<\/p>\n\n\n\n<p class=\"wp-block-paragraph\">Association habitat jeunes, solutions logements 16 \u00e0 30 ans<\/p>\n\n\n\n<p class=\"wp-block-paragraph\">contact: 05.86.79.93.00<\/p>\n\n\n\n<p class=\"wp-block-paragraph\">courriel: contact@toitsetc.fr<\/p>\n\n\n\n<p class=\"wp-block-paragraph\">site: <a href=\"https:\/\/toitsetc.fr\/\" target=\"_blank\" rel=\"noopener\" title=\"\">https:\/\/toitsetc.fr\/<\/a><\/p>\n\n\n\n<p class=\"wp-block-paragraph\">facebook: <a href=\"https:\/\/fr-fr.facebook.com\/TroupeRollerMelloise\" target=\"_blank\" rel=\"noreferrer noopener\">https:\/\/fr-fr.facebook.com\/TroupeRollerMelloise<\/a><\/p>\n\n\n\n<p class=\"wp-block-paragraph\">instagram: <a href=\"https:\/\/www.instagram.com\/toitsetc\/\" target=\"_blank\" rel=\"noopener\" title=\"\">https:\/\/www.instagram.com\/toitsetc\/<\/a><\/p>\n<\/div><\/div>\n\n\n\n<div class=\"wp-block-media-text alignwide is-stacked-on-mobile\" style=\"grid-template-columns:45% auto\"><figure class=\"wp-block-media-text__media\"><img loading=\"lazy\" decoding=\"async\" width=\"834\" height=\"826\" src=\"https:\/\/osapam.fr\/wp-content\/uploads\/2022\/08\/troll-mellois.jpg\" alt=\"\" class=\"wp-image-2369 size-full\" srcset=\"https:\/\/osapam.fr\/wp-content\/uploads\/2022\/08\/troll-mellois.jpg 834w, https:\/\/osapam.fr\/wp-content\/uploads\/2022\/08\/troll-mellois-300x297.jpg 300w, https:\/\/osapam.fr\/wp-content\/uploads\/2022\/08\/troll-mellois-150x150.jpg 150w, https:\/\/osapam.fr\/wp-content\/uploads\/2022\/08\/troll-mellois-768x761.jpg 768w\" sizes=\"(max-width: 834px) 100vw, 834px\" \/><\/figure><div class=\"wp-block-media-text__content\">\n<p class=\"has-medium-font-size wp-block-paragraph\"><strong>Troupe Roller Melloise<\/strong><\/p>\n\n\n\n<p class=\"wp-block-paragraph\">Association sportive ayant \u00e0 coeur de pouvoir r\u00e9unir et offrir la possibilit\u00e9 au plus grand nombre de pratiquer un sport, un loisir. D\u00e9couverte du roller, ses sensations et toutes les possibilit\u00e9s et potentialit\u00e9s que cette pratique a, \u00e0 offrir, \u00e0 tout \u00e2ge.<\/p>\n\n\n\n<p class=\"wp-block-paragraph\">courriel: trollmelloise@gmail.com <\/p>\n\n\n\n<p class=\"wp-block-paragraph\">facebook: <a href=\"https:\/\/fr-fr.facebook.com\/TroupeRollerMelloise\" target=\"_blank\" rel=\"noreferrer noopener\">https:\/\/fr-fr.facebook.com\/TroupeRollerMelloise<\/a><\/p>\n\n\n\n<p class=\"wp-block-paragraph\">instagram: <a href=\"https:\/\/www.instagram.com\/trouperollermelloise\/\" target=\"_blank\" rel=\"noopener\" title=\"\">https:\/\/www.instagram.com\/trouperollermelloise\/<\/a><\/p>\n<\/div><\/div>\n\n\n\n<div class=\"wp-block-media-text alignwide is-stacked-on-mobile\" style=\"grid-template-columns:45% auto\"><figure class=\"wp-block-media-text__media\"><img loading=\"lazy\" decoding=\"async\" width=\"225\" height=\"225\" src=\"https:\/\/osapam.fr\/wp-content\/uploads\/2022\/08\/udaf-79.png\" alt=\"\" class=\"wp-image-2355 size-full\" srcset=\"https:\/\/osapam.fr\/wp-content\/uploads\/2022\/08\/udaf-79.png 225w, https:\/\/osapam.fr\/wp-content\/uploads\/2022\/08\/udaf-79-150x150.png 150w\" sizes=\"(max-width: 225px) 100vw, 225px\" \/><\/figure><div class=\"wp-block-media-text__content\">\n<p class=\"has-medium-font-size wp-block-paragraph\"><strong>UDAF 79<\/strong><\/p>\n\n\n\n<p class=\"wp-block-paragraph\">Union d\u00e9partementale des Associations Familiales.<\/p>\n\n\n\n<p class=\"wp-block-paragraph\">contact: 05.49.04.76.76<\/p>\n\n\n\n<p class=\"wp-block-paragraph\">courriel: udaf@udaf79.asso.fr<\/p>\n\n\n\n<p class=\"wp-block-paragraph\">site: <a href=\"http:\/\/www.udaf79.fr\/\">http:\/\/www.udaf79.fr\/<\/a><\/p>\n\n\n\n<p class=\"wp-block-paragraph\">facebook: <a href=\"https:\/\/www.facebook.com\/udaf.deuxsevres.3\" target=\"_blank\" rel=\"noopener\" title=\"\">https:\/\/www.facebook.com\/udaf.deuxsevres.3<\/a><\/p>\n<\/div><\/div>\n\n\n\n<div class=\"wp-block-media-text alignwide is-stacked-on-mobile\" style=\"grid-template-columns:45% auto\"><figure class=\"wp-block-media-text__media\"><img loading=\"lazy\" decoding=\"async\" width=\"834\" height=\"826\" src=\"https:\/\/osapam.fr\/wp-content\/uploads\/2025\/09\/UNAFAM.jpg\" alt=\"\" class=\"wp-image-5059 size-full\" srcset=\"https:\/\/osapam.fr\/wp-content\/uploads\/2025\/09\/UNAFAM.jpg 834w, https:\/\/osapam.fr\/wp-content\/uploads\/2025\/09\/UNAFAM-300x297.jpg 300w, https:\/\/osapam.fr\/wp-content\/uploads\/2025\/09\/UNAFAM-150x150.jpg 150w, https:\/\/osapam.fr\/wp-content\/uploads\/2025\/09\/UNAFAM-768x761.jpg 768w\" sizes=\"(max-width: 834px) 100vw, 834px\" \/><\/figure><div class=\"wp-block-media-text__content\">\n<p class=\"has-medium-font-size wp-block-paragraph\"><strong>UNAFAM<\/strong><\/p>\n\n\n\n<p class=\"wp-block-paragraph\">Association de familles pour le soutien d&#8217;autre familles impact\u00e9es par un proche en difficult\u00e9 psychique<\/p>\n\n\n\n<p class=\"wp-block-paragraph\">contact: 05.49.78.27.35<\/p>\n\n\n\n<p class=\"wp-block-paragraph\">courriel: deux-sevres@unafam.org<\/p>\n\n\n\n<p class=\"wp-block-paragraph\">site: <a href=\"https:\/\/www.unafam.org\/deux-sevres\/gem-de-melle\" target=\"_blank\" rel=\"noopener\" title=\"\">https:\/\/www.unafam.org\/deux-sevres\/gem-de-melle<\/a><\/p>\n\n\n\n<p class=\"wp-block-paragraph\">facebook: <a href=\"https:\/\/www.facebook.com\/p\/Unafam-D%C3%A9l%C3%A9gations-de-Nouvelle-Aquitaine-100077757985251\/\" target=\"_blank\" rel=\"noopener\" title=\"\">https:\/\/www.facebook.com\/p\/Unafam-D%C3%A9l%C3%A9gations-de-Nouvelle-Aquitaine-100077757985251\/<\/a><\/p>\n<\/div><\/div>\n<\/div>\n<\/div>\n","protected":false},"excerpt":{"rendered":"<p>Pr\u00e9sentation et contacts des Associations Forum 2026 Listes des associations par cat\u00e9gories: ADMR Celles-Melle Association d&#8217;aide au maintien \u00e0 domicile pour tous et pour toute&hellip;<\/p>\n","protected":false},"author":1,"featured_media":0,"parent":0,"menu_order":0,"comment_status":"closed","ping_status":"closed","template":"","meta":{"_uag_custom_page_level_css":"","_monsterinsights_skip_tracking":false,"_monsterinsights_sitenote_active":false,"_monsterinsights_sitenote_note":"","_monsterinsights_sitenote_category":0,"_uf_show_specific_survey":0,"_uf_disable_surveys":false,"footnotes":"","_members_access_role":[],"_members_access_error":""},"class_list":["post-2088","page","type-page","status-publish","hentry"],"aioseo_notices":[],"aioseo_head":"\n\t\t<!-- All in One SEO 4.9.10 - aioseo.com -->\n\t<meta name=\"description\" content=\"pr\u00e9sentation et contacts des associations participant au Forum des associations du 2 septembre 2023 \u00e0 Melle (Deux-S\u00e8vres)\" \/>\n\t<meta name=\"robots\" content=\"max-image-preview:large\" \/>\n\t<link rel=\"canonical\" href=\"https:\/\/osapam.fr\/nl\/associations-participantes-forum-2024\/\" \/>\n\t<meta name=\"generator\" content=\"All in One SEO (AIOSEO) 4.9.10\" \/>\n\t\t<meta property=\"og:locale\" content=\"nl_NL\" \/>\n\t\t<meta property=\"og:type\" content=\"article\" \/>\n\t\t<meta property=\"og:title\" content=\"Pr\u00e9sentation des Associations participantes au Forum 2026 -\" \/>\n\t\t<meta property=\"og:description\" content=\"pr\u00e9sentation et contacts des associations participant au Forum des associations du 2 septembre 2023 \u00e0 Melle (Deux-S\u00e8vres)\" \/>\n\t\t<meta property=\"og:url\" content=\"https:\/\/osapam.fr\/nl\/associations-participantes-forum-2024\/\" \/>\n\t\t<meta property=\"og:image\" content=\"https:\/\/osapam.fr\/wp-content\/uploads\/2026\/09\/admr.jpg\" \/>\n\t\t<meta property=\"og:image:secure_url\" content=\"https:\/\/osapam.fr\/wp-content\/uploads\/2026\/09\/admr.jpg\" \/>\n\t\t<meta property=\"og:image:width\" content=\"834\" \/>\n\t\t<meta property=\"og:image:height\" content=\"826\" \/>\n\t\t<meta property=\"article:published_time\" content=\"2023-08-13T15:53:00+00:00\" \/>\n\t\t<meta property=\"article:modified_time\" content=\"2026-09-03T07:57:33+00:00\" \/>\n\t\t<meta property=\"article:publisher\" content=\"https:\/\/www.facebook.com\/OSAPAMELLE\/\" \/>\n\t\t<meta name=\"twitter:card\" content=\"summary_large_image\" \/>\n\t\t<meta name=\"twitter:title\" content=\"Pr\u00e9sentation des Associations participantes au Forum 2026 -\" \/>\n\t\t<meta name=\"twitter:description\" content=\"pr\u00e9sentation et contacts des associations participant au Forum des associations du 2 septembre 2023 \u00e0 Melle (Deux-S\u00e8vres)\" \/>\n\t\t<meta name=\"twitter:image\" content=\"https:\/\/osapam.fr\/wp-content\/uploads\/2026\/09\/admr.jpg\" \/>\n\t\t<meta name=\"twitter:label1\" content=\"Geschreven door\" \/>\n\t\t<meta name=\"twitter:data1\" content=\"Administrateur\" \/>\n\t\t<meta name=\"twitter:label2\" content=\"Geschatte leestijd\" \/>\n\t\t<meta name=\"twitter:data2\" content=\"15 minuten\" \/>\n\t\t<script type=\"application\/ld+json\" class=\"aioseo-schema\">\n\t\t\t{\"@context\":\"https:\\\/\\\/schema.org\",\"@graph\":[{\"@type\":\"BreadcrumbList\",\"@id\":\"https:\\\/\\\/osapam.fr\\\/nl\\\/associations-participantes-forum-2024\\\/#breadcrumblist\",\"itemListElement\":[{\"@type\":\"ListItem\",\"@id\":\"https:\\\/\\\/osapam.fr\\\/nl#listItem\",\"position\":1,\"name\":\"Accueil\",\"item\":\"https:\\\/\\\/osapam.fr\\\/nl\",\"nextItem\":{\"@type\":\"ListItem\",\"@id\":\"https:\\\/\\\/osapam.fr\\\/nl\\\/associations-participantes-forum-2024\\\/#listItem\",\"name\":\"Pr\\u00e9sentation des Associations participantes au Forum 2026\"}},{\"@type\":\"ListItem\",\"@id\":\"https:\\\/\\\/osapam.fr\\\/nl\\\/associations-participantes-forum-2024\\\/#listItem\",\"position\":2,\"name\":\"Pr\\u00e9sentation des Associations participantes au Forum 2026\",\"previousItem\":{\"@type\":\"ListItem\",\"@id\":\"https:\\\/\\\/osapam.fr\\\/nl#listItem\",\"name\":\"Accueil\"}}]},{\"@type\":\"Organization\",\"@id\":\"https:\\\/\\\/osapam.fr\\\/nl\\\/#organization\",\"name\":\"OSAPAM\",\"description\":\"Une association au service de votre association\",\"url\":\"https:\\\/\\\/osapam.fr\\\/nl\\\/\",\"logo\":{\"@type\":\"ImageObject\",\"url\":\"https:\\\/\\\/osapam.fr\\\/wp-content\\\/uploads\\\/2017\\\/03\\\/cropped-logo_osapam.jpg\",\"@id\":\"https:\\\/\\\/osapam.fr\\\/nl\\\/associations-participantes-forum-2024\\\/#organizationLogo\"},\"image\":{\"@id\":\"https:\\\/\\\/osapam.fr\\\/nl\\\/associations-participantes-forum-2024\\\/#organizationLogo\"},\"sameAs\":[\"https:\\\/\\\/www.facebook.com\\\/OSAPAMELLE\\\/\"]},{\"@type\":\"WebPage\",\"@id\":\"https:\\\/\\\/osapam.fr\\\/nl\\\/associations-participantes-forum-2024\\\/#webpage\",\"url\":\"https:\\\/\\\/osapam.fr\\\/nl\\\/associations-participantes-forum-2024\\\/\",\"name\":\"Pr\\u00e9sentation des Associations participantes au Forum 2026 -\",\"description\":\"pr\\u00e9sentation et contacts des associations participant au Forum des associations du 2 septembre 2023 \\u00e0 Melle (Deux-S\\u00e8vres)\",\"inLanguage\":\"nl-NL\",\"isPartOf\":{\"@id\":\"https:\\\/\\\/osapam.fr\\\/nl\\\/#website\"},\"breadcrumb\":{\"@id\":\"https:\\\/\\\/osapam.fr\\\/nl\\\/associations-participantes-forum-2024\\\/#breadcrumblist\"},\"datePublished\":\"2023-08-13T17:53:00+02:00\",\"dateModified\":\"2026-09-03T09:57:33+02:00\"},{\"@type\":\"WebSite\",\"@id\":\"https:\\\/\\\/osapam.fr\\\/nl\\\/#website\",\"url\":\"https:\\\/\\\/osapam.fr\\\/nl\\\/\",\"description\":\"Une association au service de votre association\",\"inLanguage\":\"nl-NL\",\"publisher\":{\"@id\":\"https:\\\/\\\/osapam.fr\\\/nl\\\/#organization\"}}]}\n\t\t<\/script>\n\t\t<!-- All in One SEO -->\n\n","aioseo_head_json":{"title":"Pr\u00e9sentation des Associations participantes au Forum 2026 -","description":"pr\u00e9sentation et contacts des associations participant au Forum des associations du 2 septembre 2023 \u00e0 Melle (Deux-S\u00e8vres)","canonical_url":"https:\/\/osapam.fr\/nl\/associations-participantes-forum-2024\/","robots":"max-image-preview:large","keywords":"","webmasterTools":{"miscellaneous":""},"schema":{"@context":"https:\/\/schema.org","@graph":[{"@type":"BreadcrumbList","@id":"https:\/\/osapam.fr\/nl\/associations-participantes-forum-2024\/#breadcrumblist","itemListElement":[{"@type":"ListItem","@id":"https:\/\/osapam.fr\/nl#listItem","position":1,"name":"Accueil","item":"https:\/\/osapam.fr\/nl","nextItem":{"@type":"ListItem","@id":"https:\/\/osapam.fr\/nl\/associations-participantes-forum-2024\/#listItem","name":"Pr\u00e9sentation des Associations participantes au Forum 2026"}},{"@type":"ListItem","@id":"https:\/\/osapam.fr\/nl\/associations-participantes-forum-2024\/#listItem","position":2,"name":"Pr\u00e9sentation des Associations participantes au Forum 2026","previousItem":{"@type":"ListItem","@id":"https:\/\/osapam.fr\/nl#listItem","name":"Accueil"}}]},{"@type":"Organization","@id":"https:\/\/osapam.fr\/nl\/#organization","name":"OSAPAM","description":"Une association au service de votre association","url":"https:\/\/osapam.fr\/nl\/","logo":{"@type":"ImageObject","url":"https:\/\/osapam.fr\/wp-content\/uploads\/2017\/03\/cropped-logo_osapam.jpg","@id":"https:\/\/osapam.fr\/nl\/associations-participantes-forum-2024\/#organizationLogo"},"image":{"@id":"https:\/\/osapam.fr\/nl\/associations-participantes-forum-2024\/#organizationLogo"},"sameAs":["https:\/\/www.facebook.com\/OSAPAMELLE\/"]},{"@type":"WebPage","@id":"https:\/\/osapam.fr\/nl\/associations-participantes-forum-2024\/#webpage","url":"https:\/\/osapam.fr\/nl\/associations-participantes-forum-2024\/","name":"Pr\u00e9sentation des Associations participantes au Forum 2026 -","description":"pr\u00e9sentation et contacts des associations participant au Forum des associations du 2 septembre 2023 \u00e0 Melle (Deux-S\u00e8vres)","inLanguage":"nl-NL","isPartOf":{"@id":"https:\/\/osapam.fr\/nl\/#website"},"breadcrumb":{"@id":"https:\/\/osapam.fr\/nl\/associations-participantes-forum-2024\/#breadcrumblist"},"datePublished":"2023-08-13T17:53:00+02:00","dateModified":"2026-09-03T09:57:33+02:00"},{"@type":"WebSite","@id":"https:\/\/osapam.fr\/nl\/#website","url":"https:\/\/osapam.fr\/nl\/","description":"Une association au service de votre association","inLanguage":"nl-NL","publisher":{"@id":"https:\/\/osapam.fr\/nl\/#organization"}}]},"og:locale":"nl_NL","og:type":"article","og:title":"Pr\u00e9sentation des Associations participantes au Forum 2026 -","og:description":"pr\u00e9sentation et contacts des associations participant au Forum des associations du 2 septembre 2023 \u00e0 Melle (Deux-S\u00e8vres)","og:url":"https:\/\/osapam.fr\/nl\/associations-participantes-forum-2024\/","og:image":"https:\/\/osapam.fr\/wp-content\/uploads\/2026\/09\/admr.jpg","og:image:secure_url":"https:\/\/osapam.fr\/wp-content\/uploads\/2026\/09\/admr.jpg","og:image:width":"834","og:image:height":"826","article:published_time":"2023-08-13T15:53:00+00:00","article:modified_time":"2026-09-03T07:57:33+00:00","article:publisher":"https:\/\/www.facebook.com\/OSAPAMELLE\/","twitter:card":"summary_large_image","twitter:title":"Pr\u00e9sentation des Associations participantes au Forum 2026 -","twitter:description":"pr\u00e9sentation et contacts des associations participant au Forum des associations du 2 septembre 2023 \u00e0 Melle (Deux-S\u00e8vres)","twitter:image":"https:\/\/osapam.fr\/wp-content\/uploads\/2026\/09\/admr.jpg","twitter:label1":"Geschreven door","twitter:data1":"Administrateur","twitter:label2":"Geschatte leestijd","twitter:data2":"15 minuten"},"aioseo_meta_data":{"post_id":"2088","title":null,"description":"pr\u00e9sentation et contacts des associations participant au Forum des associations du 2 septembre 2023 \u00e0 Melle (Deux-S\u00e8vres)","keywords":null,"keyphrases":{"focus":{"keyphrase":"","score":0,"analysis":{"keyphraseInTitle":{"score":0,"maxScore":9,"error":1}}},"additional":[]},"primary_term":null,"canonical_url":null,"og_title":null,"og_description":null,"og_object_type":"default","og_image_type":"content","og_image_url":"https:\/\/osapam.fr\/wp-content\/uploads\/2026\/09\/admr.jpg","og_image_width":"834","og_image_height":"826","og_image_custom_url":null,"og_image_custom_fields":null,"og_video":"","og_custom_url":null,"og_article_section":null,"og_article_tags":null,"twitter_use_og":true,"twitter_card":"default","twitter_image_type":"default","twitter_image_url":null,"twitter_image_custom_url":null,"twitter_image_custom_fields":null,"twitter_title":null,"twitter_description":null,"schema":{"blockGraphs":[],"customGraphs":[],"default":{"data":{"Article":[],"Course":[],"Dataset":[],"FAQPage":[],"Movie":[],"Person":[],"Product":[],"ProductReview":[],"Car":[],"Recipe":[],"Service":[],"SoftwareApplication":[],"WebPage":[]},"graphName":"WebPage","isEnabled":true},"graphs":[]},"schema_type":"default","schema_type_options":null,"pillar_content":false,"robots_default":true,"robots_noindex":false,"robots_noarchive":false,"robots_nosnippet":false,"robots_nofollow":false,"robots_noimageindex":false,"robots_noodp":false,"robots_notranslate":false,"robots_max_snippet":"-1","robots_max_videopreview":"-1","robots_max_imagepreview":"large","priority":null,"frequency":"default","local_seo":null,"limit_modified_date":false,"created":"2022-10-27 09:12:12","updated":"2026-09-03 08:57:20","ai":{"faqs":[],"keyPoints":[],"schemas":[],"titles":[],"descriptions":[],"socialPosts":{"email":{"subject":"","preview":"","content":""},"linkedin":[],"twitter":[],"facebook":[],"instagram":[]}},"breadcrumb_settings":null,"seo_analyzer_scan_date":null},"aioseo_breadcrumb":"<div class=\"aioseo-breadcrumbs\"><span class=\"aioseo-breadcrumb\">\n\t\t\t<a href=\"https:\/\/osapam.fr\/nl\" title=\"Accueil\">Accueil<\/a>\n\t\t<\/span><span class=\"aioseo-breadcrumb-separator\">&raquo;<\/span><span class=\"aioseo-breadcrumb\">\n\t\t\tPr\u00e9sentation des Associations participantes au Forum 2026\n\t\t<\/span><\/div>","aioseo_breadcrumb_json":[{"label":"Accueil","link":"https:\/\/osapam.fr\/nl"},{"label":"Pr\u00e9sentation des Associations participantes au Forum 2026","link":"https:\/\/osapam.fr\/nl\/associations-participantes-forum-2024\/"}],"uagb_featured_image_src":{"full":false,"thumbnail":false,"medium":false,"medium_large":false,"large":false,"1536x1536":false,"2048x2048":false},"uagb_author_info":{"display_name":"Administrateur","author_link":"https:\/\/osapam.fr\/nl\/author\/admin4376\/"},"uagb_comment_info":0,"uagb_excerpt":"Pr\u00e9sentation et contacts des Associations Forum 2026 Listes des associations par cat\u00e9gories: ADMR Celles-Melle Association d&#8217;aide au maintien \u00e0 domicile pour tous et pour toute&hellip;","_links":{"self":[{"href":"https:\/\/osapam.fr\/nl\/wp-json\/wp\/v2\/pages\/2088","targetHints":{"allow":["GET"]}}],"collection":[{"href":"https:\/\/osapam.fr\/nl\/wp-json\/wp\/v2\/pages"}],"about":[{"href":"https:\/\/osapam.fr\/nl\/wp-json\/wp\/v2\/types\/page"}],"author":[{"embeddable":true,"href":"https:\/\/osapam.fr\/nl\/wp-json\/wp\/v2\/users\/1"}],"replies":[{"embeddable":true,"href":"https:\/\/osapam.fr\/nl\/wp-json\/wp\/v2\/comments?post=2088"}],"version-history":[{"count":150,"href":"https:\/\/osapam.fr\/nl\/wp-json\/wp\/v2\/pages\/2088\/revisions"}],"predecessor-version":[{"id":5532,"href":"https:\/\/osapam.fr\/nl\/wp-json\/wp\/v2\/pages\/2088\/revisions\/5532"}],"wp:attachment":[{"href":"https:\/\/osapam.fr\/nl\/wp-json\/wp\/v2\/media?parent=2088"}],"curies":[{"name":"wp","href":"https:\/\/api.w.org\/{rel}","templated":true}]}}